{"id":10400,"date":"2025-06-04T22:30:33","date_gmt":"2025-06-04T20:30:33","guid":{"rendered":"https:\/\/salondata.fr\/?page_id=10400"},"modified":"2025-06-04T22:32:25","modified_gmt":"2025-06-04T20:32:25","slug":"interview-asi-2025-06","status":"publish","type":"page","link":"https:\/\/salondata.fr\/index.php\/interview-asi-2025-06\/","title":{"rendered":"interview-ASI-2025-06"},"content":{"rendered":"\t\t<div data-elementor-type=\"wp-post\" data-elementor-id=\"10400\" class=\"elementor elementor-10400\" data-elementor-post-type=\"page\">\n\t\t\t\t\t\t<section class=\"elementor-section elementor-top-section elementor-element elementor-element-6459373 elementor-section-boxed elementor-section-height-default elementor-section-height-default\" data-id=\"6459373\" data-element_type=\"section\">\n\t\t\t\t\t\t<div class=\"elementor-container elementor-column-gap-default\">\n\t\t\t\t\t<div class=\"elementor-column elementor-col-100 elementor-top-column elementor-element elementor-element-47c9387\" data-id=\"47c9387\" data-element_type=\"column\">\n\t\t\t<div class=\"elementor-widget-wrap elementor-element-populated\">\n\t\t\t\t\t\t<div class=\"elementor-element elementor-element-8e4fef5 elementor-widget elementor-widget-spacer\" data-id=\"8e4fef5\" data-element_type=\"widget\" data-widget_type=\"spacer.default\">\n\t\t\t\t<div class=\"elementor-widget-container\">\n\t\t\t\t\t\t\t<div class=\"elementor-spacer\">\n\t\t\t<div class=\"elementor-spacer-inner\"><\/div>\n\t\t<\/div>\n\t\t\t\t\t\t<\/div>\n\t\t\t\t<\/div>\n\t\t\t\t\t<\/div>\n\t\t<\/div>\n\t\t\t\t\t<\/div>\n\t\t<\/section>\n\t\t\t\t<section class=\"elementor-section elementor-top-section elementor-element elementor-element-8c5ad0d elementor-section-boxed elementor-section-height-default elementor-section-height-default\" data-id=\"8c5ad0d\" data-element_type=\"section\">\n\t\t\t\t\t\t<div class=\"elementor-container elementor-column-gap-default\">\n\t\t\t\t\t<div class=\"elementor-column elementor-col-50 elementor-top-column elementor-element elementor-element-c1f526e\" data-id=\"c1f526e\" data-element_type=\"column\">\n\t\t\t<div class=\"elementor-widget-wrap elementor-element-populated\">\n\t\t\t\t\t\t<div class=\"elementor-element elementor-element-7d441c0 elementor-widget elementor-widget-heading\" data-id=\"7d441c0\" data-element_type=\"widget\" data-widget_type=\"heading.default\">\n\t\t\t\t<div class=\"elementor-widget-container\">\n\t\t\t\t\t<h1 class=\"elementor-heading-title elementor-size-xl\">Interview de asi<\/h1>\t\t\t\t<\/div>\n\t\t\t\t<\/div>\n\t\t\t\t<div class=\"elementor-element elementor-element-4afceeb elementor-widget elementor-widget-heading\" data-id=\"4afceeb\" data-element_type=\"widget\" data-widget_type=\"heading.default\">\n\t\t\t\t<div class=\"elementor-widget-container\">\n\t\t\t\t\t<h1 class=\"elementor-heading-title elementor-size-xl\">sponsor du salon de la data et de l'ia 2025<\/h1>\t\t\t\t<\/div>\n\t\t\t\t<\/div>\n\t\t\t\t\t<\/div>\n\t\t<\/div>\n\t\t\t\t<div class=\"elementor-column elementor-col-50 elementor-top-column elementor-element elementor-element-20abc2d\" data-id=\"20abc2d\" data-element_type=\"column\">\n\t\t\t<div class=\"elementor-widget-wrap elementor-element-populated\">\n\t\t\t\t\t\t<div class=\"elementor-element elementor-element-8a5aa84 elementor-widget elementor-widget-image\" data-id=\"8a5aa84\" data-element_type=\"widget\" data-widget_type=\"image.default\">\n\t\t\t\t<div class=\"elementor-widget-container\">\n\t\t\t\t\t\t\t\t\t\t\t\t\t\t\t<img decoding=\"async\" width=\"150\" height=\"150\" src=\"https:\/\/salondata.fr\/wp-content\/uploads\/2021\/04\/ASI-fondrouge-rond-150x150.png\" class=\"attachment-thumbnail size-thumbnail wp-image-5071\" alt=\"Logo ASI\" srcset=\"https:\/\/salondata.fr\/wp-content\/uploads\/2021\/04\/ASI-fondrouge-rond-150x150.png 150w, https:\/\/salondata.fr\/wp-content\/uploads\/2021\/04\/ASI-fondrouge-rond-300x300.png 300w, https:\/\/salondata.fr\/wp-content\/uploads\/2021\/04\/ASI-fondrouge-rond.png 400w\" sizes=\"(max-width: 150px) 100vw, 150px\" \/>\t\t\t\t\t\t\t\t\t\t\t\t\t\t\t<\/div>\n\t\t\t\t<\/div>\n\t\t\t\t\t<\/div>\n\t\t<\/div>\n\t\t\t\t\t<\/div>\n\t\t<\/section>\n\t\t\t\t<section class=\"elementor-section elementor-top-section elementor-element elementor-element-bd9dbff elementor-section-boxed elementor-section-height-default elementor-section-height-default\" data-id=\"bd9dbff\" data-element_type=\"section\">\n\t\t\t\t\t\t<div class=\"elementor-container elementor-column-gap-default\">\n\t\t\t\t\t<div class=\"elementor-column elementor-col-100 elementor-top-column elementor-element elementor-element-bea99b4\" data-id=\"bea99b4\" data-element_type=\"column\">\n\t\t\t<div class=\"elementor-widget-wrap elementor-element-populated\">\n\t\t\t\t\t\t<div class=\"elementor-element elementor-element-298a947 elementor-widget elementor-widget-text-editor\" data-id=\"298a947\" data-element_type=\"widget\" data-widget_type=\"text-editor.default\">\n\t\t\t\t<div class=\"elementor-widget-container\">\n\t\t\t\t\t\t\t\t\t<p>Dans le cadre de l&rsquo;\u00e9dition 2025 du Salon de la Data et de l&rsquo;IA, <strong><a href=\"sgriffon@asi.fr\" target=\"_blank\" rel=\"noopener\"><span style=\"color: #a52c41;\">Simon GRIFFON<\/span><\/a><\/strong>, Responsable de P\u00f4le Data chez <strong><a href=\"https:\/\/www.asi.fr\/\" target=\"_blank\" rel=\"noopener\"><span style=\"color: #a52c41;\">ASI<\/span><\/a><\/strong>, nous pr\u00e9sente sa soci\u00e9t\u00e9 et les motivations qui les ont pouss\u00e9s \u00e0 \u00eatre participant et sponsor du salon.<\/p>\t\t\t\t\t\t\t\t<\/div>\n\t\t\t\t<\/div>\n\t\t\t\t\t<\/div>\n\t\t<\/div>\n\t\t\t\t\t<\/div>\n\t\t<\/section>\n\t\t<div class=\"elementor-element elementor-element-66f96bb e-flex e-con-boxed e-con e-parent\" data-id=\"66f96bb\" data-element_type=\"container\">\n\t\t\t\t\t<div class=\"e-con-inner\">\n\t\t<div class=\"elementor-element elementor-element-636c979 e-con-full e-flex e-con e-child\" data-id=\"636c979\" data-element_type=\"container\">\n\t\t\t\t<div class=\"elementor-element elementor-element-27735f4 elementor-align-justify elementor-widget elementor-widget-button\" data-id=\"27735f4\" data-element_type=\"widget\" data-widget_type=\"button.default\">\n\t\t\t\t<div class=\"elementor-widget-container\">\n\t\t\t\t\t\t\t\t\t<div class=\"elementor-button-wrapper\">\n\t\t\t\t\t<a class=\"elementor-button elementor-button-link elementor-size-sm\" href=\"https:\/\/www.linkedin.com\/company\/asi-informatique\/\">\n\t\t\t\t\t\t<span class=\"elementor-button-content-wrapper\">\n\t\t\t\t\t\t<span class=\"elementor-button-icon\">\n\t\t\t\t<svg aria-hidden=\"true\" class=\"e-font-icon-svg e-fab-linkedin-in\" viewBox=\"0 0 448 512\" xmlns=\"http:\/\/www.w3.org\/2000\/svg\"><path d=\"M100.28 448H7.4V148.9h92.88zM53.79 108.1C24.09 108.1 0 83.5 0 53.8a53.79 53.79 0 0 1 107.58 0c0 29.7-24.1 54.3-53.79 54.3zM447.9 448h-92.68V302.4c0-34.7-.7-79.2-48.29-79.2-48.29 0-55.69 37.7-55.69 76.7V448h-92.78V148.9h89.08v40.8h1.3c12.4-23.5 42.69-48.3 87.88-48.3 94 0 111.28 61.9 111.28 142.3V448z\"><\/path><\/svg>\t\t\t<\/span>\n\t\t\t\t\t\t\t\t\t<span class=\"elementor-button-text\">ASI<\/span>\n\t\t\t\t\t<\/span>\n\t\t\t\t\t<\/a>\n\t\t\t\t<\/div>\n\t\t\t\t\t\t\t\t<\/div>\n\t\t\t\t<\/div>\n\t\t\t\t<\/div>\n\t\t<div class=\"elementor-element elementor-element-e06a272 e-con-full e-flex e-con e-child\" data-id=\"e06a272\" data-element_type=\"container\">\n\t\t\t\t<div class=\"elementor-element elementor-element-20418a3 elementor-align-justify elementor-widget elementor-widget-button\" data-id=\"20418a3\" data-element_type=\"widget\" data-widget_type=\"button.default\">\n\t\t\t\t<div class=\"elementor-widget-container\">\n\t\t\t\t\t\t\t\t\t<div class=\"elementor-button-wrapper\">\n\t\t\t\t\t<a class=\"elementor-button elementor-button-link elementor-size-sm\" href=\"https:\/\/x.com\/i\/flow\/ASI_Groupe\">\n\t\t\t\t\t\t<span class=\"elementor-button-content-wrapper\">\n\t\t\t\t\t\t<span class=\"elementor-button-icon\">\n\t\t\t\t<svg aria-hidden=\"true\" class=\"e-font-icon-svg e-fab-x-twitter-square\" viewBox=\"0 0 448 512\" xmlns=\"http:\/\/www.w3.org\/2000\/svg\"><path d=\"M64 32C28.7 32 0 60.7 0 96V416c0 35.3 28.7 64 64 64H384c35.3 0 64-28.7 64-64V96c0-35.3-28.7-64-64-64H64zm297.1 84L257.3 234.6 379.4 396H283.8L209 298.1 123.3 396H75.8l111-126.9L69.7 116h98l67.7 89.5L313.6 116h47.5zM323.3 367.6L153.4 142.9H125.1L296.9 367.6h26.3z\"><\/path><\/svg>\t\t\t<\/span>\n\t\t\t\t\t\t\t\t\t<span class=\"elementor-button-text\">ASI<\/span>\n\t\t\t\t\t<\/span>\n\t\t\t\t\t<\/a>\n\t\t\t\t<\/div>\n\t\t\t\t\t\t\t\t<\/div>\n\t\t\t\t<\/div>\n\t\t\t\t<\/div>\n\t\t<div class=\"elementor-element elementor-element-703e8c3 e-con-full e-flex e-con e-child\" data-id=\"703e8c3\" data-element_type=\"container\">\n\t\t\t\t<div class=\"elementor-element elementor-element-984a15d elementor-align-justify elementor-widget elementor-widget-button\" data-id=\"984a15d\" data-element_type=\"widget\" data-widget_type=\"button.default\">\n\t\t\t\t<div class=\"elementor-widget-container\">\n\t\t\t\t\t\t\t\t\t<div class=\"elementor-button-wrapper\">\n\t\t\t\t\t<a class=\"elementor-button elementor-button-link elementor-size-sm\" href=\"https:\/\/www.youtube.com\/channel\/UCn14Le50cHhAf56dUrXObUg\">\n\t\t\t\t\t\t<span class=\"elementor-button-content-wrapper\">\n\t\t\t\t\t\t<span class=\"elementor-button-icon\">\n\t\t\t\t<svg aria-hidden=\"true\" class=\"e-font-icon-svg e-fab-youtube\" viewBox=\"0 0 576 512\" xmlns=\"http:\/\/www.w3.org\/2000\/svg\"><path d=\"M549.655 124.083c-6.281-23.65-24.787-42.276-48.284-48.597C458.781 64 288 64 288 64S117.22 64 74.629 75.486c-23.497 6.322-42.003 24.947-48.284 48.597-11.412 42.867-11.412 132.305-11.412 132.305s0 89.438 11.412 132.305c6.281 23.65 24.787 41.5 48.284 47.821C117.22 448 288 448 288 448s170.78 0 213.371-11.486c23.497-6.321 42.003-24.171 48.284-47.821 11.412-42.867 11.412-132.305 11.412-132.305s0-89.438-11.412-132.305zm-317.51 213.508V175.185l142.739 81.205-142.739 81.201z\"><\/path><\/svg>\t\t\t<\/span>\n\t\t\t\t\t\t\t\t\t<span class=\"elementor-button-text\">ASI<\/span>\n\t\t\t\t\t<\/span>\n\t\t\t\t\t<\/a>\n\t\t\t\t<\/div>\n\t\t\t\t\t\t\t\t<\/div>\n\t\t\t\t<\/div>\n\t\t\t\t<\/div>\n\t\t<div class=\"elementor-element elementor-element-be115ac e-con-full e-flex e-con e-child\" data-id=\"be115ac\" data-element_type=\"container\">\n\t\t\t\t<div class=\"elementor-element elementor-element-b4e8f5a elementor-align-justify elementor-widget elementor-widget-button\" data-id=\"b4e8f5a\" data-element_type=\"widget\" data-widget_type=\"button.default\">\n\t\t\t\t<div class=\"elementor-widget-container\">\n\t\t\t\t\t\t\t\t\t<div class=\"elementor-button-wrapper\">\n\t\t\t\t\t<a class=\"elementor-button elementor-button-link elementor-size-sm\" href=\"https:\/\/www.instagram.com\/la_team_asi\/\">\n\t\t\t\t\t\t<span class=\"elementor-button-content-wrapper\">\n\t\t\t\t\t\t<span class=\"elementor-button-icon\">\n\t\t\t\t<svg aria-hidden=\"true\" class=\"e-font-icon-svg e-fab-instagram\" viewBox=\"0 0 448 512\" xmlns=\"http:\/\/www.w3.org\/2000\/svg\"><path d=\"M224.1 141c-63.6 0-114.9 51.3-114.9 114.9s51.3 114.9 114.9 114.9S339 319.5 339 255.9 287.7 141 224.1 141zm0 189.6c-41.1 0-74.7-33.5-74.7-74.7s33.5-74.7 74.7-74.7 74.7 33.5 74.7 74.7-33.6 74.7-74.7 74.7zm146.4-194.3c0 14.9-12 26.8-26.8 26.8-14.9 0-26.8-12-26.8-26.8s12-26.8 26.8-26.8 26.8 12 26.8 26.8zm76.1 27.2c-1.7-35.9-9.9-67.7-36.2-93.9-26.2-26.2-58-34.4-93.9-36.2-37-2.1-147.9-2.1-184.9 0-35.8 1.7-67.6 9.9-93.9 36.1s-34.4 58-36.2 93.9c-2.1 37-2.1 147.9 0 184.9 1.7 35.9 9.9 67.7 36.2 93.9s58 34.4 93.9 36.2c37 2.1 147.9 2.1 184.9 0 35.9-1.7 67.7-9.9 93.9-36.2 26.2-26.2 34.4-58 36.2-93.9 2.1-37 2.1-147.8 0-184.8zM398.8 388c-7.8 19.6-22.9 34.7-42.6 42.6-29.5 11.7-99.5 9-132.1 9s-102.7 2.6-132.1-9c-19.6-7.8-34.7-22.9-42.6-42.6-11.7-29.5-9-99.5-9-132.1s-2.6-102.7 9-132.1c7.8-19.6 22.9-34.7 42.6-42.6 29.5-11.7 99.5-9 132.1-9s102.7-2.6 132.1 9c19.6 7.8 34.7 22.9 42.6 42.6 11.7 29.5 9 99.5 9 132.1s2.7 102.7-9 132.1z\"><\/path><\/svg>\t\t\t<\/span>\n\t\t\t\t\t\t\t\t\t<span class=\"elementor-button-text\">ASI<\/span>\n\t\t\t\t\t<\/span>\n\t\t\t\t\t<\/a>\n\t\t\t\t<\/div>\n\t\t\t\t\t\t\t\t<\/div>\n\t\t\t\t<\/div>\n\t\t\t\t<\/div>\n\t\t\t\t\t<\/div>\n\t\t\t\t<\/div>\n\t\t\t\t<section class=\"elementor-section elementor-top-section elementor-element elementor-element-a2ef06e elementor-section-boxed elementor-section-height-default elementor-section-height-default\" data-id=\"a2ef06e\" data-element_type=\"section\">\n\t\t\t\t\t\t<div class=\"elementor-container elementor-column-gap-default\">\n\t\t\t\t\t<div class=\"elementor-column elementor-col-100 elementor-top-column elementor-element elementor-element-cc80e89\" data-id=\"cc80e89\" data-element_type=\"column\">\n\t\t\t<div class=\"elementor-widget-wrap elementor-element-populated\">\n\t\t\t\t\t\t<div class=\"elementor-element elementor-element-79d98f0 elementor-widget-divider--view-line elementor-widget elementor-widget-divider\" data-id=\"79d98f0\" data-element_type=\"widget\" data-widget_type=\"divider.default\">\n\t\t\t\t<div class=\"elementor-widget-container\">\n\t\t\t\t\t\t\t<div class=\"elementor-divider\">\n\t\t\t<span class=\"elementor-divider-separator\">\n\t\t\t\t\t\t<\/span>\n\t\t<\/div>\n\t\t\t\t\t\t<\/div>\n\t\t\t\t<\/div>\n\t\t\t\t\t<\/div>\n\t\t<\/div>\n\t\t\t\t\t<\/div>\n\t\t<\/section>\n\t\t\t\t<section class=\"elementor-section elementor-top-section elementor-element elementor-element-7c10057 elementor-section-boxed elementor-section-height-default elementor-section-height-default\" data-id=\"7c10057\" data-element_type=\"section\">\n\t\t\t\t\t\t<div class=\"elementor-container elementor-column-gap-default\">\n\t\t\t\t\t<div class=\"elementor-column elementor-col-100 elementor-top-column elementor-element elementor-element-a582cb7\" data-id=\"a582cb7\" data-element_type=\"column\">\n\t\t\t<div class=\"elementor-widget-wrap elementor-element-populated\">\n\t\t\t\t\t\t<div class=\"elementor-element elementor-element-d63bbf8 elementor-widget elementor-widget-heading\" data-id=\"d63bbf8\" data-element_type=\"widget\" data-widget_type=\"heading.default\">\n\t\t\t\t<div class=\"elementor-widget-container\">\n\t\t\t\t\t<h2 class=\"elementor-heading-title elementor-size-medium\">1. Pouvez-vous pr\u00e9senter succinctement votre soci\u00e9t\u00e9, ainsi que son ACTIVIT\u00e9?<\/h2>\t\t\t\t<\/div>\n\t\t\t\t<\/div>\n\t\t\t\t<div class=\"elementor-element elementor-element-e39e780 elementor-widget elementor-widget-text-editor\" data-id=\"e39e780\" data-element_type=\"widget\" data-widget_type=\"text-editor.default\">\n\t\t\t\t<div class=\"elementor-widget-container\">\n\t\t\t\t\t\t\t\t\t<p><strong>ASI<\/strong>, c\u2019est plus de 15 ans d\u2019engagement au service d\u2019une transformation num\u00e9rique responsable et \u00e0 impact. Nous r\u00e9unissons 450 experts aux comp\u00e9tences compl\u00e9mentaires \u2014 designers d\u2019exp\u00e9rience, d\u00e9veloppeurs, product owners, data analystes, data &amp; ia engineers, architectes SI, chefs de projets, consultants\u2026 \u2014 pour <strong>vous accompagner de l\u2019id\u00e9e \u00e0 l\u2019impact<\/strong> en concevant et r\u00e9alisant des services num\u00e9riques innovants, sur-mesure et de bout en bout.\u00a0<\/p><p>Notre ambition : cr\u00e9er de la valeur durable gr\u00e2ce au num\u00e9rique, en pla\u00e7ant l\u2019humain, l\u2019utilit\u00e9 et l\u2019impact positif au c\u0153ur de chaque projet.\u00a0<\/p><p>Nous mobilisons nos expertises crois\u00e9es pour imaginer des solutions simples, utiles et responsables au service de toutes et tous : utilisateurs, clients, collaborateurs, soci\u00e9t\u00e9 et plan\u00e8te. C\u2019est ce qui nous anime au quotidien.\u00a0<\/p><p><strong>ASI<\/strong> = <strong>A<\/strong>u <strong>S<\/strong>ervice de l\u2019<strong>I<\/strong>mpact. \ud83d\ude80\u202f\u00a0<\/p>\t\t\t\t\t\t\t\t<\/div>\n\t\t\t\t<\/div>\n\t\t\t\t\t<\/div>\n\t\t<\/div>\n\t\t\t\t\t<\/div>\n\t\t<\/section>\n\t\t\t\t<section class=\"elementor-section elementor-top-section elementor-element elementor-element-fcf3ac1 elementor-section-boxed elementor-section-height-default elementor-section-height-default\" data-id=\"fcf3ac1\" data-element_type=\"section\">\n\t\t\t\t\t\t<div class=\"elementor-container elementor-column-gap-default\">\n\t\t\t\t\t<div class=\"elementor-column elementor-col-100 elementor-top-column elementor-element elementor-element-2050cd3\" data-id=\"2050cd3\" data-element_type=\"column\">\n\t\t\t<div class=\"elementor-widget-wrap elementor-element-populated\">\n\t\t\t\t\t\t<div class=\"elementor-element elementor-element-79603c4 elementor-widget elementor-widget-heading\" data-id=\"79603c4\" data-element_type=\"widget\" data-widget_type=\"heading.default\">\n\t\t\t\t<div class=\"elementor-widget-container\">\n\t\t\t\t\t<h2 class=\"elementor-heading-title elementor-size-medium\">2. qu'est-ce qui vous a donn\u00e9 envie de participer \u00e0 nouveau \u00e0 cette \u00e9dition ? qu'appr\u00e9ciez-vous en particulier ?<\/h2>\t\t\t\t<\/div>\n\t\t\t\t<\/div>\n\t\t\t\t<div class=\"elementor-element elementor-element-6a5fc4e elementor-widget elementor-widget-text-editor\" data-id=\"6a5fc4e\" data-element_type=\"widget\" data-widget_type=\"text-editor.default\">\n\t\t\t\t<div class=\"elementor-widget-container\">\n\t\t\t\t\t\t\t\t\t<p>Le<strong> Salon de la Data et de l\u2019IA<\/strong> est le rendez-vous incontournable de l\u2019\u00e9cosyst\u00e8me num\u00e9rique de la r\u00e9gion. En tant que sponsor fid\u00e8le, nous y retrouvons une \u00e9nergie collective, un esprit d\u2019ouverture et des \u00e9changes de qualit\u00e9.\u00a0<\/p><p>C\u2019est un lieu privil\u00e9gi\u00e9 pour partager nos exp\u00e9riences, d\u00e9couvrir les projets inspirants de nos pairs, et affirmer notre r\u00f4le d\u2019<strong>acteur engag\u00e9 sur les sujets digital, data &amp; IA<\/strong>\u202f; des <strong>leviers puissants de transformation<\/strong> pour les organisations publiques et priv\u00e9es.\u00a0<\/p>\t\t\t\t\t\t\t\t<\/div>\n\t\t\t\t<\/div>\n\t\t\t\t\t<\/div>\n\t\t<\/div>\n\t\t\t\t\t<\/div>\n\t\t<\/section>\n\t\t\t\t<section class=\"elementor-section elementor-top-section elementor-element elementor-element-3cf3785 elementor-section-boxed elementor-section-height-default elementor-section-height-default\" data-id=\"3cf3785\" data-element_type=\"section\">\n\t\t\t\t\t\t<div class=\"elementor-container elementor-column-gap-default\">\n\t\t\t\t\t<div class=\"elementor-column elementor-col-100 elementor-top-column elementor-element elementor-element-9ae355e\" data-id=\"9ae355e\" data-element_type=\"column\">\n\t\t\t<div class=\"elementor-widget-wrap elementor-element-populated\">\n\t\t\t\t\t\t<div class=\"elementor-element elementor-element-2d95f44 elementor-widget elementor-widget-heading\" data-id=\"2d95f44\" data-element_type=\"widget\" data-widget_type=\"heading.default\">\n\t\t\t\t<div class=\"elementor-widget-container\">\n\t\t\t\t\t<h2 class=\"elementor-heading-title elementor-size-medium\">3. quels sont vos objectifs en tant que sponsor du salon de la Data et de l'ia?<\/h2>\t\t\t\t<\/div>\n\t\t\t\t<\/div>\n\t\t\t\t<div class=\"elementor-element elementor-element-c5e8178 elementor-widget elementor-widget-text-editor\" data-id=\"c5e8178\" data-element_type=\"widget\" data-widget_type=\"text-editor.default\">\n\t\t\t\t<div class=\"elementor-widget-container\">\n\t\t\t\t\t\t\t\t\t<p>Ce salon est l\u2019occasion de cr\u00e9er du lien, partager et (s\u2019)inspirer.\u00a0<\/p><p>Nous souhaitons <strong>valoriser nos r\u00e9alisations<\/strong>, initier de <strong>nouveaux partenariats<\/strong>, <strong>identifier de futurs talents<\/strong>, et continuer \u00e0 faire rayonner notre savoir-faire et nos expertises.\u00a0<\/p><p>Mais au-del\u00e0 du partage d\u2019expertise, notre ambition est aussi de<strong> contribuer activement<\/strong> \u00e0 une vision plus responsable du num\u00e9rique\u202f; centr\u00e9 sur l\u2019humain, engag\u00e9 et au service de l\u2019impact positif.\u00a0<\/p>\t\t\t\t\t\t\t\t<\/div>\n\t\t\t\t<\/div>\n\t\t\t\t\t<\/div>\n\t\t<\/div>\n\t\t\t\t\t<\/div>\n\t\t<\/section>\n\t\t\t\t<section class=\"elementor-section elementor-top-section elementor-element elementor-element-bdb49af elementor-section-boxed elementor-section-height-default elementor-section-height-default\" data-id=\"bdb49af\" data-element_type=\"section\">\n\t\t\t\t\t\t<div class=\"elementor-container elementor-column-gap-default\">\n\t\t\t\t\t<div class=\"elementor-column elementor-col-100 elementor-top-column elementor-element elementor-element-84656a2\" data-id=\"84656a2\" data-element_type=\"column\">\n\t\t\t<div class=\"elementor-widget-wrap elementor-element-populated\">\n\t\t\t\t\t\t<div class=\"elementor-element elementor-element-5b173cd elementor-widget elementor-widget-heading\" data-id=\"5b173cd\" data-element_type=\"widget\" data-widget_type=\"heading.default\">\n\t\t\t\t<div class=\"elementor-widget-container\">\n\t\t\t\t\t<h2 class=\"elementor-heading-title elementor-size-medium\">4. quelles solutions allez-vous pr\u00e9senter le 16 Septembre ?<\/h2>\t\t\t\t<\/div>\n\t\t\t\t<\/div>\n\t\t\t\t<div class=\"elementor-element elementor-element-d2825be elementor-widget elementor-widget-text-editor\" data-id=\"d2825be\" data-element_type=\"widget\" data-widget_type=\"text-editor.default\">\n\t\t\t\t<div class=\"elementor-widget-container\">\n\t\t\t\t\t\t\t\t\t<p>Nous partagerons notre vision de la compatibilit\u00e9 de l\u2019IA avec les donn\u00e9es sensibles de nos clients.<\/p><p>Nous vous d\u00e9voilerons notre <strong>approche in\u00e9dite<\/strong> bas\u00e9e sur une architecture multi-agents combinant plusieurs LLM.<\/p><p>L\u2019id\u00e9e : orchestrer intelligemment un mod\u00e8le local, s\u00e9curis\u00e9 et connect\u00e9 aux donn\u00e9es sensibles, avec un mod\u00e8le cloud, plus puissant, capable d\u2019interroger des ressources \u00e9largies (web, services tiers\u2026).\u00a0<\/p>\t\t\t\t\t\t\t\t<\/div>\n\t\t\t\t<\/div>\n\t\t\t\t\t<\/div>\n\t\t<\/div>\n\t\t\t\t\t<\/div>\n\t\t<\/section>\n\t\t\t\t<\/div>\n\t\t","protected":false},"excerpt":{"rendered":"<p>Interview de asi sponsor du salon de la data et de l&rsquo;ia 2025 Dans le cadre de l&rsquo;\u00e9dition 2025 du Salon de la Data et de l&rsquo;IA, Simon GRIFFON, Responsable de P\u00f4le Data chez ASI, nous pr\u00e9sente sa soci\u00e9t\u00e9 et les motivations qui les ont pouss\u00e9s \u00e0 \u00eatre participant et sponsor du salon. ASI ASI [&hellip;]<\/p>\n","protected":false},"author":19,"featured_media":0,"parent":0,"menu_order":0,"comment_status":"closed","ping_status":"closed","template":"","meta":{"ocean_post_layout":"","ocean_both_sidebars_style":"","ocean_both_sidebars_content_width":0,"ocean_both_sidebars_sidebars_width":0,"ocean_sidebar":"0","ocean_second_sidebar":"0","ocean_disable_margins":"enable","ocean_add_body_class":"","ocean_shortcode_before_top_bar":"","ocean_shortcode_after_top_bar":"","ocean_shortcode_before_header":"","ocean_shortcode_after_header":"","ocean_has_shortcode":"","ocean_shortcode_after_title":"","ocean_shortcode_before_footer_widgets":"","ocean_shortcode_after_footer_widgets":"","ocean_shortcode_before_footer_bottom":"","ocean_shortcode_after_footer_bottom":"","ocean_display_top_bar":"default","ocean_display_header":"default","ocean_header_style":"","ocean_center_header_left_menu":"0","ocean_custom_header_template":"0","ocean_custom_logo":0,"ocean_custom_retina_logo":0,"ocean_custom_logo_max_width":0,"ocean_custom_logo_tablet_max_width":0,"ocean_custom_logo_mobile_max_width":0,"ocean_custom_logo_max_height":0,"ocean_custom_logo_tablet_max_height":0,"ocean_custom_logo_mobile_max_height":0,"ocean_header_custom_menu":"0","ocean_menu_typo_font_family":"0","ocean_menu_typo_font_subset":"","ocean_menu_typo_font_size":0,"ocean_menu_typo_font_size_tablet":0,"ocean_menu_typo_font_size_mobile":0,"ocean_menu_typo_font_size_unit":"px","ocean_menu_typo_font_weight":"","ocean_menu_typo_font_weight_tablet":"","ocean_menu_typo_font_weight_mobile":"","ocean_menu_typo_transform":"","ocean_menu_typo_transform_tablet":"","ocean_menu_typo_transform_mobile":"","ocean_menu_typo_line_height":0,"ocean_menu_typo_line_height_tablet":0,"ocean_menu_typo_line_height_mobile":0,"ocean_menu_typo_line_height_unit":"","ocean_menu_typo_spacing":0,"ocean_menu_typo_spacing_tablet":0,"ocean_menu_typo_spacing_mobile":0,"ocean_menu_typo_spacing_unit":"","ocean_menu_link_color":"","ocean_menu_link_color_hover":"","ocean_menu_link_color_active":"","ocean_menu_link_background":"","ocean_menu_link_hover_background":"","ocean_menu_link_active_background":"","ocean_menu_social_links_bg":"","ocean_menu_social_hover_links_bg":"","ocean_menu_social_links_color":"","ocean_menu_social_hover_links_color":"","ocean_disable_title":"default","ocean_disable_heading":"default","ocean_post_title":"","ocean_post_subheading":"","ocean_post_title_style":"","ocean_post_title_background_color":"","ocean_post_title_background":0,"ocean_post_title_bg_image_position":"","ocean_post_title_bg_image_attachment":"","ocean_post_title_bg_image_repeat":"","ocean_post_title_bg_image_size":"","ocean_post_title_height":0,"ocean_post_title_bg_overlay":0.5,"ocean_post_title_bg_overlay_color":"","ocean_disable_breadcrumbs":"default","ocean_breadcrumbs_color":"","ocean_breadcrumbs_separator_color":"","ocean_breadcrumbs_links_color":"","ocean_breadcrumbs_links_hover_color":"","ocean_display_footer_widgets":"default","ocean_display_footer_bottom":"default","ocean_custom_footer_template":"0","footnotes":""},"class_list":["post-10400","page","type-page","status-publish","hentry","entry"],"yoast_head":"<!-- This site is optimized with the Yoast SEO plugin v26.5 - https:\/\/yoast.com\/wordpress\/plugins\/seo\/ -->\n<title>interview-ASI-2025-06 - Salon de la DATA<\/title>\n<meta name=\"description\" content=\"Interview soci\u00e9t\u00e9 ASI 2025 Sponsor de la 10\u00e8me \u00e9dition du Salon de la DATA et de l&#039;IA 16 septembre 2025 \u00e0 la Cit\u00e9 des Congr\u00e8s de Nantes\" \/>\n<meta name=\"robots\" content=\"index, follow, max-snippet:-1, max-image-preview:large, max-video-preview:-1\" \/>\n<link rel=\"canonical\" href=\"https:\/\/salondata.fr\/index.php\/interview-asi-2025-06\/\" \/>\n<meta property=\"og:locale\" content=\"fr_FR\" \/>\n<meta property=\"og:type\" content=\"article\" \/>\n<meta property=\"og:title\" content=\"interview-ASI-2025-06 - Salon de la DATA\" \/>\n<meta property=\"og:description\" content=\"Interview soci\u00e9t\u00e9 ASI 2025 Sponsor de la 10\u00e8me \u00e9dition du Salon de la DATA et de l&#039;IA 16 septembre 2025 \u00e0 la Cit\u00e9 des Congr\u00e8s de Nantes\" \/>\n<meta property=\"og:url\" content=\"https:\/\/salondata.fr\/index.php\/interview-asi-2025-06\/\" \/>\n<meta property=\"og:site_name\" content=\"Salon de la DATA\" \/>\n<meta property=\"article:modified_time\" content=\"2025-06-04T20:32:25+00:00\" \/>\n<meta property=\"og:image\" content=\"https:\/\/salondata.fr\/wp-content\/uploads\/2021\/04\/ASI-fondrouge-rond-150x150.png\" \/>\n<meta name=\"twitter:card\" content=\"summary_large_image\" \/>\n<meta name=\"twitter:site\" content=\"@SalonData\" \/>\n<meta name=\"twitter:label1\" content=\"Dur\u00e9e de lecture estim\u00e9e\" \/>\n\t<meta name=\"twitter:data1\" content=\"3 minutes\" \/>\n<script type=\"application\/ld+json\" class=\"yoast-schema-graph\">{\"@context\":\"https:\/\/schema.org\",\"@graph\":[{\"@type\":\"WebPage\",\"@id\":\"https:\/\/salondata.fr\/index.php\/interview-asi-2025-06\/\",\"url\":\"https:\/\/salondata.fr\/index.php\/interview-asi-2025-06\/\",\"name\":\"interview-ASI-2025-06 - Salon de la DATA\",\"isPartOf\":{\"@id\":\"https:\/\/salondata.fr\/#website\"},\"primaryImageOfPage\":{\"@id\":\"https:\/\/salondata.fr\/index.php\/interview-asi-2025-06\/#primaryimage\"},\"image\":{\"@id\":\"https:\/\/salondata.fr\/index.php\/interview-asi-2025-06\/#primaryimage\"},\"thumbnailUrl\":\"https:\/\/salondata.fr\/wp-content\/uploads\/2021\/04\/ASI-fondrouge-rond-150x150.png\",\"datePublished\":\"2025-06-04T20:30:33+00:00\",\"dateModified\":\"2025-06-04T20:32:25+00:00\",\"description\":\"Interview soci\u00e9t\u00e9 ASI 2025 Sponsor de la 10\u00e8me \u00e9dition du Salon de la DATA et de l'IA 16 septembre 2025 \u00e0 la Cit\u00e9 des Congr\u00e8s de Nantes\",\"breadcrumb\":{\"@id\":\"https:\/\/salondata.fr\/index.php\/interview-asi-2025-06\/#breadcrumb\"},\"inLanguage\":\"fr-FR\",\"potentialAction\":[{\"@type\":\"ReadAction\",\"target\":[\"https:\/\/salondata.fr\/index.php\/interview-asi-2025-06\/\"]}]},{\"@type\":\"ImageObject\",\"inLanguage\":\"fr-FR\",\"@id\":\"https:\/\/salondata.fr\/index.php\/interview-asi-2025-06\/#primaryimage\",\"url\":\"https:\/\/salondata.fr\/wp-content\/uploads\/2021\/04\/ASI-fondrouge-rond.png\",\"contentUrl\":\"https:\/\/salondata.fr\/wp-content\/uploads\/2021\/04\/ASI-fondrouge-rond.png\",\"width\":400,\"height\":400,\"caption\":\"Logo ASI\"},{\"@type\":\"BreadcrumbList\",\"@id\":\"https:\/\/salondata.fr\/index.php\/interview-asi-2025-06\/#breadcrumb\",\"itemListElement\":[{\"@type\":\"ListItem\",\"position\":1,\"name\":\"Accueil\",\"item\":\"https:\/\/salondata.fr\/\"},{\"@type\":\"ListItem\",\"position\":2,\"name\":\"interview-ASI-2025-06\"}]},{\"@type\":\"WebSite\",\"@id\":\"https:\/\/salondata.fr\/#website\",\"url\":\"https:\/\/salondata.fr\/\",\"name\":\"Salon de la DATA\",\"description\":\"Un salon par et pour les passionn\u00e9s de la data\",\"publisher\":{\"@id\":\"https:\/\/salondata.fr\/#organization\"},\"potentialAction\":[{\"@type\":\"SearchAction\",\"target\":{\"@type\":\"EntryPoint\",\"urlTemplate\":\"https:\/\/salondata.fr\/?s={search_term_string}\"},\"query-input\":{\"@type\":\"PropertyValueSpecification\",\"valueRequired\":true,\"valueName\":\"search_term_string\"}}],\"inLanguage\":\"fr-FR\"},{\"@type\":\"Organization\",\"@id\":\"https:\/\/salondata.fr\/#organization\",\"name\":\"Salon de la DATA\",\"url\":\"https:\/\/salondata.fr\/\",\"logo\":{\"@type\":\"ImageObject\",\"inLanguage\":\"fr-FR\",\"@id\":\"https:\/\/salondata.fr\/#\/schema\/logo\/image\/\",\"url\":\"https:\/\/salondata.fr\/wp-content\/uploads\/2019\/06\/SD_LogoMacaron_2_Positif.jpg\",\"contentUrl\":\"https:\/\/salondata.fr\/wp-content\/uploads\/2019\/06\/SD_LogoMacaron_2_Positif.jpg\",\"width\":1180,\"height\":959,\"caption\":\"Salon de la DATA\"},\"image\":{\"@id\":\"https:\/\/salondata.fr\/#\/schema\/logo\/image\/\"},\"sameAs\":[\"https:\/\/x.com\/SalonData\",\"https:\/\/www.youtube.com\/channel\/UCZdnpbTbaMrXtRcBh16UPpQ\"]}]}<\/script>\n<!-- \/ Yoast SEO plugin. -->","yoast_head_json":{"title":"interview-ASI-2025-06 - Salon de la DATA","description":"Interview soci\u00e9t\u00e9 ASI 2025 Sponsor de la 10\u00e8me \u00e9dition du Salon de la DATA et de l'IA 16 septembre 2025 \u00e0 la Cit\u00e9 des Congr\u00e8s de Nantes","robots":{"index":"index","follow":"follow","max-snippet":"max-snippet:-1","max-image-preview":"max-image-preview:large","max-video-preview":"max-video-preview:-1"},"canonical":"https:\/\/salondata.fr\/index.php\/interview-asi-2025-06\/","og_locale":"fr_FR","og_type":"article","og_title":"interview-ASI-2025-06 - Salon de la DATA","og_description":"Interview soci\u00e9t\u00e9 ASI 2025 Sponsor de la 10\u00e8me \u00e9dition du Salon de la DATA et de l'IA 16 septembre 2025 \u00e0 la Cit\u00e9 des Congr\u00e8s de Nantes","og_url":"https:\/\/salondata.fr\/index.php\/interview-asi-2025-06\/","og_site_name":"Salon de la DATA","article_modified_time":"2025-06-04T20:32:25+00:00","og_image":[{"url":"https:\/\/salondata.fr\/wp-content\/uploads\/2021\/04\/ASI-fondrouge-rond-150x150.png","type":"","width":"","height":""}],"twitter_card":"summary_large_image","twitter_site":"@SalonData","twitter_misc":{"Dur\u00e9e de lecture estim\u00e9e":"3 minutes"},"schema":{"@context":"https:\/\/schema.org","@graph":[{"@type":"WebPage","@id":"https:\/\/salondata.fr\/index.php\/interview-asi-2025-06\/","url":"https:\/\/salondata.fr\/index.php\/interview-asi-2025-06\/","name":"interview-ASI-2025-06 - Salon de la DATA","isPartOf":{"@id":"https:\/\/salondata.fr\/#website"},"primaryImageOfPage":{"@id":"https:\/\/salondata.fr\/index.php\/interview-asi-2025-06\/#primaryimage"},"image":{"@id":"https:\/\/salondata.fr\/index.php\/interview-asi-2025-06\/#primaryimage"},"thumbnailUrl":"https:\/\/salondata.fr\/wp-content\/uploads\/2021\/04\/ASI-fondrouge-rond-150x150.png","datePublished":"2025-06-04T20:30:33+00:00","dateModified":"2025-06-04T20:32:25+00:00","description":"Interview soci\u00e9t\u00e9 ASI 2025 Sponsor de la 10\u00e8me \u00e9dition du Salon de la DATA et de l'IA 16 septembre 2025 \u00e0 la Cit\u00e9 des Congr\u00e8s de Nantes","breadcrumb":{"@id":"https:\/\/salondata.fr\/index.php\/interview-asi-2025-06\/#breadcrumb"},"inLanguage":"fr-FR","potentialAction":[{"@type":"ReadAction","target":["https:\/\/salondata.fr\/index.php\/interview-asi-2025-06\/"]}]},{"@type":"ImageObject","inLanguage":"fr-FR","@id":"https:\/\/salondata.fr\/index.php\/interview-asi-2025-06\/#primaryimage","url":"https:\/\/salondata.fr\/wp-content\/uploads\/2021\/04\/ASI-fondrouge-rond.png","contentUrl":"https:\/\/salondata.fr\/wp-content\/uploads\/2021\/04\/ASI-fondrouge-rond.png","width":400,"height":400,"caption":"Logo ASI"},{"@type":"BreadcrumbList","@id":"https:\/\/salondata.fr\/index.php\/interview-asi-2025-06\/#breadcrumb","itemListElement":[{"@type":"ListItem","position":1,"name":"Accueil","item":"https:\/\/salondata.fr\/"},{"@type":"ListItem","position":2,"name":"interview-ASI-2025-06"}]},{"@type":"WebSite","@id":"https:\/\/salondata.fr\/#website","url":"https:\/\/salondata.fr\/","name":"Salon de la DATA","description":"Un salon par et pour les passionn\u00e9s de la data","publisher":{"@id":"https:\/\/salondata.fr\/#organization"},"potentialAction":[{"@type":"SearchAction","target":{"@type":"EntryPoint","urlTemplate":"https:\/\/salondata.fr\/?s={search_term_string}"},"query-input":{"@type":"PropertyValueSpecification","valueRequired":true,"valueName":"search_term_string"}}],"inLanguage":"fr-FR"},{"@type":"Organization","@id":"https:\/\/salondata.fr\/#organization","name":"Salon de la DATA","url":"https:\/\/salondata.fr\/","logo":{"@type":"ImageObject","inLanguage":"fr-FR","@id":"https:\/\/salondata.fr\/#\/schema\/logo\/image\/","url":"https:\/\/salondata.fr\/wp-content\/uploads\/2019\/06\/SD_LogoMacaron_2_Positif.jpg","contentUrl":"https:\/\/salondata.fr\/wp-content\/uploads\/2019\/06\/SD_LogoMacaron_2_Positif.jpg","width":1180,"height":959,"caption":"Salon de la DATA"},"image":{"@id":"https:\/\/salondata.fr\/#\/schema\/logo\/image\/"},"sameAs":["https:\/\/x.com\/SalonData","https:\/\/www.youtube.com\/channel\/UCZdnpbTbaMrXtRcBh16UPpQ"]}]}},"_links":{"self":[{"href":"https:\/\/salondata.fr\/index.php\/wp-json\/wp\/v2\/pages\/10400","targetHints":{"allow":["GET"]}}],"collection":[{"href":"https:\/\/salondata.fr\/index.php\/wp-json\/wp\/v2\/pages"}],"about":[{"href":"https:\/\/salondata.fr\/index.php\/wp-json\/wp\/v2\/types\/page"}],"author":[{"embeddable":true,"href":"https:\/\/salondata.fr\/index.php\/wp-json\/wp\/v2\/users\/19"}],"replies":[{"embeddable":true,"href":"https:\/\/salondata.fr\/index.php\/wp-json\/wp\/v2\/comments?post=10400"}],"version-history":[{"count":13,"href":"https:\/\/salondata.fr\/index.php\/wp-json\/wp\/v2\/pages\/10400\/revisions"}],"predecessor-version":[{"id":10414,"href":"https:\/\/salondata.fr\/index.php\/wp-json\/wp\/v2\/pages\/10400\/revisions\/10414"}],"wp:attachment":[{"href":"https:\/\/salondata.fr\/index.php\/wp-json\/wp\/v2\/media?parent=10400"}],"curies":[{"name":"wp","href":"https:\/\/api.w.org\/{rel}","templated":true}]}}