{"id":10468,"date":"2025-06-30T22:44:40","date_gmt":"2025-06-30T20:44:40","guid":{"rendered":"https:\/\/salondata.fr\/?page_id=10468"},"modified":"2025-06-30T23:13:18","modified_gmt":"2025-06-30T21:13:18","slug":"interview-groupe-sncf-2025-07-01","status":"publish","type":"page","link":"https:\/\/salondata.fr\/index.php\/interview-groupe-sncf-2025-07-01\/","title":{"rendered":"interview-groupe-sncf-2025-07-01"},"content":{"rendered":"\t\t<div data-elementor-type=\"wp-post\" data-elementor-id=\"10468\" class=\"elementor elementor-10468\" data-elementor-post-type=\"page\">\n\t\t\t\t\t\t<section class=\"elementor-section elementor-top-section elementor-element elementor-element-b816035 elementor-section-boxed elementor-section-height-default elementor-section-height-default\" data-id=\"b816035\" data-element_type=\"section\">\n\t\t\t\t\t\t<div class=\"elementor-container elementor-column-gap-default\">\n\t\t\t\t\t<div class=\"elementor-column elementor-col-100 elementor-top-column elementor-element elementor-element-a01e211\" data-id=\"a01e211\" data-element_type=\"column\">\n\t\t\t<div class=\"elementor-widget-wrap elementor-element-populated\">\n\t\t\t\t\t\t<div class=\"elementor-element elementor-element-fbae8dc elementor-widget elementor-widget-spacer\" data-id=\"fbae8dc\" data-element_type=\"widget\" data-widget_type=\"spacer.default\">\n\t\t\t\t<div class=\"elementor-widget-container\">\n\t\t\t\t\t\t\t<div class=\"elementor-spacer\">\n\t\t\t<div class=\"elementor-spacer-inner\"><\/div>\n\t\t<\/div>\n\t\t\t\t\t\t<\/div>\n\t\t\t\t<\/div>\n\t\t\t\t\t<\/div>\n\t\t<\/div>\n\t\t\t\t\t<\/div>\n\t\t<\/section>\n\t\t\t\t<section class=\"elementor-section elementor-top-section elementor-element elementor-element-c074673 elementor-section-boxed elementor-section-height-default elementor-section-height-default\" data-id=\"c074673\" data-element_type=\"section\">\n\t\t\t\t\t\t<div class=\"elementor-container elementor-column-gap-default\">\n\t\t\t\t\t<div class=\"elementor-column elementor-col-50 elementor-top-column elementor-element elementor-element-f4c0596\" data-id=\"f4c0596\" data-element_type=\"column\">\n\t\t\t<div class=\"elementor-widget-wrap elementor-element-populated\">\n\t\t\t\t\t\t<div class=\"elementor-element elementor-element-91d09c9 elementor-widget elementor-widget-heading\" data-id=\"91d09c9\" data-element_type=\"widget\" data-widget_type=\"heading.default\">\n\t\t\t\t<div class=\"elementor-widget-container\">\n\t\t\t\t\t<h1 class=\"elementor-heading-title elementor-size-xl\">Interview du Groupe sncf<\/h1>\t\t\t\t<\/div>\n\t\t\t\t<\/div>\n\t\t\t\t<div class=\"elementor-element elementor-element-6abf165 elementor-widget elementor-widget-heading\" data-id=\"6abf165\" data-element_type=\"widget\" data-widget_type=\"heading.default\">\n\t\t\t\t<div class=\"elementor-widget-container\">\n\t\t\t\t\t<h1 class=\"elementor-heading-title elementor-size-xl\">Sponsor silver du salon de la data ET DE l'ia 2025<\/h1>\t\t\t\t<\/div>\n\t\t\t\t<\/div>\n\t\t\t\t\t<\/div>\n\t\t<\/div>\n\t\t\t\t<div class=\"elementor-column elementor-col-50 elementor-top-column elementor-element elementor-element-ae7b054\" data-id=\"ae7b054\" data-element_type=\"column\">\n\t\t\t<div class=\"elementor-widget-wrap elementor-element-populated\">\n\t\t\t\t\t\t<div class=\"elementor-element elementor-element-ba46c9a elementor-widget elementor-widget-image\" data-id=\"ba46c9a\" data-element_type=\"widget\" data-widget_type=\"image.default\">\n\t\t\t\t<div class=\"elementor-widget-container\">\n\t\t\t\t\t\t\t\t\t\t\t\t\t\t\t\t<a href=\"https:\/\/numerique.sncf.com\/ambition\/\">\n\t\t\t\t\t\t\t<img fetchpriority=\"high\" decoding=\"async\" width=\"300\" height=\"284\" src=\"https:\/\/salondata.fr\/wp-content\/uploads\/2025\/06\/SNCF-groupe-300x284.jpg\" class=\"attachment-medium size-medium wp-image-10470\" alt=\"\" srcset=\"https:\/\/salondata.fr\/wp-content\/uploads\/2025\/06\/SNCF-groupe-300x284.jpg 300w, https:\/\/salondata.fr\/wp-content\/uploads\/2025\/06\/SNCF-groupe-1024x970.jpg 1024w, https:\/\/salondata.fr\/wp-content\/uploads\/2025\/06\/SNCF-groupe-768x728.jpg 768w, https:\/\/salondata.fr\/wp-content\/uploads\/2025\/06\/SNCF-groupe.jpg 1485w\" sizes=\"(max-width: 300px) 100vw, 300px\" \/>\t\t\t\t\t\t\t\t<\/a>\n\t\t\t\t\t\t\t\t\t\t\t\t\t\t\t<\/div>\n\t\t\t\t<\/div>\n\t\t\t\t\t<\/div>\n\t\t<\/div>\n\t\t\t\t\t<\/div>\n\t\t<\/section>\n\t\t\t\t<section class=\"elementor-section elementor-top-section elementor-element elementor-element-f7200a6 elementor-section-boxed elementor-section-height-default elementor-section-height-default\" data-id=\"f7200a6\" data-element_type=\"section\">\n\t\t\t\t\t\t<div class=\"elementor-container elementor-column-gap-default\">\n\t\t\t\t\t<div class=\"elementor-column elementor-col-100 elementor-top-column elementor-element elementor-element-d389591\" data-id=\"d389591\" data-element_type=\"column\">\n\t\t\t<div class=\"elementor-widget-wrap elementor-element-populated\">\n\t\t\t\t\t\t<div class=\"elementor-element elementor-element-719ca2a elementor-widget elementor-widget-text-editor\" data-id=\"719ca2a\" data-element_type=\"widget\" data-widget_type=\"text-editor.default\">\n\t\t\t\t<div class=\"elementor-widget-container\">\n\t\t\t\t\t\t\t\t\t<p>Dans le cadre de l&rsquo;\u00e9dition 2025 du Salon de la DATA et de l&rsquo;IA, <strong><a href=\"https:\/\/www.linkedin.com\/in\/loicqueudrue\/\" target=\"_blank\" rel=\"noopener\"><span style=\"color: #a52c41;\">Lo\u00efc QUEUDRUE<\/span><\/a><\/strong>, Responsable 574 Centre &amp; Ouest march\u00e9 Ouest de <strong><a href=\"https:\/\/numerique.sncf.com\/actualites\/le-574-nantes-un-trait-dunion-entre-sncf-et-le-centre-ouest\/\" target=\"_blank\" rel=\"noopener\"><span style=\"color: #a52c41;\">Groupe SNCF<\/span><\/a><\/strong>, nous pr\u00e9sente la Direction num\u00e9rique et les motivations qui les ont pouss\u00e9s \u00e0 \u00eatre sponsor <strong>Silver\u00a0<\/strong>du salon.<\/p>\t\t\t\t\t\t\t\t<\/div>\n\t\t\t\t<\/div>\n\t\t\t\t\t<\/div>\n\t\t<\/div>\n\t\t\t\t\t<\/div>\n\t\t<\/section>\n\t\t<div class=\"elementor-element elementor-element-4c05f0a e-grid e-con-boxed e-con e-parent\" data-id=\"4c05f0a\" data-element_type=\"container\">\n\t\t\t\t\t<div class=\"e-con-inner\">\n\t\t\t\t<div class=\"elementor-element elementor-element-1cf69ba elementor-align-justify elementor-widget elementor-widget-button\" data-id=\"1cf69ba\" data-element_type=\"widget\" data-widget_type=\"button.default\">\n\t\t\t\t<div class=\"elementor-widget-container\">\n\t\t\t\t\t\t\t\t\t<div class=\"elementor-button-wrapper\">\n\t\t\t\t\t<a class=\"elementor-button elementor-button-link elementor-size-sm\" href=\"https:\/\/www.linkedin.com\/showcase\/sncfnumerique\/\">\n\t\t\t\t\t\t<span class=\"elementor-button-content-wrapper\">\n\t\t\t\t\t\t<span class=\"elementor-button-icon\">\n\t\t\t\t<svg aria-hidden=\"true\" class=\"e-font-icon-svg e-fab-linkedin-in\" viewBox=\"0 0 448 512\" xmlns=\"http:\/\/www.w3.org\/2000\/svg\"><path d=\"M100.28 448H7.4V148.9h92.88zM53.79 108.1C24.09 108.1 0 83.5 0 53.8a53.79 53.79 0 0 1 107.58 0c0 29.7-24.1 54.3-53.79 54.3zM447.9 448h-92.68V302.4c0-34.7-.7-79.2-48.29-79.2-48.29 0-55.69 37.7-55.69 76.7V448h-92.78V148.9h89.08v40.8h1.3c12.4-23.5 42.69-48.3 87.88-48.3 94 0 111.28 61.9 111.28 142.3V448z\"><\/path><\/svg>\t\t\t<\/span>\n\t\t\t\t\t\t\t\t\t<span class=\"elementor-button-text\">Groupe SNCF<\/span>\n\t\t\t\t\t<\/span>\n\t\t\t\t\t<\/a>\n\t\t\t\t<\/div>\n\t\t\t\t\t\t\t\t<\/div>\n\t\t\t\t<\/div>\n\t\t\t\t<div class=\"elementor-element elementor-element-84a07f8 elementor-align-justify elementor-widget elementor-widget-button\" data-id=\"84a07f8\" data-element_type=\"widget\" data-widget_type=\"button.default\">\n\t\t\t\t<div class=\"elementor-widget-container\">\n\t\t\t\t\t\t\t\t\t<div class=\"elementor-button-wrapper\">\n\t\t\t\t\t<a class=\"elementor-button elementor-button-link elementor-size-sm\" href=\"https:\/\/x.com\/sncfnumerique?utm_source=Le%20Petit%20Num%C3%A9rique&#038;utm_medium=email&#038;utm_campaign=Le%20Petit%20Num%C3%A9rique%20171&#038;utm_id=le-petit-numerique-171\">\n\t\t\t\t\t\t<span class=\"elementor-button-content-wrapper\">\n\t\t\t\t\t\t<span class=\"elementor-button-icon\">\n\t\t\t\t<svg aria-hidden=\"true\" class=\"e-font-icon-svg e-fab-x-twitter\" viewBox=\"0 0 512 512\" xmlns=\"http:\/\/www.w3.org\/2000\/svg\"><path d=\"M389.2 48h70.6L305.6 224.2 487 464H345L233.7 318.6 106.5 464H35.8L200.7 275.5 26.8 48H172.4L272.9 180.9 389.2 48zM364.4 421.8h39.1L151.1 88h-42L364.4 421.8z\"><\/path><\/svg>\t\t\t<\/span>\n\t\t\t\t\t\t\t\t\t<span class=\"elementor-button-text\">Groupe SNCF<\/span>\n\t\t\t\t\t<\/span>\n\t\t\t\t\t<\/a>\n\t\t\t\t<\/div>\n\t\t\t\t\t\t\t\t<\/div>\n\t\t\t\t<\/div>\n\t\t\t\t<div class=\"elementor-element elementor-element-d62664d elementor-align-justify elementor-widget elementor-widget-button\" data-id=\"d62664d\" data-element_type=\"widget\" data-widget_type=\"button.default\">\n\t\t\t\t<div class=\"elementor-widget-container\">\n\t\t\t\t\t\t\t\t\t<div class=\"elementor-button-wrapper\">\n\t\t\t\t\t<a class=\"elementor-button elementor-button-link elementor-size-sm\" href=\"https:\/\/www.instagram.com\/sncf_digital\/\">\n\t\t\t\t\t\t<span class=\"elementor-button-content-wrapper\">\n\t\t\t\t\t\t<span class=\"elementor-button-icon\">\n\t\t\t\t<svg aria-hidden=\"true\" class=\"e-font-icon-svg e-fab-instagram\" viewBox=\"0 0 448 512\" xmlns=\"http:\/\/www.w3.org\/2000\/svg\"><path d=\"M224.1 141c-63.6 0-114.9 51.3-114.9 114.9s51.3 114.9 114.9 114.9S339 319.5 339 255.9 287.7 141 224.1 141zm0 189.6c-41.1 0-74.7-33.5-74.7-74.7s33.5-74.7 74.7-74.7 74.7 33.5 74.7 74.7-33.6 74.7-74.7 74.7zm146.4-194.3c0 14.9-12 26.8-26.8 26.8-14.9 0-26.8-12-26.8-26.8s12-26.8 26.8-26.8 26.8 12 26.8 26.8zm76.1 27.2c-1.7-35.9-9.9-67.7-36.2-93.9-26.2-26.2-58-34.4-93.9-36.2-37-2.1-147.9-2.1-184.9 0-35.8 1.7-67.6 9.9-93.9 36.1s-34.4 58-36.2 93.9c-2.1 37-2.1 147.9 0 184.9 1.7 35.9 9.9 67.7 36.2 93.9s58 34.4 93.9 36.2c37 2.1 147.9 2.1 184.9 0 35.9-1.7 67.7-9.9 93.9-36.2 26.2-26.2 34.4-58 36.2-93.9 2.1-37 2.1-147.8 0-184.8zM398.8 388c-7.8 19.6-22.9 34.7-42.6 42.6-29.5 11.7-99.5 9-132.1 9s-102.7 2.6-132.1-9c-19.6-7.8-34.7-22.9-42.6-42.6-11.7-29.5-9-99.5-9-132.1s-2.6-102.7 9-132.1c7.8-19.6 22.9-34.7 42.6-42.6 29.5-11.7 99.5-9 132.1-9s102.7-2.6 132.1 9c19.6 7.8 34.7 22.9 42.6 42.6 11.7 29.5 9 99.5 9 132.1s2.7 102.7-9 132.1z\"><\/path><\/svg>\t\t\t<\/span>\n\t\t\t\t\t\t\t\t\t<span class=\"elementor-button-text\">Groupe SNCF<\/span>\n\t\t\t\t\t<\/span>\n\t\t\t\t\t<\/a>\n\t\t\t\t<\/div>\n\t\t\t\t\t\t\t\t<\/div>\n\t\t\t\t<\/div>\n\t\t\t\t\t<\/div>\n\t\t\t\t<\/div>\n\t\t\t\t<section class=\"elementor-section elementor-top-section elementor-element elementor-element-39962b5 elementor-section-boxed elementor-section-height-default elementor-section-height-default\" data-id=\"39962b5\" data-element_type=\"section\">\n\t\t\t\t\t\t<div class=\"elementor-container elementor-column-gap-default\">\n\t\t\t\t\t<div class=\"elementor-column elementor-col-100 elementor-top-column elementor-element elementor-element-a865b5d\" data-id=\"a865b5d\" data-element_type=\"column\">\n\t\t\t<div class=\"elementor-widget-wrap elementor-element-populated\">\n\t\t\t\t\t\t<div class=\"elementor-element elementor-element-2d542b7 elementor-widget-divider--view-line elementor-widget elementor-widget-divider\" data-id=\"2d542b7\" data-element_type=\"widget\" data-widget_type=\"divider.default\">\n\t\t\t\t<div class=\"elementor-widget-container\">\n\t\t\t\t\t\t\t<div class=\"elementor-divider\">\n\t\t\t<span class=\"elementor-divider-separator\">\n\t\t\t\t\t\t<\/span>\n\t\t<\/div>\n\t\t\t\t\t\t<\/div>\n\t\t\t\t<\/div>\n\t\t\t\t\t<\/div>\n\t\t<\/div>\n\t\t\t\t\t<\/div>\n\t\t<\/section>\n\t\t\t\t<section class=\"elementor-section elementor-top-section elementor-element elementor-element-18c4634 elementor-section-boxed elementor-section-height-default elementor-section-height-default\" data-id=\"18c4634\" data-element_type=\"section\">\n\t\t\t\t\t\t<div class=\"elementor-container elementor-column-gap-default\">\n\t\t\t\t\t<div class=\"elementor-column elementor-col-100 elementor-top-column elementor-element elementor-element-f990a51\" data-id=\"f990a51\" data-element_type=\"column\">\n\t\t\t<div class=\"elementor-widget-wrap elementor-element-populated\">\n\t\t\t\t\t\t<div class=\"elementor-element elementor-element-ea83c0f elementor-widget elementor-widget-heading\" data-id=\"ea83c0f\" data-element_type=\"widget\" data-widget_type=\"heading.default\">\n\t\t\t\t<div class=\"elementor-widget-container\">\n\t\t\t\t\t<h2 class=\"elementor-heading-title elementor-size-medium\">1. Pouvez-vous pr\u00e9senter succinctement votre soci\u00e9t\u00e9, ainsi que son aCTIVIT\u00e9?<\/h2>\t\t\t\t<\/div>\n\t\t\t\t<\/div>\n\t\t\t\t\t<\/div>\n\t\t<\/div>\n\t\t\t\t\t<\/div>\n\t\t<\/section>\n\t\t\t\t<section class=\"elementor-section elementor-top-section elementor-element elementor-element-1af055c elementor-section-boxed elementor-section-height-default elementor-section-height-default\" data-id=\"1af055c\" data-element_type=\"section\">\n\t\t\t\t\t\t<div class=\"elementor-container elementor-column-gap-default\">\n\t\t\t\t\t<div class=\"elementor-column elementor-col-100 elementor-top-column elementor-element elementor-element-21dbb0b\" data-id=\"21dbb0b\" data-element_type=\"column\">\n\t\t\t<div class=\"elementor-widget-wrap elementor-element-populated\">\n\t\t\t\t\t\t<div class=\"elementor-element elementor-element-c13af9b elementor-widget elementor-widget-text-editor\" data-id=\"c13af9b\" data-element_type=\"widget\" data-widget_type=\"text-editor.default\">\n\t\t\t\t<div class=\"elementor-widget-container\">\n\t\t\t\t\t\t\t\t\t<p>Le <strong>Groupe SNCF<\/strong> travaille \u00e0 d\u00e9velopper des solutions de mobilit\u00e9s collectives et inclusives pour offrir partout de r\u00e9elles alternatives \u00e0 la voiture individuelle. Le ferroviaire est la colonne vert\u00e9brale des mobilit\u00e9s, au service de la transition \u00e9cologique et une solution aux ambitions de d\u00e9carbonation de la soci\u00e9t\u00e9.<\/p><p>Avec 30 000 km de voies, 290.000 employ\u00e9s, la SNCF est un acteur industriel majeur en France et dans le monde avec <b>5 millions de voyageurs transport\u00e9s par jour en France<\/b>.<\/p><p>C\u00f4t\u00e9 Num\u00e9rique, le Groupe SNCF c\u2019est\u00a04500 collaborateurs dont un peu plus de 1200 \u00e0 Nantes !<\/p><p>Le partenariat est port\u00e9 par le 574 Centre &amp; Ouest, la maison du digital du <strong>Groupe SNCF<\/strong> en Bretagne, Pays de Loire et Centre Val de Loire.<\/p><p>574 fait r\u00e9f\u00e9rence au record du monde de vitesse sur rail d\u00e9tenu par le <strong>Groupe SNCF<\/strong> et symbolise l\u2019acc\u00e9l\u00e9ration des projets digitaux du Groupe SNCF.<\/p>\t\t\t\t\t\t\t\t<\/div>\n\t\t\t\t<\/div>\n\t\t\t\t<div class=\"elementor-element elementor-element-72eeb32 elementor-widget elementor-widget-heading\" data-id=\"72eeb32\" data-element_type=\"widget\" data-widget_type=\"heading.default\">\n\t\t\t\t<div class=\"elementor-widget-container\">\n\t\t\t\t\t<h2 class=\"elementor-heading-title elementor-size-medium\">2. qu'est-ce qui vous a donn\u00e9 envie de participer \u00e0 cette nouvelle \u00e9dition ? qu'appr\u00e9ciez-vous en particulier ?<\/h2>\t\t\t\t<\/div>\n\t\t\t\t<\/div>\n\t\t\t\t<div class=\"elementor-element elementor-element-5c0a2ad elementor-widget elementor-widget-text-editor\" data-id=\"5c0a2ad\" data-element_type=\"widget\" data-widget_type=\"text-editor.default\">\n\t\t\t\t<div class=\"elementor-widget-container\">\n\t\t\t\t\t\t\t\t\t<p>Depuis plusieurs ann\u00e9es, le <b>Groupe SNCF<\/b> pr\u00e9sente des sujets en lien avec la Data g\u00e9n\u00e9ralement au service de la relation client ou bien au service des projets SI.<\/p><p>La nouveaut\u00e9 pour cette 10<sup>\u00e8me<\/sup> \u00e9dition <b>c\u2019est le fait de devenir partenaire<\/b> pour marquer notre attachement \u00e0 cet \u00e9v\u00e9nement digital exclusivement d\u00e9di\u00e9 \u00e0 la DATA et l\u2019IA depuis 2 ans.<\/p><p>Ce que les participants nous remontent c\u2019est le fait d\u2019avoir un <b>festival num\u00e9rique \u00e0 taille humaine<\/b> m\u00eame si celui-ci a pris de l\u2019ampleur ces derni\u00e8res ann\u00e9es en nombre de participants physiques et \u00e0 distance.<\/p><p>Ce qui est appr\u00e9ciable en tant que participant d\u2019un grand Groupe, c\u2019est que les <b>solutions pr\u00e9sent\u00e9es sont concr\u00e8tes<\/b> et que les gens viennent pour capter de l\u2019information, du <b>partage de pratiques <\/b>et des <b>relations pour s\u2019\u00e9lever ensuite<\/b>. Ce n\u2019est pas un rendez-vous bullshit (excusez l\u2019expression) qui ne favoriserait que le business et \/ ou des pr\u00e9sentations uniquement pour se faire mousser.<\/p><p>Une force de ce festival est \u00e9galement d\u2019avoir des gens de multiples horizons et les organisateurs sont sympas et certains ont des cuisses faites pour l\u2019ultra-trail.\u00a0<\/p><p>En compl\u00e9ment, je voulais souligner que la participation de la SNCF au Salon de la data et de l&rsquo;IA est tr\u00e8s importante pour nous car elle souligne l\u2019engagement du Groupe envers le territoire nantais\/Lig\u00e9rien et ses acteurs\u00a0; et cela permet d\u2019offrir une belle visibilit\u00e9 dans cet \u00e9v\u00e9nement inclusif qui attire un public diversifi\u00e9.<\/p><p>La raison d\u2019\u00eatre du Groupe SNCF est <strong>Agir pour une soci\u00e9t\u00e9 en mouvement, solidaire et durable <\/strong><\/p><p>Avec l\u2019Humain, les territoires et l\u2019environnement, le <b>Num\u00e9rique est l\u2019une des 4 lignes de force de TOUS SNCF<\/b> notre projet d\u2019entreprise et je trouve qu\u2019on retrouve ces valeurs dans le salon.<\/p>\t\t\t\t\t\t\t\t<\/div>\n\t\t\t\t<\/div>\n\t\t\t\t\t<\/div>\n\t\t<\/div>\n\t\t\t\t\t<\/div>\n\t\t<\/section>\n\t\t\t\t<section class=\"elementor-section elementor-top-section elementor-element elementor-element-d893d0f elementor-section-boxed elementor-section-height-default elementor-section-height-default\" data-id=\"d893d0f\" data-element_type=\"section\">\n\t\t\t\t\t\t<div class=\"elementor-container elementor-column-gap-default\">\n\t\t\t\t\t<div class=\"elementor-column elementor-col-100 elementor-top-column elementor-element elementor-element-e05ca9d\" data-id=\"e05ca9d\" data-element_type=\"column\">\n\t\t\t<div class=\"elementor-widget-wrap elementor-element-populated\">\n\t\t\t\t\t\t<div class=\"elementor-element elementor-element-42e010c elementor-widget elementor-widget-heading\" data-id=\"42e010c\" data-element_type=\"widget\" data-widget_type=\"heading.default\">\n\t\t\t\t<div class=\"elementor-widget-container\">\n\t\t\t\t\t<h2 class=\"elementor-heading-title elementor-size-medium\">3. quel changement marquant avez-vous observ\u00e9 ces 10 derni\u00e8res ann\u00e9es ? <\/h2>\t\t\t\t<\/div>\n\t\t\t\t<\/div>\n\t\t\t\t<div class=\"elementor-element elementor-element-de8a93c elementor-widget elementor-widget-text-editor\" data-id=\"de8a93c\" data-element_type=\"widget\" data-widget_type=\"text-editor.default\">\n\t\t\t\t<div class=\"elementor-widget-container\">\n\t\t\t\t\t\t\t\t\t<p>Plus de monde, plus de th\u00e8mes sur l\u2019IA, plus de d\u00e9mos&#8230;<\/p>\t\t\t\t\t\t\t\t<\/div>\n\t\t\t\t<\/div>\n\t\t\t\t\t<\/div>\n\t\t<\/div>\n\t\t\t\t\t<\/div>\n\t\t<\/section>\n\t\t\t\t<\/div>\n\t\t","protected":false},"excerpt":{"rendered":"<p>Interview du Groupe sncf Sponsor silver du salon de la data ET DE l&rsquo;ia 2025 Dans le cadre de l&rsquo;\u00e9dition 2025 du Salon de la DATA et de l&rsquo;IA, Lo\u00efc QUEUDRUE, Responsable 574 Centre &amp; Ouest march\u00e9 Ouest de Groupe SNCF, nous pr\u00e9sente la Direction num\u00e9rique et les motivations qui les ont pouss\u00e9s \u00e0 \u00eatre [&hellip;]<\/p>\n","protected":false},"author":19,"featured_media":0,"parent":0,"menu_order":0,"comment_status":"closed","ping_status":"closed","template":"","meta":{"ocean_post_layout":"","ocean_both_sidebars_style":"","ocean_both_sidebars_content_width":0,"ocean_both_sidebars_sidebars_width":0,"ocean_sidebar":"0","ocean_second_sidebar":"0","ocean_disable_margins":"enable","ocean_add_body_class":"","ocean_shortcode_before_top_bar":"","ocean_shortcode_after_top_bar":"","ocean_shortcode_before_header":"","ocean_shortcode_after_header":"","ocean_has_shortcode":"","ocean_shortcode_after_title":"","ocean_shortcode_before_footer_widgets":"","ocean_shortcode_after_footer_widgets":"","ocean_shortcode_before_footer_bottom":"","ocean_shortcode_after_footer_bottom":"","ocean_display_top_bar":"default","ocean_display_header":"default","ocean_header_style":"","ocean_center_header_left_menu":"0","ocean_custom_header_template":"0","ocean_custom_logo":0,"ocean_custom_retina_logo":0,"ocean_custom_logo_max_width":0,"ocean_custom_logo_tablet_max_width":0,"ocean_custom_logo_mobile_max_width":0,"ocean_custom_logo_max_height":0,"ocean_custom_logo_tablet_max_height":0,"ocean_custom_logo_mobile_max_height":0,"ocean_header_custom_menu":"0","ocean_menu_typo_font_family":"0","ocean_menu_typo_font_subset":"","ocean_menu_typo_font_size":0,"ocean_menu_typo_font_size_tablet":0,"ocean_menu_typo_font_size_mobile":0,"ocean_menu_typo_font_size_unit":"px","ocean_menu_typo_font_weight":"","ocean_menu_typo_font_weight_tablet":"","ocean_menu_typo_font_weight_mobile":"","ocean_menu_typo_transform":"","ocean_menu_typo_transform_tablet":"","ocean_menu_typo_transform_mobile":"","ocean_menu_typo_line_height":0,"ocean_menu_typo_line_height_tablet":0,"ocean_menu_typo_line_height_mobile":0,"ocean_menu_typo_line_height_unit":"","ocean_menu_typo_spacing":0,"ocean_menu_typo_spacing_tablet":0,"ocean_menu_typo_spacing_mobile":0,"ocean_menu_typo_spacing_unit":"","ocean_menu_link_color":"","ocean_menu_link_color_hover":"","ocean_menu_link_color_active":"","ocean_menu_link_background":"","ocean_menu_link_hover_background":"","ocean_menu_link_active_background":"","ocean_menu_social_links_bg":"","ocean_menu_social_hover_links_bg":"","ocean_menu_social_links_color":"","ocean_menu_social_hover_links_color":"","ocean_disable_title":"default","ocean_disable_heading":"default","ocean_post_title":"","ocean_post_subheading":"","ocean_post_title_style":"","ocean_post_title_background_color":"","ocean_post_title_background":0,"ocean_post_title_bg_image_position":"","ocean_post_title_bg_image_attachment":"","ocean_post_title_bg_image_repeat":"","ocean_post_title_bg_image_size":"","ocean_post_title_height":0,"ocean_post_title_bg_overlay":0.5,"ocean_post_title_bg_overlay_color":"","ocean_disable_breadcrumbs":"default","ocean_breadcrumbs_color":"","ocean_breadcrumbs_separator_color":"","ocean_breadcrumbs_links_color":"","ocean_breadcrumbs_links_hover_color":"","ocean_display_footer_widgets":"default","ocean_display_footer_bottom":"default","ocean_custom_footer_template":"0","footnotes":""},"class_list":["post-10468","page","type-page","status-publish","hentry","entry"],"yoast_head":"<!-- This site is optimized with the Yoast SEO plugin v26.5 - https:\/\/yoast.com\/wordpress\/plugins\/seo\/ -->\n<title>interview-groupe-sncf-2025-07-01 - Salon de la DATA<\/title>\n<meta name=\"description\" content=\"D\u00e9couvrez l&#039;interview du Groupe SNCF pr\u00e9sent au Salon de la DATA et de l&#039;IA \u00e0 NANTES le 16 septembre 2025 en tant que sponsor\" \/>\n<meta name=\"robots\" content=\"index, follow, max-snippet:-1, max-image-preview:large, max-video-preview:-1\" \/>\n<link rel=\"canonical\" href=\"https:\/\/salondata.fr\/index.php\/interview-groupe-sncf-2025-07-01\/\" \/>\n<meta property=\"og:locale\" content=\"fr_FR\" \/>\n<meta property=\"og:type\" content=\"article\" \/>\n<meta property=\"og:title\" content=\"interview-groupe-sncf-2025-07-01 - Salon de la DATA\" \/>\n<meta property=\"og:description\" content=\"D\u00e9couvrez l&#039;interview du Groupe SNCF pr\u00e9sent au Salon de la DATA et de l&#039;IA \u00e0 NANTES le 16 septembre 2025 en tant que sponsor\" \/>\n<meta property=\"og:url\" content=\"https:\/\/salondata.fr\/index.php\/interview-groupe-sncf-2025-07-01\/\" \/>\n<meta property=\"og:site_name\" content=\"Salon de la DATA\" \/>\n<meta property=\"article:modified_time\" content=\"2025-06-30T21:13:18+00:00\" \/>\n<meta property=\"og:image\" content=\"https:\/\/salondata.fr\/wp-content\/uploads\/2025\/06\/SNCF-groupe-300x284.jpg\" \/>\n<meta name=\"twitter:card\" content=\"summary_large_image\" \/>\n<meta name=\"twitter:site\" content=\"@SalonData\" \/>\n<meta name=\"twitter:label1\" content=\"Dur\u00e9e de lecture estim\u00e9e\" \/>\n\t<meta name=\"twitter:data1\" content=\"3 minutes\" \/>\n<script type=\"application\/ld+json\" class=\"yoast-schema-graph\">{\"@context\":\"https:\/\/schema.org\",\"@graph\":[{\"@type\":\"WebPage\",\"@id\":\"https:\/\/salondata.fr\/index.php\/interview-groupe-sncf-2025-07-01\/\",\"url\":\"https:\/\/salondata.fr\/index.php\/interview-groupe-sncf-2025-07-01\/\",\"name\":\"interview-groupe-sncf-2025-07-01 - Salon de la DATA\",\"isPartOf\":{\"@id\":\"https:\/\/salondata.fr\/#website\"},\"primaryImageOfPage\":{\"@id\":\"https:\/\/salondata.fr\/index.php\/interview-groupe-sncf-2025-07-01\/#primaryimage\"},\"image\":{\"@id\":\"https:\/\/salondata.fr\/index.php\/interview-groupe-sncf-2025-07-01\/#primaryimage\"},\"thumbnailUrl\":\"https:\/\/salondata.fr\/wp-content\/uploads\/2025\/06\/SNCF-groupe-300x284.jpg\",\"datePublished\":\"2025-06-30T20:44:40+00:00\",\"dateModified\":\"2025-06-30T21:13:18+00:00\",\"description\":\"D\u00e9couvrez l'interview du Groupe SNCF pr\u00e9sent au Salon de la DATA et de l'IA \u00e0 NANTES le 16 septembre 2025 en tant que sponsor\",\"breadcrumb\":{\"@id\":\"https:\/\/salondata.fr\/index.php\/interview-groupe-sncf-2025-07-01\/#breadcrumb\"},\"inLanguage\":\"fr-FR\",\"potentialAction\":[{\"@type\":\"ReadAction\",\"target\":[\"https:\/\/salondata.fr\/index.php\/interview-groupe-sncf-2025-07-01\/\"]}]},{\"@type\":\"ImageObject\",\"inLanguage\":\"fr-FR\",\"@id\":\"https:\/\/salondata.fr\/index.php\/interview-groupe-sncf-2025-07-01\/#primaryimage\",\"url\":\"https:\/\/salondata.fr\/wp-content\/uploads\/2025\/06\/SNCF-groupe.jpg\",\"contentUrl\":\"https:\/\/salondata.fr\/wp-content\/uploads\/2025\/06\/SNCF-groupe.jpg\",\"width\":1485,\"height\":1407},{\"@type\":\"BreadcrumbList\",\"@id\":\"https:\/\/salondata.fr\/index.php\/interview-groupe-sncf-2025-07-01\/#breadcrumb\",\"itemListElement\":[{\"@type\":\"ListItem\",\"position\":1,\"name\":\"Accueil\",\"item\":\"https:\/\/salondata.fr\/\"},{\"@type\":\"ListItem\",\"position\":2,\"name\":\"interview-groupe-sncf-2025-07-01\"}]},{\"@type\":\"WebSite\",\"@id\":\"https:\/\/salondata.fr\/#website\",\"url\":\"https:\/\/salondata.fr\/\",\"name\":\"Salon de la DATA\",\"description\":\"Un salon par et pour les passionn\u00e9s de la data\",\"publisher\":{\"@id\":\"https:\/\/salondata.fr\/#organization\"},\"potentialAction\":[{\"@type\":\"SearchAction\",\"target\":{\"@type\":\"EntryPoint\",\"urlTemplate\":\"https:\/\/salondata.fr\/?s={search_term_string}\"},\"query-input\":{\"@type\":\"PropertyValueSpecification\",\"valueRequired\":true,\"valueName\":\"search_term_string\"}}],\"inLanguage\":\"fr-FR\"},{\"@type\":\"Organization\",\"@id\":\"https:\/\/salondata.fr\/#organization\",\"name\":\"Salon de la DATA\",\"url\":\"https:\/\/salondata.fr\/\",\"logo\":{\"@type\":\"ImageObject\",\"inLanguage\":\"fr-FR\",\"@id\":\"https:\/\/salondata.fr\/#\/schema\/logo\/image\/\",\"url\":\"https:\/\/salondata.fr\/wp-content\/uploads\/2019\/06\/SD_LogoMacaron_2_Positif.jpg\",\"contentUrl\":\"https:\/\/salondata.fr\/wp-content\/uploads\/2019\/06\/SD_LogoMacaron_2_Positif.jpg\",\"width\":1180,\"height\":959,\"caption\":\"Salon de la DATA\"},\"image\":{\"@id\":\"https:\/\/salondata.fr\/#\/schema\/logo\/image\/\"},\"sameAs\":[\"https:\/\/x.com\/SalonData\",\"https:\/\/www.youtube.com\/channel\/UCZdnpbTbaMrXtRcBh16UPpQ\"]}]}<\/script>\n<!-- \/ Yoast SEO plugin. -->","yoast_head_json":{"title":"interview-groupe-sncf-2025-07-01 - Salon de la DATA","description":"D\u00e9couvrez l'interview du Groupe SNCF pr\u00e9sent au Salon de la DATA et de l'IA \u00e0 NANTES le 16 septembre 2025 en tant que sponsor","robots":{"index":"index","follow":"follow","max-snippet":"max-snippet:-1","max-image-preview":"max-image-preview:large","max-video-preview":"max-video-preview:-1"},"canonical":"https:\/\/salondata.fr\/index.php\/interview-groupe-sncf-2025-07-01\/","og_locale":"fr_FR","og_type":"article","og_title":"interview-groupe-sncf-2025-07-01 - Salon de la DATA","og_description":"D\u00e9couvrez l'interview du Groupe SNCF pr\u00e9sent au Salon de la DATA et de l'IA \u00e0 NANTES le 16 septembre 2025 en tant que sponsor","og_url":"https:\/\/salondata.fr\/index.php\/interview-groupe-sncf-2025-07-01\/","og_site_name":"Salon de la DATA","article_modified_time":"2025-06-30T21:13:18+00:00","og_image":[{"url":"https:\/\/salondata.fr\/wp-content\/uploads\/2025\/06\/SNCF-groupe-300x284.jpg","type":"","width":"","height":""}],"twitter_card":"summary_large_image","twitter_site":"@SalonData","twitter_misc":{"Dur\u00e9e de lecture estim\u00e9e":"3 minutes"},"schema":{"@context":"https:\/\/schema.org","@graph":[{"@type":"WebPage","@id":"https:\/\/salondata.fr\/index.php\/interview-groupe-sncf-2025-07-01\/","url":"https:\/\/salondata.fr\/index.php\/interview-groupe-sncf-2025-07-01\/","name":"interview-groupe-sncf-2025-07-01 - Salon de la DATA","isPartOf":{"@id":"https:\/\/salondata.fr\/#website"},"primaryImageOfPage":{"@id":"https:\/\/salondata.fr\/index.php\/interview-groupe-sncf-2025-07-01\/#primaryimage"},"image":{"@id":"https:\/\/salondata.fr\/index.php\/interview-groupe-sncf-2025-07-01\/#primaryimage"},"thumbnailUrl":"https:\/\/salondata.fr\/wp-content\/uploads\/2025\/06\/SNCF-groupe-300x284.jpg","datePublished":"2025-06-30T20:44:40+00:00","dateModified":"2025-06-30T21:13:18+00:00","description":"D\u00e9couvrez l'interview du Groupe SNCF pr\u00e9sent au Salon de la DATA et de l'IA \u00e0 NANTES le 16 septembre 2025 en tant que sponsor","breadcrumb":{"@id":"https:\/\/salondata.fr\/index.php\/interview-groupe-sncf-2025-07-01\/#breadcrumb"},"inLanguage":"fr-FR","potentialAction":[{"@type":"ReadAction","target":["https:\/\/salondata.fr\/index.php\/interview-groupe-sncf-2025-07-01\/"]}]},{"@type":"ImageObject","inLanguage":"fr-FR","@id":"https:\/\/salondata.fr\/index.php\/interview-groupe-sncf-2025-07-01\/#primaryimage","url":"https:\/\/salondata.fr\/wp-content\/uploads\/2025\/06\/SNCF-groupe.jpg","contentUrl":"https:\/\/salondata.fr\/wp-content\/uploads\/2025\/06\/SNCF-groupe.jpg","width":1485,"height":1407},{"@type":"BreadcrumbList","@id":"https:\/\/salondata.fr\/index.php\/interview-groupe-sncf-2025-07-01\/#breadcrumb","itemListElement":[{"@type":"ListItem","position":1,"name":"Accueil","item":"https:\/\/salondata.fr\/"},{"@type":"ListItem","position":2,"name":"interview-groupe-sncf-2025-07-01"}]},{"@type":"WebSite","@id":"https:\/\/salondata.fr\/#website","url":"https:\/\/salondata.fr\/","name":"Salon de la DATA","description":"Un salon par et pour les passionn\u00e9s de la data","publisher":{"@id":"https:\/\/salondata.fr\/#organization"},"potentialAction":[{"@type":"SearchAction","target":{"@type":"EntryPoint","urlTemplate":"https:\/\/salondata.fr\/?s={search_term_string}"},"query-input":{"@type":"PropertyValueSpecification","valueRequired":true,"valueName":"search_term_string"}}],"inLanguage":"fr-FR"},{"@type":"Organization","@id":"https:\/\/salondata.fr\/#organization","name":"Salon de la DATA","url":"https:\/\/salondata.fr\/","logo":{"@type":"ImageObject","inLanguage":"fr-FR","@id":"https:\/\/salondata.fr\/#\/schema\/logo\/image\/","url":"https:\/\/salondata.fr\/wp-content\/uploads\/2019\/06\/SD_LogoMacaron_2_Positif.jpg","contentUrl":"https:\/\/salondata.fr\/wp-content\/uploads\/2019\/06\/SD_LogoMacaron_2_Positif.jpg","width":1180,"height":959,"caption":"Salon de la DATA"},"image":{"@id":"https:\/\/salondata.fr\/#\/schema\/logo\/image\/"},"sameAs":["https:\/\/x.com\/SalonData","https:\/\/www.youtube.com\/channel\/UCZdnpbTbaMrXtRcBh16UPpQ"]}]}},"_links":{"self":[{"href":"https:\/\/salondata.fr\/index.php\/wp-json\/wp\/v2\/pages\/10468","targetHints":{"allow":["GET"]}}],"collection":[{"href":"https:\/\/salondata.fr\/index.php\/wp-json\/wp\/v2\/pages"}],"about":[{"href":"https:\/\/salondata.fr\/index.php\/wp-json\/wp\/v2\/types\/page"}],"author":[{"embeddable":true,"href":"https:\/\/salondata.fr\/index.php\/wp-json\/wp\/v2\/users\/19"}],"replies":[{"embeddable":true,"href":"https:\/\/salondata.fr\/index.php\/wp-json\/wp\/v2\/comments?post=10468"}],"version-history":[{"count":13,"href":"https:\/\/salondata.fr\/index.php\/wp-json\/wp\/v2\/pages\/10468\/revisions"}],"predecessor-version":[{"id":10489,"href":"https:\/\/salondata.fr\/index.php\/wp-json\/wp\/v2\/pages\/10468\/revisions\/10489"}],"wp:attachment":[{"href":"https:\/\/salondata.fr\/index.php\/wp-json\/wp\/v2\/media?parent=10468"}],"curies":[{"name":"wp","href":"https:\/\/api.w.org\/{rel}","templated":true}]}}