{"id":10557,"date":"2025-07-20T17:55:42","date_gmt":"2025-07-20T15:55:42","guid":{"rendered":"https:\/\/salondata.fr\/?page_id=10557"},"modified":"2025-07-20T18:02:47","modified_gmt":"2025-07-20T16:02:47","slug":"interview-valeuriad-2025-07-20","status":"publish","type":"page","link":"https:\/\/salondata.fr\/index.php\/interview-valeuriad-2025-07-20\/","title":{"rendered":"interview-valeuriad-2025-07-20"},"content":{"rendered":"\t\t<div data-elementor-type=\"wp-post\" data-elementor-id=\"10557\" class=\"elementor elementor-10557\" data-elementor-post-type=\"page\">\n\t\t\t\t\t\t<section class=\"elementor-section elementor-top-section elementor-element elementor-element-b816035 elementor-section-boxed elementor-section-height-default elementor-section-height-default\" data-id=\"b816035\" data-element_type=\"section\">\n\t\t\t\t\t\t<div class=\"elementor-container elementor-column-gap-default\">\n\t\t\t\t\t<div class=\"elementor-column elementor-col-100 elementor-top-column elementor-element elementor-element-a01e211\" data-id=\"a01e211\" data-element_type=\"column\">\n\t\t\t<div class=\"elementor-widget-wrap elementor-element-populated\">\n\t\t\t\t\t\t<div class=\"elementor-element elementor-element-fbae8dc elementor-widget elementor-widget-spacer\" data-id=\"fbae8dc\" data-element_type=\"widget\" data-widget_type=\"spacer.default\">\n\t\t\t\t<div class=\"elementor-widget-container\">\n\t\t\t\t\t\t\t<div class=\"elementor-spacer\">\n\t\t\t<div class=\"elementor-spacer-inner\"><\/div>\n\t\t<\/div>\n\t\t\t\t\t\t<\/div>\n\t\t\t\t<\/div>\n\t\t\t\t\t<\/div>\n\t\t<\/div>\n\t\t\t\t\t<\/div>\n\t\t<\/section>\n\t\t\t\t<section class=\"elementor-section elementor-top-section elementor-element elementor-element-c074673 elementor-section-boxed elementor-section-height-default elementor-section-height-default\" data-id=\"c074673\" data-element_type=\"section\">\n\t\t\t\t\t\t<div class=\"elementor-container elementor-column-gap-default\">\n\t\t\t\t\t<div class=\"elementor-column elementor-col-50 elementor-top-column elementor-element elementor-element-f4c0596\" data-id=\"f4c0596\" data-element_type=\"column\">\n\t\t\t<div class=\"elementor-widget-wrap elementor-element-populated\">\n\t\t\t\t\t\t<div class=\"elementor-element elementor-element-91d09c9 elementor-widget elementor-widget-heading\" data-id=\"91d09c9\" data-element_type=\"widget\" data-widget_type=\"heading.default\">\n\t\t\t\t<div class=\"elementor-widget-container\">\n\t\t\t\t\t<h1 class=\"elementor-heading-title elementor-size-xl\">Interview de valeur iad<\/h1>\t\t\t\t<\/div>\n\t\t\t\t<\/div>\n\t\t\t\t<div class=\"elementor-element elementor-element-6abf165 elementor-widget elementor-widget-heading\" data-id=\"6abf165\" data-element_type=\"widget\" data-widget_type=\"heading.default\">\n\t\t\t\t<div class=\"elementor-widget-container\">\n\t\t\t\t\t<h1 class=\"elementor-heading-title elementor-size-xl\">Sponsor Gold du salon de la data ET DE l'ia 2025<\/h1>\t\t\t\t<\/div>\n\t\t\t\t<\/div>\n\t\t\t\t\t<\/div>\n\t\t<\/div>\n\t\t\t\t<div class=\"elementor-column elementor-col-50 elementor-top-column elementor-element elementor-element-ae7b054\" data-id=\"ae7b054\" data-element_type=\"column\">\n\t\t\t<div class=\"elementor-widget-wrap elementor-element-populated\">\n\t\t\t\t\t\t<div class=\"elementor-element elementor-element-ba46c9a elementor-widget elementor-widget-image\" data-id=\"ba46c9a\" data-element_type=\"widget\" data-widget_type=\"image.default\">\n\t\t\t\t<div class=\"elementor-widget-container\">\n\t\t\t\t\t\t\t\t\t\t\t\t\t\t\t\t<a href=\"https:\/\/www.valeuriad.fr\/\">\n\t\t\t\t\t\t\t<img fetchpriority=\"high\" decoding=\"async\" width=\"768\" height=\"768\" src=\"https:\/\/salondata.fr\/wp-content\/uploads\/2025\/02\/logo-valeuriad-bold-sans-baseline-bleu-768x768.png\" class=\"attachment-medium_large size-medium_large wp-image-10311\" alt=\"logo Valeur IAD\" srcset=\"https:\/\/salondata.fr\/wp-content\/uploads\/2025\/02\/logo-valeuriad-bold-sans-baseline-bleu-768x768.png 768w, https:\/\/salondata.fr\/wp-content\/uploads\/2025\/02\/logo-valeuriad-bold-sans-baseline-bleu-300x300.png 300w, https:\/\/salondata.fr\/wp-content\/uploads\/2025\/02\/logo-valeuriad-bold-sans-baseline-bleu-1024x1024.png 1024w, https:\/\/salondata.fr\/wp-content\/uploads\/2025\/02\/logo-valeuriad-bold-sans-baseline-bleu-150x150.png 150w, https:\/\/salondata.fr\/wp-content\/uploads\/2025\/02\/logo-valeuriad-bold-sans-baseline-bleu-1536x1536.png 1536w, https:\/\/salondata.fr\/wp-content\/uploads\/2025\/02\/logo-valeuriad-bold-sans-baseline-bleu-600x600.png 600w, https:\/\/salondata.fr\/wp-content\/uploads\/2025\/02\/logo-valeuriad-bold-sans-baseline-bleu.png 2000w\" sizes=\"(max-width: 768px) 100vw, 768px\" \/>\t\t\t\t\t\t\t\t<\/a>\n\t\t\t\t\t\t\t\t\t\t\t\t\t\t\t<\/div>\n\t\t\t\t<\/div>\n\t\t\t\t\t<\/div>\n\t\t<\/div>\n\t\t\t\t\t<\/div>\n\t\t<\/section>\n\t\t<div class=\"elementor-element elementor-element-7654d5f e-grid e-con-boxed e-con e-parent\" data-id=\"7654d5f\" data-element_type=\"container\">\n\t\t\t\t\t<div class=\"e-con-inner\">\n\t\t\t\t<div class=\"elementor-element elementor-element-1cf69ba elementor-align-justify elementor-widget elementor-widget-button\" data-id=\"1cf69ba\" data-element_type=\"widget\" data-widget_type=\"button.default\">\n\t\t\t\t<div class=\"elementor-widget-container\">\n\t\t\t\t\t\t\t\t\t<div class=\"elementor-button-wrapper\">\n\t\t\t\t\t<a class=\"elementor-button elementor-button-link elementor-size-sm\" href=\"https:\/\/www.linkedin.com\/company\/valeuriad\/?originalSubdomain=fr\">\n\t\t\t\t\t\t<span class=\"elementor-button-content-wrapper\">\n\t\t\t\t\t\t<span class=\"elementor-button-icon\">\n\t\t\t\t<svg aria-hidden=\"true\" class=\"e-font-icon-svg e-fab-linkedin-in\" viewBox=\"0 0 448 512\" xmlns=\"http:\/\/www.w3.org\/2000\/svg\"><path d=\"M100.28 448H7.4V148.9h92.88zM53.79 108.1C24.09 108.1 0 83.5 0 53.8a53.79 53.79 0 0 1 107.58 0c0 29.7-24.1 54.3-53.79 54.3zM447.9 448h-92.68V302.4c0-34.7-.7-79.2-48.29-79.2-48.29 0-55.69 37.7-55.69 76.7V448h-92.78V148.9h89.08v40.8h1.3c12.4-23.5 42.69-48.3 87.88-48.3 94 0 111.28 61.9 111.28 142.3V448z\"><\/path><\/svg>\t\t\t<\/span>\n\t\t\t\t\t\t\t\t\t<span class=\"elementor-button-text\">Valeur IAD<\/span>\n\t\t\t\t\t<\/span>\n\t\t\t\t\t<\/a>\n\t\t\t\t<\/div>\n\t\t\t\t\t\t\t\t<\/div>\n\t\t\t\t<\/div>\n\t\t\t\t<div class=\"elementor-element elementor-element-84a07f8 elementor-align-justify elementor-widget elementor-widget-button\" data-id=\"84a07f8\" data-element_type=\"widget\" data-widget_type=\"button.default\">\n\t\t\t\t<div class=\"elementor-widget-container\">\n\t\t\t\t\t\t\t\t\t<div class=\"elementor-button-wrapper\">\n\t\t\t\t\t<a class=\"elementor-button elementor-button-link elementor-size-sm\" href=\"https:\/\/www.youtube.com\/@valeuriad\">\n\t\t\t\t\t\t<span class=\"elementor-button-content-wrapper\">\n\t\t\t\t\t\t<span class=\"elementor-button-icon\">\n\t\t\t\t<svg aria-hidden=\"true\" class=\"e-font-icon-svg e-fab-youtube\" viewBox=\"0 0 576 512\" xmlns=\"http:\/\/www.w3.org\/2000\/svg\"><path d=\"M549.655 124.083c-6.281-23.65-24.787-42.276-48.284-48.597C458.781 64 288 64 288 64S117.22 64 74.629 75.486c-23.497 6.322-42.003 24.947-48.284 48.597-11.412 42.867-11.412 132.305-11.412 132.305s0 89.438 11.412 132.305c6.281 23.65 24.787 41.5 48.284 47.821C117.22 448 288 448 288 448s170.78 0 213.371-11.486c23.497-6.321 42.003-24.171 48.284-47.821 11.412-42.867 11.412-132.305 11.412-132.305s0-89.438-11.412-132.305zm-317.51 213.508V175.185l142.739 81.205-142.739 81.201z\"><\/path><\/svg>\t\t\t<\/span>\n\t\t\t\t\t\t\t\t\t<span class=\"elementor-button-text\">Valeur IAD<\/span>\n\t\t\t\t\t<\/span>\n\t\t\t\t\t<\/a>\n\t\t\t\t<\/div>\n\t\t\t\t\t\t\t\t<\/div>\n\t\t\t\t<\/div>\n\t\t\t\t\t<\/div>\n\t\t\t\t<\/div>\n\t\t\t\t<section class=\"elementor-section elementor-top-section elementor-element elementor-element-f7200a6 elementor-section-boxed elementor-section-height-default elementor-section-height-default\" data-id=\"f7200a6\" data-element_type=\"section\">\n\t\t\t\t\t\t<div class=\"elementor-container elementor-column-gap-default\">\n\t\t\t\t\t<div class=\"elementor-column elementor-col-100 elementor-top-column elementor-element elementor-element-d389591\" data-id=\"d389591\" data-element_type=\"column\">\n\t\t\t<div class=\"elementor-widget-wrap elementor-element-populated\">\n\t\t\t\t\t\t<div class=\"elementor-element elementor-element-719ca2a elementor-widget elementor-widget-text-editor\" data-id=\"719ca2a\" data-element_type=\"widget\" data-widget_type=\"text-editor.default\">\n\t\t\t\t<div class=\"elementor-widget-container\">\n\t\t\t\t\t\t\t\t\t<p>Dans le cadre de l&rsquo;\u00e9dition 2025 du Salon de la DATA et de l&rsquo;IA, <strong><a href=\"https:\/\/www.linkedin.com\/in\/nicolas-greffard\/\" target=\"_blank\" rel=\"noopener\"><span style=\"color: #a52c41;\">Nicolas GREFFARD<\/span><\/a><\/strong>, Directeur technique chez <strong><a href=\"https:\/\/www.valeuriad.fr\/\" target=\"_blank\" rel=\"noopener\"><span style=\"color: #a52c41;\">Valeur IAD<\/span><\/a><\/strong>, nous pr\u00e9sente sa soci\u00e9t\u00e9 et les motivations qui les ont pouss\u00e9s \u00e0 \u00eatre sponsor du salon pour cette 10i\u00e8me \u00e9dition.<\/p>\t\t\t\t\t\t\t\t<\/div>\n\t\t\t\t<\/div>\n\t\t\t\t\t<\/div>\n\t\t<\/div>\n\t\t\t\t\t<\/div>\n\t\t<\/section>\n\t\t\t\t<section class=\"elementor-section elementor-top-section elementor-element elementor-element-39962b5 elementor-section-boxed elementor-section-height-default elementor-section-height-default\" data-id=\"39962b5\" data-element_type=\"section\">\n\t\t\t\t\t\t<div class=\"elementor-container elementor-column-gap-default\">\n\t\t\t\t\t<div class=\"elementor-column elementor-col-100 elementor-top-column elementor-element elementor-element-a865b5d\" data-id=\"a865b5d\" data-element_type=\"column\">\n\t\t\t<div class=\"elementor-widget-wrap elementor-element-populated\">\n\t\t\t\t\t\t<div class=\"elementor-element elementor-element-2d542b7 elementor-widget-divider--view-line elementor-widget elementor-widget-divider\" data-id=\"2d542b7\" data-element_type=\"widget\" data-widget_type=\"divider.default\">\n\t\t\t\t<div class=\"elementor-widget-container\">\n\t\t\t\t\t\t\t<div class=\"elementor-divider\">\n\t\t\t<span class=\"elementor-divider-separator\">\n\t\t\t\t\t\t<\/span>\n\t\t<\/div>\n\t\t\t\t\t\t<\/div>\n\t\t\t\t<\/div>\n\t\t\t\t\t<\/div>\n\t\t<\/div>\n\t\t\t\t\t<\/div>\n\t\t<\/section>\n\t\t\t\t<section class=\"elementor-section elementor-top-section elementor-element elementor-element-18c4634 elementor-section-boxed elementor-section-height-default elementor-section-height-default\" data-id=\"18c4634\" data-element_type=\"section\">\n\t\t\t\t\t\t<div class=\"elementor-container elementor-column-gap-default\">\n\t\t\t\t\t<div class=\"elementor-column elementor-col-100 elementor-top-column elementor-element elementor-element-f990a51\" data-id=\"f990a51\" data-element_type=\"column\">\n\t\t\t<div class=\"elementor-widget-wrap elementor-element-populated\">\n\t\t\t\t\t\t<div class=\"elementor-element elementor-element-ea83c0f elementor-widget elementor-widget-heading\" data-id=\"ea83c0f\" data-element_type=\"widget\" data-widget_type=\"heading.default\">\n\t\t\t\t<div class=\"elementor-widget-container\">\n\t\t\t\t\t<h2 class=\"elementor-heading-title elementor-size-medium\">1. Pouvez-vous pr\u00e9senter succinctement votre soci\u00e9t\u00e9, ainsi que son aCTIVIT\u00e9?<\/h2>\t\t\t\t<\/div>\n\t\t\t\t<\/div>\n\t\t\t\t\t<\/div>\n\t\t<\/div>\n\t\t\t\t\t<\/div>\n\t\t<\/section>\n\t\t\t\t<section class=\"elementor-section elementor-top-section elementor-element elementor-element-1af055c elementor-section-boxed elementor-section-height-default elementor-section-height-default\" data-id=\"1af055c\" data-element_type=\"section\">\n\t\t\t\t\t\t<div class=\"elementor-container elementor-column-gap-default\">\n\t\t\t\t\t<div class=\"elementor-column elementor-col-100 elementor-top-column elementor-element elementor-element-21dbb0b\" data-id=\"21dbb0b\" data-element_type=\"column\">\n\t\t\t<div class=\"elementor-widget-wrap elementor-element-populated\">\n\t\t\t\t\t\t<div class=\"elementor-element elementor-element-c13af9b elementor-widget elementor-widget-text-editor\" data-id=\"c13af9b\" data-element_type=\"widget\" data-widget_type=\"text-editor.default\">\n\t\t\t\t<div class=\"elementor-widget-container\">\n\t\t\t\t\t\t\t\t\t<p><strong>Valeuriad est une entreprise de services du num\u00e9rique (ESN) fond\u00e9e \u00e0 Nantes en 2015.<\/strong><br \/>Nous accompagnons les grands comptes publics, parapublics et priv\u00e9s (notamment SBF120), dans leurs projets technologiques \u00e0 forte valeur ajout\u00e9e. Sp\u00e9cialis\u00e9s en\u00a0<strong>DevOps, Data\/IA et conseil<\/strong>,\u00a0nous d\u00e9veloppons actuellement une\u00a0offre infra cloud avec nos partenaires cloud souverain Outscale et Scaleway. Notre d\u00e9veloppement est volontairement local pour rester fid\u00e8les \u00e0 notre ADN\u202f:\u00a0<strong>expertise, proximit\u00e9, engagement<\/strong>.<\/p><p>Notre approche repose sur un\u00a0<strong>mod\u00e8le collaboratif<\/strong>\u00a0centr\u00e9 sur l\u2019humain : QVCT, suivi de carri\u00e8re individualis\u00e9, ancrage territorial et RSE concr\u00e8te (avec\u00a0<strong>le Nid<\/strong>, notre si\u00e8ge \u00e9co-r\u00e9nov\u00e9).<br \/>Notre offre de conseil,\u00a0<strong>Noviad<\/strong>, incarne notre capacit\u00e9 \u00e0 innover et \u00e0 f\u00e9d\u00e9rer nos expertises autour de projets strat\u00e9giques.<\/p><p><strong>Valeuriad, c\u2019est le choix de la qualit\u00e9, de l\u2019authenticit\u00e9, et d\u2019un vrai savoir-faire au service de vos enjeux num\u00e9riques.<\/strong><\/p>\t\t\t\t\t\t\t\t<\/div>\n\t\t\t\t<\/div>\n\t\t\t\t<div class=\"elementor-element elementor-element-72eeb32 elementor-widget elementor-widget-heading\" data-id=\"72eeb32\" data-element_type=\"widget\" data-widget_type=\"heading.default\">\n\t\t\t\t<div class=\"elementor-widget-container\">\n\t\t\t\t\t<h2 class=\"elementor-heading-title elementor-size-medium\">2. qu'est-ce qui vous a donn\u00e9 envie de participer \u00e0 cette nouvelle \u00e9dition ? qu'appr\u00e9ciez-vous en particulier ?<\/h2>\t\t\t\t<\/div>\n\t\t\t\t<\/div>\n\t\t\t\t<div class=\"elementor-element elementor-element-5c0a2ad elementor-widget elementor-widget-text-editor\" data-id=\"5c0a2ad\" data-element_type=\"widget\" data-widget_type=\"text-editor.default\">\n\t\t\t\t<div class=\"elementor-widget-container\">\n\t\t\t\t\t\t\t\t\t<p>Participer au\u00a0<strong>Salon de la Data de Nantes<\/strong>\u00a0est pour Valeuriad une \u00e9vidence. En tant qu\u2019acteur engag\u00e9 de l\u2019\u00e9cosyst\u00e8me tech nantais depuis 2015, ce salon repr\u00e9sente un\u00a0<strong>rendez-vous incontournable pour partager, apprendre et co-construire<\/strong>\u00a0autour des enjeux data et IA.<\/p><p>Ce que nous appr\u00e9cions particuli\u00e8rement ?<br \/>\ud83d\udc49\u00a0La\u00a0<strong>richesse des \u00e9changes<\/strong>, la\u00a0<strong>qualit\u00e9 des interventions<\/strong>, et l\u2019opportunit\u00e9 de\u00a0<strong>valoriser les expertises locales<\/strong>\u00a0dans un cadre bienveillant et stimulant.<br \/>\ud83d\udc49\u00a0C\u2019est aussi un moment cl\u00e9 pour faire vivre nos valeurs :\u00a0<strong>partage, engagement, innovation et collaboration<\/strong>.<\/p><p>Cette ann\u00e9e, nous sommes fiers d\u2019y participer en tant que sponsor, de faire rayonner notre savoir-faire et de contribuer activement \u00e0 la dynamique collective du territoire.<\/p>\t\t\t\t\t\t\t\t<\/div>\n\t\t\t\t<\/div>\n\t\t\t\t\t<\/div>\n\t\t<\/div>\n\t\t\t\t\t<\/div>\n\t\t<\/section>\n\t\t\t\t<section class=\"elementor-section elementor-top-section elementor-element elementor-element-d893d0f elementor-section-boxed elementor-section-height-default elementor-section-height-default\" data-id=\"d893d0f\" data-element_type=\"section\">\n\t\t\t\t\t\t<div class=\"elementor-container elementor-column-gap-default\">\n\t\t\t\t\t<div class=\"elementor-column elementor-col-100 elementor-top-column elementor-element elementor-element-e05ca9d\" data-id=\"e05ca9d\" data-element_type=\"column\">\n\t\t\t<div class=\"elementor-widget-wrap elementor-element-populated\">\n\t\t\t\t\t\t<div class=\"elementor-element elementor-element-42e010c elementor-widget elementor-widget-heading\" data-id=\"42e010c\" data-element_type=\"widget\" data-widget_type=\"heading.default\">\n\t\t\t\t<div class=\"elementor-widget-container\">\n\t\t\t\t\t<h2 class=\"elementor-heading-title elementor-size-medium\">3. quel changement marquant avez-vous observ\u00e9 ces 10 derni\u00e8res ann\u00e9es ? <\/h2>\t\t\t\t<\/div>\n\t\t\t\t<\/div>\n\t\t\t\t<div class=\"elementor-element elementor-element-de8a93c elementor-widget elementor-widget-text-editor\" data-id=\"de8a93c\" data-element_type=\"widget\" data-widget_type=\"text-editor.default\">\n\t\t\t\t<div class=\"elementor-widget-container\">\n\t\t\t\t\t\t\t\t\t<p><strong>Trois grandes tendances structurent aujourd\u2019hui le num\u00e9rique :<\/strong><\/p><ul><li><strong>La transformation des m\u00e9tiers<\/strong>avec l\u2019\u00e9mergence de r\u00f4les hybrides (DataOps, MLOps, FinOps, GreenOps), l\u2019essor de comp\u00e9tences en IA \u00e9thique, cybers\u00e9curit\u00e9 et sobri\u00e9t\u00e9 num\u00e9rique \u2013 autant de r\u00e9ponses aux exigences RSE des organisations.<\/li><li><strong>L\u2019IA g\u00e9n\u00e9rative<\/strong>transforme les usages m\u00e9tiers, soul\u00e8ve des enjeux d\u2019\u00e9thique, de souverainet\u00e9 des donn\u00e9es et impose une int\u00e9gration raisonn\u00e9e.<\/li><li><strong>La souverainet\u00e9 num\u00e9rique<\/strong>s\u2019impose comme un imp\u00e9ratif strat\u00e9gique : contr\u00f4le des donn\u00e9es, cloud de confiance, r\u00e9gulation.<\/li><li>Enfin, nous observons un\u00a0<strong>retour au local<\/strong>: r\u00e9ancrer les comp\u00e9tences sur les territoires devient un facteur cl\u00e9 de r\u00e9silience et d\u2019engagement \u2013 une conviction que nous portons depuis toujours chez Valeuriad.<\/li><\/ul><p>Chez\u00a0<strong>Valeuriad<\/strong>, ces \u00e9volutions nourrissent nos choix strat\u00e9giques : une offre cloud en construction, des projets IA \u00e0 haute valeur ajout\u00e9e et responsables, une expertise DevOps historique, et une attention constante \u00e0 l\u2019humain au c\u0153ur de la tech. Nous assumons la conviction que se sont les individus qui font la r\u00e9ussite des projets.\u00a0<\/p>\t\t\t\t\t\t\t\t<\/div>\n\t\t\t\t<\/div>\n\t\t\t\t\t<\/div>\n\t\t<\/div>\n\t\t\t\t\t<\/div>\n\t\t<\/section>\n\t\t\t\t<section class=\"elementor-section elementor-top-section elementor-element elementor-element-983387f elementor-section-boxed elementor-section-height-default elementor-section-height-default\" data-id=\"983387f\" data-element_type=\"section\">\n\t\t\t\t\t\t<div class=\"elementor-container elementor-column-gap-default\">\n\t\t\t\t\t<div class=\"elementor-column elementor-col-100 elementor-top-column elementor-element elementor-element-0021c98\" data-id=\"0021c98\" data-element_type=\"column\">\n\t\t\t<div class=\"elementor-widget-wrap elementor-element-populated\">\n\t\t\t\t\t\t<div class=\"elementor-element elementor-element-ae561ed elementor-widget elementor-widget-heading\" data-id=\"ae561ed\" data-element_type=\"widget\" data-widget_type=\"heading.default\">\n\t\t\t\t<div class=\"elementor-widget-container\">\n\t\t\t\t\t<h2 class=\"elementor-heading-title elementor-size-medium\">4. quelles solutions allez-vous pr\u00e9senter le mardi 16 septembre ?<\/h2>\t\t\t\t<\/div>\n\t\t\t\t<\/div>\n\t\t\t\t<div class=\"elementor-element elementor-element-938b074 elementor-widget elementor-widget-text-editor\" data-id=\"938b074\" data-element_type=\"widget\" data-widget_type=\"text-editor.default\">\n\t\t\t\t<div class=\"elementor-widget-container\">\n\t\t\t\t\t\t\t\t\t<p>On va pr\u00e9senter un cas concret de <strong>migration \u00ab\u00a0souveraine\u00a0\u00bb<\/strong> en partant d&rsquo;un hyperscaler\u00a0pour aller vers un cloud souverain.<\/p><p>Je le conseille pour tous ceux qui se posent la question de l&rsquo;<b>hybridation<\/b>, surtout dans un contexte IAGen o\u00f9 la r\u00e9glementation en vigueur encourage fortement la souverainet\u00e9.\u00a0<\/p><p>Vous pourrez aussi assister \u00e0 une conf&rsquo; inspirante sur un mix de cas d&rsquo;usages IA\/IAGen\u00a0!<\/p>\t\t\t\t\t\t\t\t<\/div>\n\t\t\t\t<\/div>\n\t\t\t\t\t<\/div>\n\t\t<\/div>\n\t\t\t\t\t<\/div>\n\t\t<\/section>\n\t\t\t\t<\/div>\n\t\t","protected":false},"excerpt":{"rendered":"<p>Interview de valeur iad Sponsor Gold du salon de la data ET DE l&rsquo;ia 2025 Valeur IAD Valeur IAD Dans le cadre de l&rsquo;\u00e9dition 2025 du Salon de la DATA et de l&rsquo;IA, Nicolas GREFFARD, Directeur technique chez Valeur IAD, nous pr\u00e9sente sa soci\u00e9t\u00e9 et les motivations qui les ont pouss\u00e9s \u00e0 \u00eatre sponsor du [&hellip;]<\/p>\n","protected":false},"author":19,"featured_media":0,"parent":0,"menu_order":0,"comment_status":"closed","ping_status":"closed","template":"","meta":{"ocean_post_layout":"","ocean_both_sidebars_style":"","ocean_both_sidebars_content_width":0,"ocean_both_sidebars_sidebars_width":0,"ocean_sidebar":"0","ocean_second_sidebar":"0","ocean_disable_margins":"enable","ocean_add_body_class":"","ocean_shortcode_before_top_bar":"","ocean_shortcode_after_top_bar":"","ocean_shortcode_before_header":"","ocean_shortcode_after_header":"","ocean_has_shortcode":"","ocean_shortcode_after_title":"","ocean_shortcode_before_footer_widgets":"","ocean_shortcode_after_footer_widgets":"","ocean_shortcode_before_footer_bottom":"","ocean_shortcode_after_footer_bottom":"","ocean_display_top_bar":"default","ocean_display_header":"default","ocean_header_style":"","ocean_center_header_left_menu":"0","ocean_custom_header_template":"0","ocean_custom_logo":0,"ocean_custom_retina_logo":0,"ocean_custom_logo_max_width":0,"ocean_custom_logo_tablet_max_width":0,"ocean_custom_logo_mobile_max_width":0,"ocean_custom_logo_max_height":0,"ocean_custom_logo_tablet_max_height":0,"ocean_custom_logo_mobile_max_height":0,"ocean_header_custom_menu":"0","ocean_menu_typo_font_family":"0","ocean_menu_typo_font_subset":"","ocean_menu_typo_font_size":0,"ocean_menu_typo_font_size_tablet":0,"ocean_menu_typo_font_size_mobile":0,"ocean_menu_typo_font_size_unit":"px","ocean_menu_typo_font_weight":"","ocean_menu_typo_font_weight_tablet":"","ocean_menu_typo_font_weight_mobile":"","ocean_menu_typo_transform":"","ocean_menu_typo_transform_tablet":"","ocean_menu_typo_transform_mobile":"","ocean_menu_typo_line_height":0,"ocean_menu_typo_line_height_tablet":0,"ocean_menu_typo_line_height_mobile":0,"ocean_menu_typo_line_height_unit":"","ocean_menu_typo_spacing":0,"ocean_menu_typo_spacing_tablet":0,"ocean_menu_typo_spacing_mobile":0,"ocean_menu_typo_spacing_unit":"","ocean_menu_link_color":"","ocean_menu_link_color_hover":"","ocean_menu_link_color_active":"","ocean_menu_link_background":"","ocean_menu_link_hover_background":"","ocean_menu_link_active_background":"","ocean_menu_social_links_bg":"","ocean_menu_social_hover_links_bg":"","ocean_menu_social_links_color":"","ocean_menu_social_hover_links_color":"","ocean_disable_title":"default","ocean_disable_heading":"default","ocean_post_title":"","ocean_post_subheading":"","ocean_post_title_style":"","ocean_post_title_background_color":"","ocean_post_title_background":0,"ocean_post_title_bg_image_position":"","ocean_post_title_bg_image_attachment":"","ocean_post_title_bg_image_repeat":"","ocean_post_title_bg_image_size":"","ocean_post_title_height":0,"ocean_post_title_bg_overlay":0.5,"ocean_post_title_bg_overlay_color":"","ocean_disable_breadcrumbs":"default","ocean_breadcrumbs_color":"","ocean_breadcrumbs_separator_color":"","ocean_breadcrumbs_links_color":"","ocean_breadcrumbs_links_hover_color":"","ocean_display_footer_widgets":"default","ocean_display_footer_bottom":"default","ocean_custom_footer_template":"0","footnotes":""},"class_list":["post-10557","page","type-page","status-publish","hentry","entry"],"yoast_head":"<!-- This site is optimized with the Yoast SEO plugin v26.5 - https:\/\/yoast.com\/wordpress\/plugins\/seo\/ -->\n<title>interview-valeuriad-2025-07-20 - Salon de la DATA<\/title>\n<meta name=\"description\" content=\"D\u00e9couvrez l&#039;interview du sponsor Silver Valeur IAD pr\u00e9sent au Salon de la DATA et de l&#039;IA \u00e0 NANTES le 16 septembre 2025\" \/>\n<meta name=\"robots\" content=\"index, follow, max-snippet:-1, max-image-preview:large, max-video-preview:-1\" \/>\n<link rel=\"canonical\" href=\"https:\/\/salondata.fr\/index.php\/interview-valeuriad-2025-07-20\/\" \/>\n<meta property=\"og:locale\" content=\"fr_FR\" \/>\n<meta property=\"og:type\" content=\"article\" \/>\n<meta property=\"og:title\" content=\"interview-valeuriad-2025-07-20 - Salon de la DATA\" \/>\n<meta property=\"og:description\" content=\"D\u00e9couvrez l&#039;interview du sponsor Silver Valeur IAD pr\u00e9sent au Salon de la DATA et de l&#039;IA \u00e0 NANTES le 16 septembre 2025\" \/>\n<meta property=\"og:url\" content=\"https:\/\/salondata.fr\/index.php\/interview-valeuriad-2025-07-20\/\" \/>\n<meta property=\"og:site_name\" content=\"Salon de la DATA\" \/>\n<meta property=\"article:modified_time\" content=\"2025-07-20T16:02:47+00:00\" \/>\n<meta property=\"og:image\" content=\"https:\/\/salondata.fr\/wp-content\/uploads\/2025\/02\/logo-valeuriad-bold-sans-baseline-bleu.png\" \/>\n\t<meta property=\"og:image:width\" content=\"2000\" \/>\n\t<meta property=\"og:image:height\" content=\"2000\" \/>\n\t<meta property=\"og:image:type\" content=\"image\/png\" \/>\n<meta name=\"twitter:card\" content=\"summary_large_image\" \/>\n<meta name=\"twitter:site\" content=\"@SalonData\" \/>\n<meta name=\"twitter:label1\" content=\"Dur\u00e9e de lecture estim\u00e9e\" \/>\n\t<meta name=\"twitter:data1\" content=\"4 minutes\" \/>\n<script type=\"application\/ld+json\" class=\"yoast-schema-graph\">{\"@context\":\"https:\/\/schema.org\",\"@graph\":[{\"@type\":\"WebPage\",\"@id\":\"https:\/\/salondata.fr\/index.php\/interview-valeuriad-2025-07-20\/\",\"url\":\"https:\/\/salondata.fr\/index.php\/interview-valeuriad-2025-07-20\/\",\"name\":\"interview-valeuriad-2025-07-20 - Salon de la DATA\",\"isPartOf\":{\"@id\":\"https:\/\/salondata.fr\/#website\"},\"primaryImageOfPage\":{\"@id\":\"https:\/\/salondata.fr\/index.php\/interview-valeuriad-2025-07-20\/#primaryimage\"},\"image\":{\"@id\":\"https:\/\/salondata.fr\/index.php\/interview-valeuriad-2025-07-20\/#primaryimage\"},\"thumbnailUrl\":\"https:\/\/salondata.fr\/wp-content\/uploads\/2025\/02\/logo-valeuriad-bold-sans-baseline-bleu-768x768.png\",\"datePublished\":\"2025-07-20T15:55:42+00:00\",\"dateModified\":\"2025-07-20T16:02:47+00:00\",\"description\":\"D\u00e9couvrez l'interview du sponsor Silver Valeur IAD pr\u00e9sent au Salon de la DATA et de l'IA \u00e0 NANTES le 16 septembre 2025\",\"breadcrumb\":{\"@id\":\"https:\/\/salondata.fr\/index.php\/interview-valeuriad-2025-07-20\/#breadcrumb\"},\"inLanguage\":\"fr-FR\",\"potentialAction\":[{\"@type\":\"ReadAction\",\"target\":[\"https:\/\/salondata.fr\/index.php\/interview-valeuriad-2025-07-20\/\"]}]},{\"@type\":\"ImageObject\",\"inLanguage\":\"fr-FR\",\"@id\":\"https:\/\/salondata.fr\/index.php\/interview-valeuriad-2025-07-20\/#primaryimage\",\"url\":\"https:\/\/salondata.fr\/wp-content\/uploads\/2025\/02\/logo-valeuriad-bold-sans-baseline-bleu.png\",\"contentUrl\":\"https:\/\/salondata.fr\/wp-content\/uploads\/2025\/02\/logo-valeuriad-bold-sans-baseline-bleu.png\",\"width\":2000,\"height\":2000,\"caption\":\"logo Valeur IAD\"},{\"@type\":\"BreadcrumbList\",\"@id\":\"https:\/\/salondata.fr\/index.php\/interview-valeuriad-2025-07-20\/#breadcrumb\",\"itemListElement\":[{\"@type\":\"ListItem\",\"position\":1,\"name\":\"Accueil\",\"item\":\"https:\/\/salondata.fr\/\"},{\"@type\":\"ListItem\",\"position\":2,\"name\":\"interview-valeuriad-2025-07-20\"}]},{\"@type\":\"WebSite\",\"@id\":\"https:\/\/salondata.fr\/#website\",\"url\":\"https:\/\/salondata.fr\/\",\"name\":\"Salon de la DATA\",\"description\":\"Un salon par et pour les passionn\u00e9s de la data\",\"publisher\":{\"@id\":\"https:\/\/salondata.fr\/#organization\"},\"potentialAction\":[{\"@type\":\"SearchAction\",\"target\":{\"@type\":\"EntryPoint\",\"urlTemplate\":\"https:\/\/salondata.fr\/?s={search_term_string}\"},\"query-input\":{\"@type\":\"PropertyValueSpecification\",\"valueRequired\":true,\"valueName\":\"search_term_string\"}}],\"inLanguage\":\"fr-FR\"},{\"@type\":\"Organization\",\"@id\":\"https:\/\/salondata.fr\/#organization\",\"name\":\"Salon de la DATA\",\"url\":\"https:\/\/salondata.fr\/\",\"logo\":{\"@type\":\"ImageObject\",\"inLanguage\":\"fr-FR\",\"@id\":\"https:\/\/salondata.fr\/#\/schema\/logo\/image\/\",\"url\":\"https:\/\/salondata.fr\/wp-content\/uploads\/2019\/06\/SD_LogoMacaron_2_Positif.jpg\",\"contentUrl\":\"https:\/\/salondata.fr\/wp-content\/uploads\/2019\/06\/SD_LogoMacaron_2_Positif.jpg\",\"width\":1180,\"height\":959,\"caption\":\"Salon de la DATA\"},\"image\":{\"@id\":\"https:\/\/salondata.fr\/#\/schema\/logo\/image\/\"},\"sameAs\":[\"https:\/\/x.com\/SalonData\",\"https:\/\/www.youtube.com\/channel\/UCZdnpbTbaMrXtRcBh16UPpQ\"]}]}<\/script>\n<!-- \/ Yoast SEO plugin. -->","yoast_head_json":{"title":"interview-valeuriad-2025-07-20 - Salon de la DATA","description":"D\u00e9couvrez l'interview du sponsor Silver Valeur IAD pr\u00e9sent au Salon de la DATA et de l'IA \u00e0 NANTES le 16 septembre 2025","robots":{"index":"index","follow":"follow","max-snippet":"max-snippet:-1","max-image-preview":"max-image-preview:large","max-video-preview":"max-video-preview:-1"},"canonical":"https:\/\/salondata.fr\/index.php\/interview-valeuriad-2025-07-20\/","og_locale":"fr_FR","og_type":"article","og_title":"interview-valeuriad-2025-07-20 - Salon de la DATA","og_description":"D\u00e9couvrez l'interview du sponsor Silver Valeur IAD pr\u00e9sent au Salon de la DATA et de l'IA \u00e0 NANTES le 16 septembre 2025","og_url":"https:\/\/salondata.fr\/index.php\/interview-valeuriad-2025-07-20\/","og_site_name":"Salon de la DATA","article_modified_time":"2025-07-20T16:02:47+00:00","og_image":[{"width":2000,"height":2000,"url":"https:\/\/salondata.fr\/wp-content\/uploads\/2025\/02\/logo-valeuriad-bold-sans-baseline-bleu.png","type":"image\/png"}],"twitter_card":"summary_large_image","twitter_site":"@SalonData","twitter_misc":{"Dur\u00e9e de lecture estim\u00e9e":"4 minutes"},"schema":{"@context":"https:\/\/schema.org","@graph":[{"@type":"WebPage","@id":"https:\/\/salondata.fr\/index.php\/interview-valeuriad-2025-07-20\/","url":"https:\/\/salondata.fr\/index.php\/interview-valeuriad-2025-07-20\/","name":"interview-valeuriad-2025-07-20 - Salon de la DATA","isPartOf":{"@id":"https:\/\/salondata.fr\/#website"},"primaryImageOfPage":{"@id":"https:\/\/salondata.fr\/index.php\/interview-valeuriad-2025-07-20\/#primaryimage"},"image":{"@id":"https:\/\/salondata.fr\/index.php\/interview-valeuriad-2025-07-20\/#primaryimage"},"thumbnailUrl":"https:\/\/salondata.fr\/wp-content\/uploads\/2025\/02\/logo-valeuriad-bold-sans-baseline-bleu-768x768.png","datePublished":"2025-07-20T15:55:42+00:00","dateModified":"2025-07-20T16:02:47+00:00","description":"D\u00e9couvrez l'interview du sponsor Silver Valeur IAD pr\u00e9sent au Salon de la DATA et de l'IA \u00e0 NANTES le 16 septembre 2025","breadcrumb":{"@id":"https:\/\/salondata.fr\/index.php\/interview-valeuriad-2025-07-20\/#breadcrumb"},"inLanguage":"fr-FR","potentialAction":[{"@type":"ReadAction","target":["https:\/\/salondata.fr\/index.php\/interview-valeuriad-2025-07-20\/"]}]},{"@type":"ImageObject","inLanguage":"fr-FR","@id":"https:\/\/salondata.fr\/index.php\/interview-valeuriad-2025-07-20\/#primaryimage","url":"https:\/\/salondata.fr\/wp-content\/uploads\/2025\/02\/logo-valeuriad-bold-sans-baseline-bleu.png","contentUrl":"https:\/\/salondata.fr\/wp-content\/uploads\/2025\/02\/logo-valeuriad-bold-sans-baseline-bleu.png","width":2000,"height":2000,"caption":"logo Valeur IAD"},{"@type":"BreadcrumbList","@id":"https:\/\/salondata.fr\/index.php\/interview-valeuriad-2025-07-20\/#breadcrumb","itemListElement":[{"@type":"ListItem","position":1,"name":"Accueil","item":"https:\/\/salondata.fr\/"},{"@type":"ListItem","position":2,"name":"interview-valeuriad-2025-07-20"}]},{"@type":"WebSite","@id":"https:\/\/salondata.fr\/#website","url":"https:\/\/salondata.fr\/","name":"Salon de la DATA","description":"Un salon par et pour les passionn\u00e9s de la data","publisher":{"@id":"https:\/\/salondata.fr\/#organization"},"potentialAction":[{"@type":"SearchAction","target":{"@type":"EntryPoint","urlTemplate":"https:\/\/salondata.fr\/?s={search_term_string}"},"query-input":{"@type":"PropertyValueSpecification","valueRequired":true,"valueName":"search_term_string"}}],"inLanguage":"fr-FR"},{"@type":"Organization","@id":"https:\/\/salondata.fr\/#organization","name":"Salon de la DATA","url":"https:\/\/salondata.fr\/","logo":{"@type":"ImageObject","inLanguage":"fr-FR","@id":"https:\/\/salondata.fr\/#\/schema\/logo\/image\/","url":"https:\/\/salondata.fr\/wp-content\/uploads\/2019\/06\/SD_LogoMacaron_2_Positif.jpg","contentUrl":"https:\/\/salondata.fr\/wp-content\/uploads\/2019\/06\/SD_LogoMacaron_2_Positif.jpg","width":1180,"height":959,"caption":"Salon de la DATA"},"image":{"@id":"https:\/\/salondata.fr\/#\/schema\/logo\/image\/"},"sameAs":["https:\/\/x.com\/SalonData","https:\/\/www.youtube.com\/channel\/UCZdnpbTbaMrXtRcBh16UPpQ"]}]}},"_links":{"self":[{"href":"https:\/\/salondata.fr\/index.php\/wp-json\/wp\/v2\/pages\/10557","targetHints":{"allow":["GET"]}}],"collection":[{"href":"https:\/\/salondata.fr\/index.php\/wp-json\/wp\/v2\/pages"}],"about":[{"href":"https:\/\/salondata.fr\/index.php\/wp-json\/wp\/v2\/types\/page"}],"author":[{"embeddable":true,"href":"https:\/\/salondata.fr\/index.php\/wp-json\/wp\/v2\/users\/19"}],"replies":[{"embeddable":true,"href":"https:\/\/salondata.fr\/index.php\/wp-json\/wp\/v2\/comments?post=10557"}],"version-history":[{"count":16,"href":"https:\/\/salondata.fr\/index.php\/wp-json\/wp\/v2\/pages\/10557\/revisions"}],"predecessor-version":[{"id":10577,"href":"https:\/\/salondata.fr\/index.php\/wp-json\/wp\/v2\/pages\/10557\/revisions\/10577"}],"wp:attachment":[{"href":"https:\/\/salondata.fr\/index.php\/wp-json\/wp\/v2\/media?parent=10557"}],"curies":[{"name":"wp","href":"https:\/\/api.w.org\/{rel}","templated":true}]}}