{"id":10636,"date":"2025-08-24T22:41:02","date_gmt":"2025-08-24T20:41:02","guid":{"rendered":"https:\/\/salondata.fr\/?page_id=10636"},"modified":"2025-09-03T19:55:21","modified_gmt":"2025-09-03T17:55:21","slug":"interview-groupe-la-poste-2025-08-24","status":"publish","type":"page","link":"https:\/\/salondata.fr\/index.php\/interview-groupe-la-poste-2025-08-24\/","title":{"rendered":"interview-groupe-La Poste-2025-08-24"},"content":{"rendered":"\t\t<div data-elementor-type=\"wp-post\" data-elementor-id=\"10636\" class=\"elementor elementor-10636\" data-elementor-post-type=\"page\">\n\t\t\t\t\t\t<section class=\"elementor-section elementor-top-section elementor-element elementor-element-b816035 elementor-section-boxed elementor-section-height-default elementor-section-height-default\" data-id=\"b816035\" data-element_type=\"section\">\n\t\t\t\t\t\t<div class=\"elementor-container elementor-column-gap-default\">\n\t\t\t\t\t<div class=\"elementor-column elementor-col-100 elementor-top-column elementor-element elementor-element-a01e211\" data-id=\"a01e211\" data-element_type=\"column\">\n\t\t\t<div class=\"elementor-widget-wrap elementor-element-populated\">\n\t\t\t\t\t\t<div class=\"elementor-element elementor-element-fbae8dc elementor-widget elementor-widget-spacer\" data-id=\"fbae8dc\" data-element_type=\"widget\" data-widget_type=\"spacer.default\">\n\t\t\t\t<div class=\"elementor-widget-container\">\n\t\t\t\t\t\t\t<div class=\"elementor-spacer\">\n\t\t\t<div class=\"elementor-spacer-inner\"><\/div>\n\t\t<\/div>\n\t\t\t\t\t\t<\/div>\n\t\t\t\t<\/div>\n\t\t\t\t\t<\/div>\n\t\t<\/div>\n\t\t\t\t\t<\/div>\n\t\t<\/section>\n\t\t\t\t<section class=\"elementor-section elementor-top-section elementor-element elementor-element-c074673 elementor-section-boxed elementor-section-height-default elementor-section-height-default\" data-id=\"c074673\" data-element_type=\"section\">\n\t\t\t\t\t\t<div class=\"elementor-container elementor-column-gap-default\">\n\t\t\t\t\t<div class=\"elementor-column elementor-col-50 elementor-top-column elementor-element elementor-element-f4c0596\" data-id=\"f4c0596\" data-element_type=\"column\">\n\t\t\t<div class=\"elementor-widget-wrap elementor-element-populated\">\n\t\t\t\t\t\t<div class=\"elementor-element elementor-element-91d09c9 elementor-widget elementor-widget-heading\" data-id=\"91d09c9\" data-element_type=\"widget\" data-widget_type=\"heading.default\">\n\t\t\t\t<div class=\"elementor-widget-container\">\n\t\t\t\t\t<h1 class=\"elementor-heading-title elementor-size-xl\">Interview du Groupe La Poste<\/h1>\t\t\t\t<\/div>\n\t\t\t\t<\/div>\n\t\t\t\t<div class=\"elementor-element elementor-element-6abf165 elementor-widget elementor-widget-heading\" data-id=\"6abf165\" data-element_type=\"widget\" data-widget_type=\"heading.default\">\n\t\t\t\t<div class=\"elementor-widget-container\">\n\t\t\t\t\t<h1 class=\"elementor-heading-title elementor-size-xl\">Sponsor Gold du salon de la data ET DE l'ia 2025<\/h1>\t\t\t\t<\/div>\n\t\t\t\t<\/div>\n\t\t\t\t\t<\/div>\n\t\t<\/div>\n\t\t\t\t<div class=\"elementor-column elementor-col-50 elementor-top-column elementor-element elementor-element-ae7b054\" data-id=\"ae7b054\" data-element_type=\"column\">\n\t\t\t<div class=\"elementor-widget-wrap elementor-element-populated\">\n\t\t\t\t\t\t<div class=\"elementor-element elementor-element-ba46c9a elementor-widget elementor-widget-image\" data-id=\"ba46c9a\" data-element_type=\"widget\" data-widget_type=\"image.default\">\n\t\t\t\t<div class=\"elementor-widget-container\">\n\t\t\t\t\t\t\t\t\t\t\t\t\t\t\t\t<a href=\"https:\/\/numerique.sncf.com\/ambition\/\">\n\t\t\t\t\t\t\t<img fetchpriority=\"high\" decoding=\"async\" width=\"300\" height=\"215\" src=\"https:\/\/salondata.fr\/wp-content\/uploads\/2025\/08\/la_poste_bleue-300x215.jpg\" class=\"attachment-medium size-medium wp-image-10638\" alt=\"Logo Groupe La Poste\" srcset=\"https:\/\/salondata.fr\/wp-content\/uploads\/2025\/08\/la_poste_bleue-300x215.jpg 300w, https:\/\/salondata.fr\/wp-content\/uploads\/2025\/08\/la_poste_bleue-1024x733.jpg 1024w, https:\/\/salondata.fr\/wp-content\/uploads\/2025\/08\/la_poste_bleue-768x550.jpg 768w, https:\/\/salondata.fr\/wp-content\/uploads\/2025\/08\/la_poste_bleue-1536x1100.jpg 1536w, https:\/\/salondata.fr\/wp-content\/uploads\/2025\/08\/la_poste_bleue-2048x1467.jpg 2048w\" sizes=\"(max-width: 300px) 100vw, 300px\" \/>\t\t\t\t\t\t\t\t<\/a>\n\t\t\t\t\t\t\t\t\t\t\t\t\t\t\t<\/div>\n\t\t\t\t<\/div>\n\t\t\t\t\t<\/div>\n\t\t<\/div>\n\t\t\t\t\t<\/div>\n\t\t<\/section>\n\t\t\t\t<section class=\"elementor-section elementor-top-section elementor-element elementor-element-f7200a6 elementor-section-boxed elementor-section-height-default elementor-section-height-default\" data-id=\"f7200a6\" data-element_type=\"section\">\n\t\t\t\t\t\t<div class=\"elementor-container elementor-column-gap-default\">\n\t\t\t\t\t<div class=\"elementor-column elementor-col-100 elementor-top-column elementor-element elementor-element-d389591\" data-id=\"d389591\" data-element_type=\"column\">\n\t\t\t<div class=\"elementor-widget-wrap elementor-element-populated\">\n\t\t\t\t\t\t<div class=\"elementor-element elementor-element-719ca2a elementor-widget elementor-widget-text-editor\" data-id=\"719ca2a\" data-element_type=\"widget\" data-widget_type=\"text-editor.default\">\n\t\t\t\t<div class=\"elementor-widget-container\">\n\t\t\t\t\t\t\t\t\t<p>Dans le cadre de l&rsquo;\u00e9dition 2025 du Salon de la DATA et de l&rsquo;IA, <strong><a href=\"https:\/\/www.linkedin.com\/in\/pierre-etienne-bardin-b58a212\/\" target=\"_blank\" rel=\"noopener\"><span style=\"color: #a52c41;\">Pierre-Etienne BARDIN<\/span><\/a><\/strong>, Chief Data Officer du <strong><a href=\"https:\/\/www.lapostegroupe.com\/fr\" target=\"_blank\" rel=\"noopener\"><span style=\"color: #a52c41;\">Groupe La Poste<\/span><\/a><\/strong>, nous pr\u00e9sente sa soci\u00e9t\u00e9 et les motivations qui les am\u00e8nent \u00e0 \u00eatre sponsor <strong>Gold\u00a0<\/strong>du salon.<\/p>\t\t\t\t\t\t\t\t<\/div>\n\t\t\t\t<\/div>\n\t\t\t\t\t<\/div>\n\t\t<\/div>\n\t\t\t\t\t<\/div>\n\t\t<\/section>\n\t\t<div class=\"elementor-element elementor-element-4c05f0a e-grid e-con-boxed e-con e-parent\" data-id=\"4c05f0a\" data-element_type=\"container\">\n\t\t\t\t\t<div class=\"e-con-inner\">\n\t\t\t\t<div class=\"elementor-element elementor-element-1cf69ba elementor-align-justify elementor-widget elementor-widget-button\" data-id=\"1cf69ba\" data-element_type=\"widget\" data-widget_type=\"button.default\">\n\t\t\t\t<div class=\"elementor-widget-container\">\n\t\t\t\t\t\t\t\t\t<div class=\"elementor-button-wrapper\">\n\t\t\t\t\t<a class=\"elementor-button elementor-button-link elementor-size-sm\" href=\"https:\/\/www.linkedin.com\/company\/la-poste-groupe\/life\/b8546d50-533a-40bd-8f81-5a2d4bb79cc1\/\">\n\t\t\t\t\t\t<span class=\"elementor-button-content-wrapper\">\n\t\t\t\t\t\t<span class=\"elementor-button-icon\">\n\t\t\t\t<svg aria-hidden=\"true\" class=\"e-font-icon-svg e-fab-linkedin-in\" viewBox=\"0 0 448 512\" xmlns=\"http:\/\/www.w3.org\/2000\/svg\"><path d=\"M100.28 448H7.4V148.9h92.88zM53.79 108.1C24.09 108.1 0 83.5 0 53.8a53.79 53.79 0 0 1 107.58 0c0 29.7-24.1 54.3-53.79 54.3zM447.9 448h-92.68V302.4c0-34.7-.7-79.2-48.29-79.2-48.29 0-55.69 37.7-55.69 76.7V448h-92.78V148.9h89.08v40.8h1.3c12.4-23.5 42.69-48.3 87.88-48.3 94 0 111.28 61.9 111.28 142.3V448z\"><\/path><\/svg>\t\t\t<\/span>\n\t\t\t\t\t\t\t\t\t<span class=\"elementor-button-text\">Groupe La Poste<\/span>\n\t\t\t\t\t<\/span>\n\t\t\t\t\t<\/a>\n\t\t\t\t<\/div>\n\t\t\t\t\t\t\t\t<\/div>\n\t\t\t\t<\/div>\n\t\t\t\t<div class=\"elementor-element elementor-element-84a07f8 elementor-align-justify elementor-widget elementor-widget-button\" data-id=\"84a07f8\" data-element_type=\"widget\" data-widget_type=\"button.default\">\n\t\t\t\t<div class=\"elementor-widget-container\">\n\t\t\t\t\t\t\t\t\t<div class=\"elementor-button-wrapper\">\n\t\t\t\t\t<a class=\"elementor-button elementor-button-link elementor-size-sm\" href=\"http:\/\/x.com\/intent\/post?url=https%3A%2F%2Fwww.lapostegroupe.com%2Ffr%2F&#038;text=Accueil&#038;via=GroupeLaPoste\">\n\t\t\t\t\t\t<span class=\"elementor-button-content-wrapper\">\n\t\t\t\t\t\t<span class=\"elementor-button-icon\">\n\t\t\t\t<svg aria-hidden=\"true\" class=\"e-font-icon-svg e-fab-x-twitter\" viewBox=\"0 0 512 512\" xmlns=\"http:\/\/www.w3.org\/2000\/svg\"><path d=\"M389.2 48h70.6L305.6 224.2 487 464H345L233.7 318.6 106.5 464H35.8L200.7 275.5 26.8 48H172.4L272.9 180.9 389.2 48zM364.4 421.8h39.1L151.1 88h-42L364.4 421.8z\"><\/path><\/svg>\t\t\t<\/span>\n\t\t\t\t\t\t\t\t\t<span class=\"elementor-button-text\">Groupe La Poste<\/span>\n\t\t\t\t\t<\/span>\n\t\t\t\t\t<\/a>\n\t\t\t\t<\/div>\n\t\t\t\t\t\t\t\t<\/div>\n\t\t\t\t<\/div>\n\t\t\t\t<div class=\"elementor-element elementor-element-d62664d elementor-align-justify elementor-widget elementor-widget-button\" data-id=\"d62664d\" data-element_type=\"widget\" data-widget_type=\"button.default\">\n\t\t\t\t<div class=\"elementor-widget-container\">\n\t\t\t\t\t\t\t\t\t<div class=\"elementor-button-wrapper\">\n\t\t\t\t\t<a class=\"elementor-button elementor-button-link elementor-size-sm\" href=\"https:\/\/www.instagram.com\/laposte\/\">\n\t\t\t\t\t\t<span class=\"elementor-button-content-wrapper\">\n\t\t\t\t\t\t<span class=\"elementor-button-icon\">\n\t\t\t\t<svg aria-hidden=\"true\" class=\"e-font-icon-svg e-fab-instagram\" viewBox=\"0 0 448 512\" xmlns=\"http:\/\/www.w3.org\/2000\/svg\"><path d=\"M224.1 141c-63.6 0-114.9 51.3-114.9 114.9s51.3 114.9 114.9 114.9S339 319.5 339 255.9 287.7 141 224.1 141zm0 189.6c-41.1 0-74.7-33.5-74.7-74.7s33.5-74.7 74.7-74.7 74.7 33.5 74.7 74.7-33.6 74.7-74.7 74.7zm146.4-194.3c0 14.9-12 26.8-26.8 26.8-14.9 0-26.8-12-26.8-26.8s12-26.8 26.8-26.8 26.8 12 26.8 26.8zm76.1 27.2c-1.7-35.9-9.9-67.7-36.2-93.9-26.2-26.2-58-34.4-93.9-36.2-37-2.1-147.9-2.1-184.9 0-35.8 1.7-67.6 9.9-93.9 36.1s-34.4 58-36.2 93.9c-2.1 37-2.1 147.9 0 184.9 1.7 35.9 9.9 67.7 36.2 93.9s58 34.4 93.9 36.2c37 2.1 147.9 2.1 184.9 0 35.9-1.7 67.7-9.9 93.9-36.2 26.2-26.2 34.4-58 36.2-93.9 2.1-37 2.1-147.8 0-184.8zM398.8 388c-7.8 19.6-22.9 34.7-42.6 42.6-29.5 11.7-99.5 9-132.1 9s-102.7 2.6-132.1-9c-19.6-7.8-34.7-22.9-42.6-42.6-11.7-29.5-9-99.5-9-132.1s-2.6-102.7 9-132.1c7.8-19.6 22.9-34.7 42.6-42.6 29.5-11.7 99.5-9 132.1-9s102.7-2.6 132.1 9c19.6 7.8 34.7 22.9 42.6 42.6 11.7 29.5 9 99.5 9 132.1s2.7 102.7-9 132.1z\"><\/path><\/svg>\t\t\t<\/span>\n\t\t\t\t\t\t\t\t\t<span class=\"elementor-button-text\">Groupe La Poste<\/span>\n\t\t\t\t\t<\/span>\n\t\t\t\t\t<\/a>\n\t\t\t\t<\/div>\n\t\t\t\t\t\t\t\t<\/div>\n\t\t\t\t<\/div>\n\t\t\t\t\t<\/div>\n\t\t\t\t<\/div>\n\t\t\t\t<section class=\"elementor-section elementor-top-section elementor-element elementor-element-39962b5 elementor-section-boxed elementor-section-height-default elementor-section-height-default\" data-id=\"39962b5\" data-element_type=\"section\">\n\t\t\t\t\t\t<div class=\"elementor-container elementor-column-gap-default\">\n\t\t\t\t\t<div class=\"elementor-column elementor-col-100 elementor-top-column elementor-element elementor-element-a865b5d\" data-id=\"a865b5d\" data-element_type=\"column\">\n\t\t\t<div class=\"elementor-widget-wrap elementor-element-populated\">\n\t\t\t\t\t\t<div class=\"elementor-element elementor-element-2d542b7 elementor-widget-divider--view-line elementor-widget elementor-widget-divider\" data-id=\"2d542b7\" data-element_type=\"widget\" data-widget_type=\"divider.default\">\n\t\t\t\t<div class=\"elementor-widget-container\">\n\t\t\t\t\t\t\t<div class=\"elementor-divider\">\n\t\t\t<span class=\"elementor-divider-separator\">\n\t\t\t\t\t\t<\/span>\n\t\t<\/div>\n\t\t\t\t\t\t<\/div>\n\t\t\t\t<\/div>\n\t\t\t\t\t<\/div>\n\t\t<\/div>\n\t\t\t\t\t<\/div>\n\t\t<\/section>\n\t\t\t\t<section class=\"elementor-section elementor-top-section elementor-element elementor-element-18c4634 elementor-section-boxed elementor-section-height-default elementor-section-height-default\" data-id=\"18c4634\" data-element_type=\"section\">\n\t\t\t\t\t\t<div class=\"elementor-container elementor-column-gap-default\">\n\t\t\t\t\t<div class=\"elementor-column elementor-col-100 elementor-top-column elementor-element elementor-element-f990a51\" data-id=\"f990a51\" data-element_type=\"column\">\n\t\t\t<div class=\"elementor-widget-wrap elementor-element-populated\">\n\t\t\t\t\t\t<div class=\"elementor-element elementor-element-ea83c0f elementor-widget elementor-widget-heading\" data-id=\"ea83c0f\" data-element_type=\"widget\" data-widget_type=\"heading.default\">\n\t\t\t\t<div class=\"elementor-widget-container\">\n\t\t\t\t\t<h2 class=\"elementor-heading-title elementor-size-medium\">1. Pouvez-vous pr\u00e9senter succinctement votre soci\u00e9t\u00e9, ainsi que son aCTIVIT\u00e9?<\/h2>\t\t\t\t<\/div>\n\t\t\t\t<\/div>\n\t\t\t\t\t<\/div>\n\t\t<\/div>\n\t\t\t\t\t<\/div>\n\t\t<\/section>\n\t\t\t\t<section class=\"elementor-section elementor-top-section elementor-element elementor-element-1af055c elementor-section-boxed elementor-section-height-default elementor-section-height-default\" data-id=\"1af055c\" data-element_type=\"section\">\n\t\t\t\t\t\t<div class=\"elementor-container elementor-column-gap-default\">\n\t\t\t\t\t<div class=\"elementor-column elementor-col-100 elementor-top-column elementor-element elementor-element-21dbb0b\" data-id=\"21dbb0b\" data-element_type=\"column\">\n\t\t\t<div class=\"elementor-widget-wrap elementor-element-populated\">\n\t\t\t\t\t\t<div class=\"elementor-element elementor-element-c13af9b elementor-widget elementor-widget-text-editor\" data-id=\"c13af9b\" data-element_type=\"widget\" data-widget_type=\"text-editor.default\">\n\t\t\t\t<div class=\"elementor-widget-container\">\n\t\t\t\t\t\t\t\t\t<p>Le <strong>groupe La Poste<\/strong>, soci\u00e9t\u00e9 anonyme \u00e0 capitaux 100% publics, est d\u00e9tenu par deux actionnaires : la Caisse des D\u00e9p\u00f4ts (66%) et l&rsquo;\u00c9tat (34%). En se rapprochant de la Caisse des D\u00e9p\u00f4ts, La Poste vise des synergies profitables \u00e0 divers projets tels que la lutte contre les fractures territoriales, la logistique urbaine, la transformation num\u00e9rique des territoires, et la transition \u00e9nerg\u00e9tique et \u00e9cologique.<\/p><p>Entreprise \u00e0 mission depuis 2021,<strong> La Poste<\/strong> a transform\u00e9 son mod\u00e8le strat\u00e9gique en y int\u00e9grant de nouveaux services de proximit\u00e9, des offres responsables de bancassurance, des solutions digitales de confiance, et des services en sant\u00e9.<\/p><p>Elle investit \u00e9galement dans la d\u00e9carbonation des transports et la modernisation de son r\u00e9seau.<\/p><p>Sa strat\u00e9gie est centr\u00e9e sur l\u2019accompagnement des transitions \u00e9cologique, num\u00e9rique, territoriale et d\u00e9mographique, faisant de l\u2019engagement soci\u00e9tal la pierre angulaire de son avenir.<\/p>\t\t\t\t\t\t\t\t<\/div>\n\t\t\t\t<\/div>\n\t\t\t\t<div class=\"elementor-element elementor-element-72eeb32 elementor-widget elementor-widget-heading\" data-id=\"72eeb32\" data-element_type=\"widget\" data-widget_type=\"heading.default\">\n\t\t\t\t<div class=\"elementor-widget-container\">\n\t\t\t\t\t<h2 class=\"elementor-heading-title elementor-size-medium\">2. Pourquoi participer \u00e0 cette nouvelle \u00e9dition ? <\/h2>\t\t\t\t<\/div>\n\t\t\t\t<\/div>\n\t\t\t\t<div class=\"elementor-element elementor-element-5c0a2ad elementor-widget elementor-widget-text-editor\" data-id=\"5c0a2ad\" data-element_type=\"widget\" data-widget_type=\"text-editor.default\">\n\t\t\t\t<div class=\"elementor-widget-container\">\n\t\t\t\t\t\t\t\t\t<p>La participation du <strong>groupe La Poste<\/strong> \u00e0 cette nouvelle \u00e9dition du salon d\u00e9di\u00e9 \u00e0 la data et \u00e0 l\u2019IA refl\u00e8te sa volont\u00e9 de demeurer \u00e0 l&rsquo;avant-garde des innovations technologiques et de la transformation num\u00e9rique.<\/p><p>En engageant la collecte, l\u2019analyse et l\u2019exploitation des donn\u00e9es, <strong>La Poste<\/strong> cherche \u00e0 optimiser ses services, anticiper les besoins de ses clients et offrir des solutions personnalis\u00e9es et efficaces. Cet \u00e9v\u00e9nement offre ainsi une opportunit\u00e9 pr\u00e9cieuse de partager son expertise en mati\u00e8re de data et d\u2019IA aupr\u00e8s de nombreux, permettant d\u2019\u00e9changer sur les meilleures pratiques en termes de transformations num\u00e9riques et de partager ses derni\u00e8res avanc\u00e9es technologiques.<\/p><p>La pr\u00e9sence au salon t\u00e9moigne aussi de son engagement \u00e0 contribuer activement aux transformations num\u00e9riques de la soci\u00e9t\u00e9, des entreprises et des organisations tant au niveau national que local.<\/p>\t\t\t\t\t\t\t\t<\/div>\n\t\t\t\t<\/div>\n\t\t\t\t\t<\/div>\n\t\t<\/div>\n\t\t\t\t\t<\/div>\n\t\t<\/section>\n\t\t<div class=\"elementor-element elementor-element-e2a3485 e-con-full e-flex e-con e-parent\" data-id=\"e2a3485\" data-element_type=\"container\">\n\t\t\t\t<div class=\"elementor-element elementor-element-4e0e010 elementor-widget elementor-widget-heading\" data-id=\"4e0e010\" data-element_type=\"widget\" data-widget_type=\"heading.default\">\n\t\t\t\t<div class=\"elementor-widget-container\">\n\t\t\t\t\t<h2 class=\"elementor-heading-title elementor-size-medium\">3. qu'appr\u00e9ciez-vous en particulier ?\u200b<\/h2>\t\t\t\t<\/div>\n\t\t\t\t<\/div>\n\t\t\t\t<div class=\"elementor-element elementor-element-eb9db8f elementor-widget elementor-widget-text-editor\" data-id=\"eb9db8f\" data-element_type=\"widget\" data-widget_type=\"text-editor.default\">\n\t\t\t\t<div class=\"elementor-widget-container\">\n\t\t\t\t\t\t\t\t\t<p>Leader de la proximit\u00e9 engag\u00e9e, et fort de plus de 10 ans de transformation autour de la data et l\u2019IA, elle agit au quotidien pour rester demain une entreprise pionni\u00e8re, utile et p\u00e9renne, capable d\u2019entra\u00eener avec elle tous les acteurs de son \u00e9cosyst\u00e8me.<\/p><p>La participation du groupe <strong>La Poste<\/strong> \u00e0 ce salon d\u00e9di\u00e9 \u00e0 la data et \u00e0 l\u2019IA s\u2019inscrit dans sa volont\u00e9 de se positionner \u00e0 l&rsquo;avant-garde des innovations technologiques et de la transformation num\u00e9rique.<\/p><p>En effet, la collecte, l\u2019analyse et l\u2019exploitation des donn\u00e9es sont devenues des leviers essentiels pour optimiser ses services, anticiper les besoins de ses client\u00e8les et offrir des solutions toujours plus personnalis\u00e9es et efficaces tout en respectant un cadre \u00e9thique.<\/p>\t\t\t\t\t\t\t\t<\/div>\n\t\t\t\t<\/div>\n\t\t\t\t<\/div>\n\t\t\t\t<section class=\"elementor-section elementor-top-section elementor-element elementor-element-d893d0f elementor-section-boxed elementor-section-height-default elementor-section-height-default\" data-id=\"d893d0f\" data-element_type=\"section\">\n\t\t\t\t\t\t<div class=\"elementor-container elementor-column-gap-default\">\n\t\t\t\t\t<div class=\"elementor-column elementor-col-100 elementor-top-column elementor-element elementor-element-e05ca9d\" data-id=\"e05ca9d\" data-element_type=\"column\">\n\t\t\t<div class=\"elementor-widget-wrap elementor-element-populated\">\n\t\t\t\t\t\t<div class=\"elementor-element elementor-element-5ce49b4 elementor-widget elementor-widget-heading\" data-id=\"5ce49b4\" data-element_type=\"widget\" data-widget_type=\"heading.default\">\n\t\t\t\t<div class=\"elementor-widget-container\">\n\t\t\t\t\t<h2 class=\"elementor-heading-title elementor-size-medium\">4. quel changement marquant avez-vous observ\u00e9 ces 10 derni\u00e8res ann\u00e9es ? <\/h2>\t\t\t\t<\/div>\n\t\t\t\t<\/div>\n\t\t\t\t<div class=\"elementor-element elementor-element-de8a93c elementor-widget elementor-widget-text-editor\" data-id=\"de8a93c\" data-element_type=\"widget\" data-widget_type=\"text-editor.default\">\n\t\t\t\t<div class=\"elementor-widget-container\">\n\t\t\t\t\t\t\t\t\t<p>Au cours des dix derni\u00e8res ann\u00e9es, plusieurs \u00e9volutions majeures ont marqu\u00e9 la soci\u00e9t\u00e9. La num\u00e9risation rapide a transform\u00e9 les modes de vie et de travail, notamment dans la communication et les services.<\/p><p>La crise sanitaire li\u00e9e au Covid en a \u00e9t\u00e9 l\u2019un des acc\u00e9l\u00e9rateurs. La prise de conscience \u00e9cologique s&rsquo;est intensifi\u00e9e, poussant \u00e0 des comportements plus responsables et des politiques durables. Les technologies de l&rsquo;information ont r\u00e9volutionn\u00e9 l&rsquo;acc\u00e8s \u00e0 l&rsquo;information et la consommation m\u00e9diatique, avec l&rsquo;essor des plateformes de streaming et des m\u00e9dias en ligne. Les transitions d\u00e9mographiques et g\u00e9n\u00e9rationnelles ont impos\u00e9 de nouveaux paradigmes de travail, comme le t\u00e9l\u00e9travail.<\/p><p>Ces transformations ont fa\u00e7onn\u00e9 une soci\u00e9t\u00e9 en constante \u00e9volution, o\u00f9 l&rsquo;innovation et l&rsquo;adaptation sont essentielles.<\/p>\t\t\t\t\t\t\t\t<\/div>\n\t\t\t\t<\/div>\n\t\t\t\t\t<\/div>\n\t\t<\/div>\n\t\t\t\t\t<\/div>\n\t\t<\/section>\n\t\t\t\t<section class=\"elementor-section elementor-top-section elementor-element elementor-element-b93d793 elementor-section-boxed elementor-section-height-default elementor-section-height-default\" data-id=\"b93d793\" data-element_type=\"section\">\n\t\t\t\t\t\t<div class=\"elementor-container elementor-column-gap-default\">\n\t\t\t\t\t<div class=\"elementor-column elementor-col-100 elementor-top-column elementor-element elementor-element-f0f2b16\" data-id=\"f0f2b16\" data-element_type=\"column\">\n\t\t\t<div class=\"elementor-widget-wrap elementor-element-populated\">\n\t\t\t\t\t\t<div class=\"elementor-element elementor-element-971b696 elementor-widget elementor-widget-heading\" data-id=\"971b696\" data-element_type=\"widget\" data-widget_type=\"heading.default\">\n\t\t\t\t<div class=\"elementor-widget-container\">\n\t\t\t\t\t<h2 class=\"elementor-heading-title elementor-size-medium\">5. quelles solutions pr\u00e9senterez-vous le 16 septembre 2025 ?<\/h2>\t\t\t\t<\/div>\n\t\t\t\t<\/div>\n\t\t\t\t<div class=\"elementor-element elementor-element-565ae5f elementor-widget elementor-widget-text-editor\" data-id=\"565ae5f\" data-element_type=\"widget\" data-widget_type=\"text-editor.default\">\n\t\t\t\t<div class=\"elementor-widget-container\">\n\t\t\t\t\t\t\t\t\t<p>Nous pr\u00e9senterons diverses solutions et offres promouvant notre expertise.<\/p><p>L\u2019objectif \u00e9tant de d\u00e9montrer notre capacit\u00e9 \u00e0 utiliser ces technologies pour acc\u00e9l\u00e9rer la transformation de l\u2019entreprise et \u00e0 adresser des solutions pour nos clients B2B et B2C.<\/p>\t\t\t\t\t\t\t\t<\/div>\n\t\t\t\t<\/div>\n\t\t\t\t\t<\/div>\n\t\t<\/div>\n\t\t\t\t\t<\/div>\n\t\t<\/section>\n\t\t\t\t<\/div>\n\t\t","protected":false},"excerpt":{"rendered":"<p>Interview du Groupe La Poste Sponsor Gold du salon de la data ET DE l&rsquo;ia 2025 Dans le cadre de l&rsquo;\u00e9dition 2025 du Salon de la DATA et de l&rsquo;IA, Pierre-Etienne BARDIN, Chief Data Officer du Groupe La Poste, nous pr\u00e9sente sa soci\u00e9t\u00e9 et les motivations qui les am\u00e8nent \u00e0 \u00eatre sponsor Gold\u00a0du salon. Groupe [&hellip;]<\/p>\n","protected":false},"author":19,"featured_media":0,"parent":0,"menu_order":0,"comment_status":"closed","ping_status":"closed","template":"","meta":{"ocean_post_layout":"","ocean_both_sidebars_style":"","ocean_both_sidebars_content_width":0,"ocean_both_sidebars_sidebars_width":0,"ocean_sidebar":"0","ocean_second_sidebar":"0","ocean_disable_margins":"enable","ocean_add_body_class":"","ocean_shortcode_before_top_bar":"","ocean_shortcode_after_top_bar":"","ocean_shortcode_before_header":"","ocean_shortcode_after_header":"","ocean_has_shortcode":"","ocean_shortcode_after_title":"","ocean_shortcode_before_footer_widgets":"","ocean_shortcode_after_footer_widgets":"","ocean_shortcode_before_footer_bottom":"","ocean_shortcode_after_footer_bottom":"","ocean_display_top_bar":"default","ocean_display_header":"default","ocean_header_style":"","ocean_center_header_left_menu":"0","ocean_custom_header_template":"0","ocean_custom_logo":0,"ocean_custom_retina_logo":0,"ocean_custom_logo_max_width":0,"ocean_custom_logo_tablet_max_width":0,"ocean_custom_logo_mobile_max_width":0,"ocean_custom_logo_max_height":0,"ocean_custom_logo_tablet_max_height":0,"ocean_custom_logo_mobile_max_height":0,"ocean_header_custom_menu":"0","ocean_menu_typo_font_family":"0","ocean_menu_typo_font_subset":"","ocean_menu_typo_font_size":0,"ocean_menu_typo_font_size_tablet":0,"ocean_menu_typo_font_size_mobile":0,"ocean_menu_typo_font_size_unit":"px","ocean_menu_typo_font_weight":"","ocean_menu_typo_font_weight_tablet":"","ocean_menu_typo_font_weight_mobile":"","ocean_menu_typo_transform":"","ocean_menu_typo_transform_tablet":"","ocean_menu_typo_transform_mobile":"","ocean_menu_typo_line_height":0,"ocean_menu_typo_line_height_tablet":0,"ocean_menu_typo_line_height_mobile":0,"ocean_menu_typo_line_height_unit":"","ocean_menu_typo_spacing":0,"ocean_menu_typo_spacing_tablet":0,"ocean_menu_typo_spacing_mobile":0,"ocean_menu_typo_spacing_unit":"","ocean_menu_link_color":"","ocean_menu_link_color_hover":"","ocean_menu_link_color_active":"","ocean_menu_link_background":"","ocean_menu_link_hover_background":"","ocean_menu_link_active_background":"","ocean_menu_social_links_bg":"","ocean_menu_social_hover_links_bg":"","ocean_menu_social_links_color":"","ocean_menu_social_hover_links_color":"","ocean_disable_title":"default","ocean_disable_heading":"default","ocean_post_title":"","ocean_post_subheading":"","ocean_post_title_style":"","ocean_post_title_background_color":"","ocean_post_title_background":0,"ocean_post_title_bg_image_position":"","ocean_post_title_bg_image_attachment":"","ocean_post_title_bg_image_repeat":"","ocean_post_title_bg_image_size":"","ocean_post_title_height":0,"ocean_post_title_bg_overlay":0.5,"ocean_post_title_bg_overlay_color":"","ocean_disable_breadcrumbs":"default","ocean_breadcrumbs_color":"","ocean_breadcrumbs_separator_color":"","ocean_breadcrumbs_links_color":"","ocean_breadcrumbs_links_hover_color":"","ocean_display_footer_widgets":"default","ocean_display_footer_bottom":"default","ocean_custom_footer_template":"0","footnotes":""},"class_list":["post-10636","page","type-page","status-publish","hentry","entry"],"yoast_head":"<!-- This site is optimized with the Yoast SEO plugin v26.5 - https:\/\/yoast.com\/wordpress\/plugins\/seo\/ -->\n<title>interview-groupe-La Poste-2025-08-24 - Salon de la DATA<\/title>\n<meta name=\"description\" content=\"D\u00e9couvrez l&#039;interview du Groupe La Poste pr\u00e9sent au Salon de la DATA et de l&#039;IA \u00e0 NANTES le 16 septembre 2025 en tant que sponsor Gold !\" \/>\n<meta name=\"robots\" content=\"index, follow, max-snippet:-1, max-image-preview:large, max-video-preview:-1\" \/>\n<link rel=\"canonical\" href=\"https:\/\/salondata.fr\/index.php\/interview-groupe-la-poste-2025-08-24\/\" \/>\n<meta property=\"og:locale\" content=\"fr_FR\" \/>\n<meta property=\"og:type\" content=\"article\" \/>\n<meta property=\"og:title\" content=\"interview-groupe-La Poste-2025-08-24 - Salon de la DATA\" \/>\n<meta property=\"og:description\" content=\"D\u00e9couvrez l&#039;interview du Groupe La Poste pr\u00e9sent au Salon de la DATA et de l&#039;IA \u00e0 NANTES le 16 septembre 2025 en tant que sponsor Gold !\" \/>\n<meta property=\"og:url\" content=\"https:\/\/salondata.fr\/index.php\/interview-groupe-la-poste-2025-08-24\/\" \/>\n<meta property=\"og:site_name\" content=\"Salon de la DATA\" \/>\n<meta property=\"article:modified_time\" content=\"2025-09-03T17:55:21+00:00\" \/>\n<meta property=\"og:image\" content=\"https:\/\/salondata.fr\/wp-content\/uploads\/2025\/08\/la_poste_bleue-scaled.jpg\" \/>\n\t<meta property=\"og:image:width\" content=\"2560\" \/>\n\t<meta property=\"og:image:height\" content=\"1833\" \/>\n\t<meta property=\"og:image:type\" content=\"image\/jpeg\" \/>\n<meta name=\"twitter:card\" content=\"summary_large_image\" \/>\n<meta name=\"twitter:site\" content=\"@SalonData\" \/>\n<meta name=\"twitter:label1\" content=\"Dur\u00e9e de lecture estim\u00e9e\" \/>\n\t<meta name=\"twitter:data1\" content=\"4 minutes\" \/>\n<script type=\"application\/ld+json\" class=\"yoast-schema-graph\">{\"@context\":\"https:\/\/schema.org\",\"@graph\":[{\"@type\":\"WebPage\",\"@id\":\"https:\/\/salondata.fr\/index.php\/interview-groupe-la-poste-2025-08-24\/\",\"url\":\"https:\/\/salondata.fr\/index.php\/interview-groupe-la-poste-2025-08-24\/\",\"name\":\"interview-groupe-La Poste-2025-08-24 - Salon de la DATA\",\"isPartOf\":{\"@id\":\"https:\/\/salondata.fr\/#website\"},\"primaryImageOfPage\":{\"@id\":\"https:\/\/salondata.fr\/index.php\/interview-groupe-la-poste-2025-08-24\/#primaryimage\"},\"image\":{\"@id\":\"https:\/\/salondata.fr\/index.php\/interview-groupe-la-poste-2025-08-24\/#primaryimage\"},\"thumbnailUrl\":\"https:\/\/salondata.fr\/wp-content\/uploads\/2025\/08\/la_poste_bleue-300x215.jpg\",\"datePublished\":\"2025-08-24T20:41:02+00:00\",\"dateModified\":\"2025-09-03T17:55:21+00:00\",\"description\":\"D\u00e9couvrez l'interview du Groupe La Poste pr\u00e9sent au Salon de la DATA et de l'IA \u00e0 NANTES le 16 septembre 2025 en tant que sponsor Gold !\",\"breadcrumb\":{\"@id\":\"https:\/\/salondata.fr\/index.php\/interview-groupe-la-poste-2025-08-24\/#breadcrumb\"},\"inLanguage\":\"fr-FR\",\"potentialAction\":[{\"@type\":\"ReadAction\",\"target\":[\"https:\/\/salondata.fr\/index.php\/interview-groupe-la-poste-2025-08-24\/\"]}]},{\"@type\":\"ImageObject\",\"inLanguage\":\"fr-FR\",\"@id\":\"https:\/\/salondata.fr\/index.php\/interview-groupe-la-poste-2025-08-24\/#primaryimage\",\"url\":\"https:\/\/salondata.fr\/wp-content\/uploads\/2025\/08\/la_poste_bleue-scaled.jpg\",\"contentUrl\":\"https:\/\/salondata.fr\/wp-content\/uploads\/2025\/08\/la_poste_bleue-scaled.jpg\",\"width\":2560,\"height\":1833,\"caption\":\"Logo Groupe La Poste\"},{\"@type\":\"BreadcrumbList\",\"@id\":\"https:\/\/salondata.fr\/index.php\/interview-groupe-la-poste-2025-08-24\/#breadcrumb\",\"itemListElement\":[{\"@type\":\"ListItem\",\"position\":1,\"name\":\"Accueil\",\"item\":\"https:\/\/salondata.fr\/\"},{\"@type\":\"ListItem\",\"position\":2,\"name\":\"interview-groupe-La Poste-2025-08-24\"}]},{\"@type\":\"WebSite\",\"@id\":\"https:\/\/salondata.fr\/#website\",\"url\":\"https:\/\/salondata.fr\/\",\"name\":\"Salon de la DATA\",\"description\":\"Un salon par et pour les passionn\u00e9s de la data\",\"publisher\":{\"@id\":\"https:\/\/salondata.fr\/#organization\"},\"potentialAction\":[{\"@type\":\"SearchAction\",\"target\":{\"@type\":\"EntryPoint\",\"urlTemplate\":\"https:\/\/salondata.fr\/?s={search_term_string}\"},\"query-input\":{\"@type\":\"PropertyValueSpecification\",\"valueRequired\":true,\"valueName\":\"search_term_string\"}}],\"inLanguage\":\"fr-FR\"},{\"@type\":\"Organization\",\"@id\":\"https:\/\/salondata.fr\/#organization\",\"name\":\"Salon de la DATA\",\"url\":\"https:\/\/salondata.fr\/\",\"logo\":{\"@type\":\"ImageObject\",\"inLanguage\":\"fr-FR\",\"@id\":\"https:\/\/salondata.fr\/#\/schema\/logo\/image\/\",\"url\":\"https:\/\/salondata.fr\/wp-content\/uploads\/2019\/06\/SD_LogoMacaron_2_Positif.jpg\",\"contentUrl\":\"https:\/\/salondata.fr\/wp-content\/uploads\/2019\/06\/SD_LogoMacaron_2_Positif.jpg\",\"width\":1180,\"height\":959,\"caption\":\"Salon de la DATA\"},\"image\":{\"@id\":\"https:\/\/salondata.fr\/#\/schema\/logo\/image\/\"},\"sameAs\":[\"https:\/\/x.com\/SalonData\",\"https:\/\/www.youtube.com\/channel\/UCZdnpbTbaMrXtRcBh16UPpQ\"]}]}<\/script>\n<!-- \/ Yoast SEO plugin. -->","yoast_head_json":{"title":"interview-groupe-La Poste-2025-08-24 - Salon de la DATA","description":"D\u00e9couvrez l'interview du Groupe La Poste pr\u00e9sent au Salon de la DATA et de l'IA \u00e0 NANTES le 16 septembre 2025 en tant que sponsor Gold !","robots":{"index":"index","follow":"follow","max-snippet":"max-snippet:-1","max-image-preview":"max-image-preview:large","max-video-preview":"max-video-preview:-1"},"canonical":"https:\/\/salondata.fr\/index.php\/interview-groupe-la-poste-2025-08-24\/","og_locale":"fr_FR","og_type":"article","og_title":"interview-groupe-La Poste-2025-08-24 - Salon de la DATA","og_description":"D\u00e9couvrez l'interview du Groupe La Poste pr\u00e9sent au Salon de la DATA et de l'IA \u00e0 NANTES le 16 septembre 2025 en tant que sponsor Gold !","og_url":"https:\/\/salondata.fr\/index.php\/interview-groupe-la-poste-2025-08-24\/","og_site_name":"Salon de la DATA","article_modified_time":"2025-09-03T17:55:21+00:00","og_image":[{"width":2560,"height":1833,"url":"https:\/\/salondata.fr\/wp-content\/uploads\/2025\/08\/la_poste_bleue-scaled.jpg","type":"image\/jpeg"}],"twitter_card":"summary_large_image","twitter_site":"@SalonData","twitter_misc":{"Dur\u00e9e de lecture estim\u00e9e":"4 minutes"},"schema":{"@context":"https:\/\/schema.org","@graph":[{"@type":"WebPage","@id":"https:\/\/salondata.fr\/index.php\/interview-groupe-la-poste-2025-08-24\/","url":"https:\/\/salondata.fr\/index.php\/interview-groupe-la-poste-2025-08-24\/","name":"interview-groupe-La Poste-2025-08-24 - Salon de la DATA","isPartOf":{"@id":"https:\/\/salondata.fr\/#website"},"primaryImageOfPage":{"@id":"https:\/\/salondata.fr\/index.php\/interview-groupe-la-poste-2025-08-24\/#primaryimage"},"image":{"@id":"https:\/\/salondata.fr\/index.php\/interview-groupe-la-poste-2025-08-24\/#primaryimage"},"thumbnailUrl":"https:\/\/salondata.fr\/wp-content\/uploads\/2025\/08\/la_poste_bleue-300x215.jpg","datePublished":"2025-08-24T20:41:02+00:00","dateModified":"2025-09-03T17:55:21+00:00","description":"D\u00e9couvrez l'interview du Groupe La Poste pr\u00e9sent au Salon de la DATA et de l'IA \u00e0 NANTES le 16 septembre 2025 en tant que sponsor Gold !","breadcrumb":{"@id":"https:\/\/salondata.fr\/index.php\/interview-groupe-la-poste-2025-08-24\/#breadcrumb"},"inLanguage":"fr-FR","potentialAction":[{"@type":"ReadAction","target":["https:\/\/salondata.fr\/index.php\/interview-groupe-la-poste-2025-08-24\/"]}]},{"@type":"ImageObject","inLanguage":"fr-FR","@id":"https:\/\/salondata.fr\/index.php\/interview-groupe-la-poste-2025-08-24\/#primaryimage","url":"https:\/\/salondata.fr\/wp-content\/uploads\/2025\/08\/la_poste_bleue-scaled.jpg","contentUrl":"https:\/\/salondata.fr\/wp-content\/uploads\/2025\/08\/la_poste_bleue-scaled.jpg","width":2560,"height":1833,"caption":"Logo Groupe La Poste"},{"@type":"BreadcrumbList","@id":"https:\/\/salondata.fr\/index.php\/interview-groupe-la-poste-2025-08-24\/#breadcrumb","itemListElement":[{"@type":"ListItem","position":1,"name":"Accueil","item":"https:\/\/salondata.fr\/"},{"@type":"ListItem","position":2,"name":"interview-groupe-La Poste-2025-08-24"}]},{"@type":"WebSite","@id":"https:\/\/salondata.fr\/#website","url":"https:\/\/salondata.fr\/","name":"Salon de la DATA","description":"Un salon par et pour les passionn\u00e9s de la data","publisher":{"@id":"https:\/\/salondata.fr\/#organization"},"potentialAction":[{"@type":"SearchAction","target":{"@type":"EntryPoint","urlTemplate":"https:\/\/salondata.fr\/?s={search_term_string}"},"query-input":{"@type":"PropertyValueSpecification","valueRequired":true,"valueName":"search_term_string"}}],"inLanguage":"fr-FR"},{"@type":"Organization","@id":"https:\/\/salondata.fr\/#organization","name":"Salon de la DATA","url":"https:\/\/salondata.fr\/","logo":{"@type":"ImageObject","inLanguage":"fr-FR","@id":"https:\/\/salondata.fr\/#\/schema\/logo\/image\/","url":"https:\/\/salondata.fr\/wp-content\/uploads\/2019\/06\/SD_LogoMacaron_2_Positif.jpg","contentUrl":"https:\/\/salondata.fr\/wp-content\/uploads\/2019\/06\/SD_LogoMacaron_2_Positif.jpg","width":1180,"height":959,"caption":"Salon de la DATA"},"image":{"@id":"https:\/\/salondata.fr\/#\/schema\/logo\/image\/"},"sameAs":["https:\/\/x.com\/SalonData","https:\/\/www.youtube.com\/channel\/UCZdnpbTbaMrXtRcBh16UPpQ"]}]}},"_links":{"self":[{"href":"https:\/\/salondata.fr\/index.php\/wp-json\/wp\/v2\/pages\/10636","targetHints":{"allow":["GET"]}}],"collection":[{"href":"https:\/\/salondata.fr\/index.php\/wp-json\/wp\/v2\/pages"}],"about":[{"href":"https:\/\/salondata.fr\/index.php\/wp-json\/wp\/v2\/types\/page"}],"author":[{"embeddable":true,"href":"https:\/\/salondata.fr\/index.php\/wp-json\/wp\/v2\/users\/19"}],"replies":[{"embeddable":true,"href":"https:\/\/salondata.fr\/index.php\/wp-json\/wp\/v2\/comments?post=10636"}],"version-history":[{"count":19,"href":"https:\/\/salondata.fr\/index.php\/wp-json\/wp\/v2\/pages\/10636\/revisions"}],"predecessor-version":[{"id":10678,"href":"https:\/\/salondata.fr\/index.php\/wp-json\/wp\/v2\/pages\/10636\/revisions\/10678"}],"wp:attachment":[{"href":"https:\/\/salondata.fr\/index.php\/wp-json\/wp\/v2\/media?parent=10636"}],"curies":[{"name":"wp","href":"https:\/\/api.w.org\/{rel}","templated":true}]}}