{"id":261,"date":"2019-03-26T13:28:06","date_gmt":"2019-03-26T12:28:06","guid":{"rendered":"https:\/\/salondata.fr\/?page_id=261"},"modified":"2023-11-15T12:03:24","modified_gmt":"2023-11-15T11:03:24","slug":"informations-pratiques","status":"publish","type":"page","link":"https:\/\/salondata.fr\/index.php\/informations-pratiques\/","title":{"rendered":"Informations pratiques"},"content":{"rendered":"\t\t<div data-elementor-type=\"wp-post\" data-elementor-id=\"261\" class=\"elementor elementor-261\" data-elementor-post-type=\"page\">\n\t\t\t\t\t\t<section class=\"elementor-section elementor-top-section elementor-element elementor-element-2f471aa elementor-section-boxed elementor-section-height-default elementor-section-height-default\" data-id=\"2f471aa\" data-element_type=\"section\">\n\t\t\t\t\t\t<div class=\"elementor-container elementor-column-gap-default\">\n\t\t\t\t\t<div class=\"elementor-column elementor-col-33 elementor-top-column elementor-element elementor-element-376da0f\" data-id=\"376da0f\" data-element_type=\"column\">\n\t\t\t<div class=\"elementor-widget-wrap elementor-element-populated\">\n\t\t\t\t\t\t<div class=\"elementor-element elementor-element-acc6485 elementor-widget elementor-widget-text-editor\" data-id=\"acc6485\" data-element_type=\"widget\" data-widget_type=\"text-editor.default\">\n\t\t\t\t<div class=\"elementor-widget-container\">\n\t\t\t\t\t\t\t\t\t<span style=\"color: #a52c41;\"><strong>&gt; <a href=\"https:\/\/salondata.fr\/index.php\/acces-cite\/\">Acc\u00e8s \u00e0 la Cit\u00e9 des Congr\u00e8s de Nantes<\/a><\/strong><\/span>\t\t\t\t\t\t\t\t<\/div>\n\t\t\t\t<\/div>\n\t\t\t\t\t<\/div>\n\t\t<\/div>\n\t\t\t\t<div class=\"elementor-column elementor-col-33 elementor-top-column elementor-element elementor-element-1dbd46b\" data-id=\"1dbd46b\" data-element_type=\"column\">\n\t\t\t<div class=\"elementor-widget-wrap elementor-element-populated\">\n\t\t\t\t\t\t<div class=\"elementor-element elementor-element-ce1fff8 elementor-widget elementor-widget-text-editor\" data-id=\"ce1fff8\" data-element_type=\"widget\" data-widget_type=\"text-editor.default\">\n\t\t\t\t<div class=\"elementor-widget-container\">\n\t\t\t\t\t\t\t\t\t<span style=\"color: #a52c41;\"><strong>&gt; <a href=\"https:\/\/salondata.fr\/index.php\/demarche-eco-respondable\/\">Une d\u00e9marche \u00e9co-responsable<\/a><\/strong><\/span>\t\t\t\t\t\t\t\t<\/div>\n\t\t\t\t<\/div>\n\t\t\t\t\t<\/div>\n\t\t<\/div>\n\t\t\t\t<div class=\"elementor-column elementor-col-33 elementor-top-column elementor-element elementor-element-663382e\" data-id=\"663382e\" data-element_type=\"column\">\n\t\t\t<div class=\"elementor-widget-wrap elementor-element-populated\">\n\t\t\t\t\t\t<div class=\"elementor-element elementor-element-14f16d2 elementor-widget elementor-widget-text-editor\" data-id=\"14f16d2\" data-element_type=\"widget\" data-widget_type=\"text-editor.default\">\n\t\t\t\t<div class=\"elementor-widget-container\">\n\t\t\t\t\t\t\t\t\t<span style=\"color: #a52c41;\"><strong>&gt; <a href=\"https:\/\/salondata.fr\/index.php\/charte-bonne-conduite\/\">La charte de bonne conduite<\/a><\/strong><\/span>\t\t\t\t\t\t\t\t<\/div>\n\t\t\t\t<\/div>\n\t\t\t\t\t<\/div>\n\t\t<\/div>\n\t\t\t\t\t<\/div>\n\t\t<\/section>\n\t\t\t\t<section class=\"elementor-section elementor-top-section elementor-element elementor-element-1993ebf elementor-section-boxed elementor-section-height-default elementor-section-height-default\" data-id=\"1993ebf\" data-element_type=\"section\">\n\t\t\t\t\t\t<div class=\"elementor-container elementor-column-gap-default\">\n\t\t\t\t\t<div class=\"elementor-column elementor-col-100 elementor-top-column elementor-element elementor-element-2f26148\" data-id=\"2f26148\" data-element_type=\"column\">\n\t\t\t<div class=\"elementor-widget-wrap elementor-element-populated\">\n\t\t\t\t\t\t<div class=\"elementor-element elementor-element-a20a76e elementor-widget elementor-widget-spacer\" data-id=\"a20a76e\" data-element_type=\"widget\" data-widget_type=\"spacer.default\">\n\t\t\t\t<div class=\"elementor-widget-container\">\n\t\t\t\t\t\t\t<div class=\"elementor-spacer\">\n\t\t\t<div class=\"elementor-spacer-inner\"><\/div>\n\t\t<\/div>\n\t\t\t\t\t\t<\/div>\n\t\t\t\t<\/div>\n\t\t\t\t<div class=\"elementor-element elementor-element-8d84d77 elementor-widget elementor-widget-heading\" data-id=\"8d84d77\" data-element_type=\"widget\" data-widget_type=\"heading.default\">\n\t\t\t\t<div class=\"elementor-widget-container\">\n\t\t\t\t\t<h3 class=\"elementor-heading-title elementor-size-large\">UN SALON HYBRIDE<\/h3>\t\t\t\t<\/div>\n\t\t\t\t<\/div>\n\t\t\t\t\t<\/div>\n\t\t<\/div>\n\t\t\t\t\t<\/div>\n\t\t<\/section>\n\t\t\t\t<section class=\"elementor-section elementor-top-section elementor-element elementor-element-0df3b4c elementor-section-boxed elementor-section-height-default elementor-section-height-default\" data-id=\"0df3b4c\" data-element_type=\"section\">\n\t\t\t\t\t\t<div class=\"elementor-container elementor-column-gap-default\">\n\t\t\t\t\t<div class=\"elementor-column elementor-col-100 elementor-top-column elementor-element elementor-element-b5f9ddf\" data-id=\"b5f9ddf\" data-element_type=\"column\">\n\t\t\t<div class=\"elementor-widget-wrap elementor-element-populated\">\n\t\t\t\t\t\t<div class=\"elementor-element elementor-element-fe63336 elementor-widget elementor-widget-text-editor\" data-id=\"fe63336\" data-element_type=\"widget\" data-widget_type=\"text-editor.default\">\n\t\t\t\t<div class=\"elementor-widget-container\">\n\t\t\t\t\t\t\t\t\t<p>Cette ann\u00e9e le salon se tiendra \u00e0 la fois en pr\u00e9sence physique \u00e0 la <strong>Cit\u00e9 des Congr\u00e8s de Nantes<\/strong>, et en version distancielle via une plateforme d\u00e9di\u00e9e. Le salon de la DATA se d\u00e9roulera de 8h30 \u00e0 18h. <br \/>Voici un aper\u00e7u des fonctionnalit\u00e9s qui vous seront propos\u00e9es :<\/p><p>Les \u00e9quipes du Salon de la Data travaillent depuis plusieurs mois en collaboration avec les \u00e9quipes de <span style=\"color: #0563c1;\"><u>Swapcard<\/u><\/span>, l\u2019application des lieux connect\u00e9s et \u00e9v\u00e8nements virtuels et hybrides pour vous proposer une version \u00e0 distance de qualit\u00e9.<br \/>Cette plateforme num\u00e9rique, disponible en acc\u00e8s Web et mobile permettra de\u00a0:<\/p>\t\t\t\t\t\t\t\t<\/div>\n\t\t\t\t<\/div>\n\t\t\t\t\t<\/div>\n\t\t<\/div>\n\t\t\t\t\t<\/div>\n\t\t<\/section>\n\t\t\t\t<section class=\"elementor-section elementor-top-section elementor-element elementor-element-5f35447 elementor-section-boxed elementor-section-height-default elementor-section-height-default\" data-id=\"5f35447\" data-element_type=\"section\">\n\t\t\t\t\t\t<div class=\"elementor-container elementor-column-gap-default\">\n\t\t\t\t\t<div class=\"elementor-column elementor-col-100 elementor-top-column elementor-element elementor-element-c3349e4\" data-id=\"c3349e4\" data-element_type=\"column\">\n\t\t\t<div class=\"elementor-widget-wrap elementor-element-populated\">\n\t\t\t\t\t\t<div class=\"elementor-element elementor-element-4982556 elementor-widget elementor-widget-text-editor\" data-id=\"4982556\" data-element_type=\"widget\" data-widget_type=\"text-editor.default\">\n\t\t\t\t<div class=\"elementor-widget-container\">\n\t\t\t\t\t\t\t\t\t<h2>Participer aux conf\u00e9rences \u00e0 distance<\/h2><p>La totalit\u00e9 des conf\u00e9rences et ateliers seront retransmis en ligne via des sessions d\u00e9di\u00e9es. Vous pourrez vous inscrire au pr\u00e9alable et cr\u00e9er votre programme personnalis\u00e9 ou vous connecter directement sur la session le jour J.<\/p><p>Les replays des conf\u00e9rences seront ensuite disponibles en ligne sur la chaine Youtube du Salon<\/p><h2>Offrir de l&rsquo;interactivit\u00e9<\/h2><p>Vous pourrez r\u00e9agir ou poser vos questions pendant chaque conf\u00e9rence en live gr\u00e2ce \u00e0 un chat d\u00e9di\u00e9.<\/p>\t\t\t\t\t\t\t\t<\/div>\n\t\t\t\t<\/div>\n\t\t\t\t\t<\/div>\n\t\t<\/div>\n\t\t\t\t\t<\/div>\n\t\t<\/section>\n\t\t\t\t<section class=\"elementor-section elementor-top-section elementor-element elementor-element-921a38a elementor-section-boxed elementor-section-height-default elementor-section-height-default\" data-id=\"921a38a\" data-element_type=\"section\">\n\t\t\t\t\t\t<div class=\"elementor-container elementor-column-gap-default\">\n\t\t\t\t\t<div class=\"elementor-column elementor-col-100 elementor-top-column elementor-element elementor-element-8f8ff53\" data-id=\"8f8ff53\" data-element_type=\"column\">\n\t\t\t<div class=\"elementor-widget-wrap elementor-element-populated\">\n\t\t\t\t\t\t<div class=\"elementor-element elementor-element-f47fab2 elementor-widget elementor-widget-text-editor\" data-id=\"f47fab2\" data-element_type=\"widget\" data-widget_type=\"text-editor.default\">\n\t\t\t\t<div class=\"elementor-widget-container\">\n\t\t\t\t\t\t\t\t\t<h2>R\u00e9aliser des rendez-vous business en ligne<\/h2><p>Un module de rendez-vous en ligne sera propos\u00e9 et vous pourrez prendre rendez-vous avec un ou plusieurs repr\u00e9sentants de chaque entreprise sponsor et r\u00e9aliser le rendez-vous en ligne le jour J.<\/p>\t\t\t\t\t\t\t\t<\/div>\n\t\t\t\t<\/div>\n\t\t\t\t\t<\/div>\n\t\t<\/div>\n\t\t\t\t\t<\/div>\n\t\t<\/section>\n\t\t\t\t<section class=\"elementor-section elementor-top-section elementor-element elementor-element-18de8d5 elementor-section-boxed elementor-section-height-default elementor-section-height-default\" data-id=\"18de8d5\" data-element_type=\"section\">\n\t\t\t\t\t\t<div class=\"elementor-container elementor-column-gap-default\">\n\t\t\t\t\t<div class=\"elementor-column elementor-col-100 elementor-top-column elementor-element elementor-element-44a5dc4\" data-id=\"44a5dc4\" data-element_type=\"column\">\n\t\t\t<div class=\"elementor-widget-wrap elementor-element-populated\">\n\t\t\t\t\t\t<div class=\"elementor-element elementor-element-8716257 elementor-widget elementor-widget-text-editor\" data-id=\"8716257\" data-element_type=\"widget\" data-widget_type=\"text-editor.default\">\n\t\t\t\t<div class=\"elementor-widget-container\">\n\t\t\t\t\t\t\t\t\t<h2>Entrer en contact avec les sponsors du salon<\/h2><p>Vous pourrez \u00e9galement entrer en contact via un chat avec les repr\u00e9sentants de soci\u00e9t\u00e9s sponsors librement<\/p>\t\t\t\t\t\t\t\t<\/div>\n\t\t\t\t<\/div>\n\t\t\t\t\t<\/div>\n\t\t<\/div>\n\t\t\t\t\t<\/div>\n\t\t<\/section>\n\t\t\t\t<section class=\"elementor-section elementor-top-section elementor-element elementor-element-7110e69 elementor-section-boxed elementor-section-height-default elementor-section-height-default\" data-id=\"7110e69\" data-element_type=\"section\" data-settings=\"{&quot;background_background&quot;:&quot;classic&quot;}\">\n\t\t\t\t\t\t\t<div class=\"elementor-background-overlay\"><\/div>\n\t\t\t\t\t\t\t<div class=\"elementor-container elementor-column-gap-default\">\n\t\t\t\t\t<div class=\"elementor-column elementor-col-100 elementor-top-column elementor-element elementor-element-2908b08\" data-id=\"2908b08\" data-element_type=\"column\">\n\t\t\t<div class=\"elementor-widget-wrap\">\n\t\t\t\t\t\t\t<\/div>\n\t\t<\/div>\n\t\t\t\t\t<\/div>\n\t\t<\/section>\n\t\t\t\t<section class=\"elementor-section elementor-top-section elementor-element elementor-element-a264f71 elementor-section-boxed elementor-section-height-default elementor-section-height-default\" data-id=\"a264f71\" data-element_type=\"section\">\n\t\t\t\t\t\t<div class=\"elementor-container elementor-column-gap-default\">\n\t\t\t\t\t<div class=\"elementor-column elementor-col-100 elementor-top-column elementor-element elementor-element-73ddfff\" data-id=\"73ddfff\" data-element_type=\"column\">\n\t\t\t<div class=\"elementor-widget-wrap elementor-element-populated\">\n\t\t\t\t\t\t<div class=\"elementor-element elementor-element-629ca56 elementor-widget-divider--view-line elementor-widget elementor-widget-divider\" data-id=\"629ca56\" data-element_type=\"widget\" data-widget_type=\"divider.default\">\n\t\t\t\t<div class=\"elementor-widget-container\">\n\t\t\t\t\t\t\t<div class=\"elementor-divider\">\n\t\t\t<span class=\"elementor-divider-separator\">\n\t\t\t\t\t\t<\/span>\n\t\t<\/div>\n\t\t\t\t\t\t<\/div>\n\t\t\t\t<\/div>\n\t\t\t\t\t<\/div>\n\t\t<\/div>\n\t\t\t\t\t<\/div>\n\t\t<\/section>\n\t\t\t\t<section class=\"elementor-section elementor-top-section elementor-element elementor-element-2b44dcf elementor-section-boxed elementor-section-height-default elementor-section-height-default\" data-id=\"2b44dcf\" data-element_type=\"section\">\n\t\t\t\t\t\t<div class=\"elementor-container elementor-column-gap-default\">\n\t\t\t\t\t<div class=\"elementor-column elementor-col-100 elementor-top-column elementor-element elementor-element-3600b5e\" data-id=\"3600b5e\" data-element_type=\"column\">\n\t\t\t<div class=\"elementor-widget-wrap elementor-element-populated\">\n\t\t\t\t\t\t<div class=\"elementor-element elementor-element-b414b7f elementor-widget elementor-widget-heading\" data-id=\"b414b7f\" data-element_type=\"widget\" data-widget_type=\"heading.default\">\n\t\t\t\t<div class=\"elementor-widget-container\">\n\t\t\t\t\t<h3 class=\"elementor-heading-title elementor-size-large\">FOIRE AUX QUESTIONS<\/h3>\t\t\t\t<\/div>\n\t\t\t\t<\/div>\n\t\t\t\t\t<\/div>\n\t\t<\/div>\n\t\t\t\t\t<\/div>\n\t\t<\/section>\n\t\t\t\t<section class=\"elementor-section elementor-top-section elementor-element elementor-element-5a4bb6d elementor-section-boxed elementor-section-height-default elementor-section-height-default\" data-id=\"5a4bb6d\" data-element_type=\"section\">\n\t\t\t\t\t\t<div class=\"elementor-container elementor-column-gap-default\">\n\t\t\t\t\t<div class=\"elementor-column elementor-col-100 elementor-top-column elementor-element elementor-element-6f6dd72\" data-id=\"6f6dd72\" data-element_type=\"column\">\n\t\t\t<div class=\"elementor-widget-wrap elementor-element-populated\">\n\t\t\t\t\t\t<div class=\"elementor-element elementor-element-3d45181 elementor-widget elementor-widget-text-editor\" data-id=\"3d45181\" data-element_type=\"widget\" data-widget_type=\"text-editor.default\">\n\t\t\t\t<div class=\"elementor-widget-container\">\n\t\t\t\t\t\t\t\t\t<p><strong>VISITEURS<\/strong><\/p><p><strong><span style=\"color: #0d1c4f;\">Je me suis inscrit au salon \u00e0 la billetterie mais je n&rsquo;ai rien re\u00e7u, est-ce normal ?<\/span><\/strong><\/p><p>N&rsquo;h\u00e9sitez pas \u00e0 v\u00e9rifier vos spams, il y a de fortes chances que votre mail de confirmation d&rsquo;inscription y soit. Dans le cadre de cette \u00e9dition distancielle, vous ne recevrez pas de badges, il vous suffira de vous connecter \u00e0 la plateforme \u00e0 partir du 20 septembre.<\/p><p><strong><span style=\"color: #0d1c4f;\">Le 17 septembre : comment faire pour assister \u00e0 une conf\u00e9rence ?<\/span><\/strong><br \/>Il vous suffira de cliquer sur la rubrique \u00ab\u00a0Acc\u00e8s aux conf\u00e9rences\u00a0\u00bb, de s\u00e9lectionner la conf\u00e9rence que vous souhaitez visionner, et enfin de cliquer en bas sur \u00ab\u00a0inscription\u00a0\u00bb.\u00a0<\/p><p><strong><span style=\"color: #0d1c4f;\">Pourrais-je poser des questions pendant les conf\u00e9rences ?<\/span><\/strong><br \/>Oui, un module de questions\/r\u00e9ponses sera associ\u00e9 \u00e0 chaque conf\u00e9rence en ligne.<\/p><p><strong><span style=\"color: #0d1c4f;\">\u00a0<\/span><\/strong><\/p>\t\t\t\t\t\t\t\t<\/div>\n\t\t\t\t<\/div>\n\t\t\t\t\t<\/div>\n\t\t<\/div>\n\t\t\t\t\t<\/div>\n\t\t<\/section>\n\t\t\t\t<section class=\"elementor-section elementor-top-section elementor-element elementor-element-d44b74a elementor-section-boxed elementor-section-height-default elementor-section-height-default\" data-id=\"d44b74a\" data-element_type=\"section\">\n\t\t\t\t\t\t<div class=\"elementor-container elementor-column-gap-default\">\n\t\t\t\t\t<div class=\"elementor-column elementor-col-100 elementor-top-column elementor-element elementor-element-c540795\" data-id=\"c540795\" data-element_type=\"column\">\n\t\t\t<div class=\"elementor-widget-wrap elementor-element-populated\">\n\t\t\t\t\t\t<div class=\"elementor-element elementor-element-6fe468f elementor-widget elementor-widget-text-editor\" data-id=\"6fe468f\" data-element_type=\"widget\" data-widget_type=\"text-editor.default\">\n\t\t\t\t<div class=\"elementor-widget-container\">\n\t\t\t\t\t\t\t\t\t<h2><span style=\"color: #a52c41;\"><strong>CONFERENCIERS<\/strong><\/span><\/h2><p>Conf\u00e9renciers, adressez-nous vos questions \u00e0 conferences@salondata.fr<\/p>\t\t\t\t\t\t\t\t<\/div>\n\t\t\t\t<\/div>\n\t\t\t\t\t<\/div>\n\t\t<\/div>\n\t\t\t\t\t<\/div>\n\t\t<\/section>\n\t\t\t\t<\/div>\n\t\t","protected":false},"excerpt":{"rendered":"<p>&gt; Acc\u00e8s \u00e0 la Cit\u00e9 des Congr\u00e8s de Nantes&gt; Une d\u00e9marche \u00e9co-responsable&gt; La charte de bonne conduite UN SALON HYBRIDE Cette ann\u00e9e le salon se tiendra \u00e0 la fois en pr\u00e9sence physique \u00e0 la Cit\u00e9 des Congr\u00e8s de Nantes, et en version distancielle via une plateforme d\u00e9di\u00e9e. Le salon de la DATA se d\u00e9roulera de [&hellip;]<\/p>\n","protected":false},"author":2,"featured_media":0,"parent":0,"menu_order":0,"comment_status":"closed","ping_status":"closed","template":"","meta":{"ocean_post_layout":"","ocean_both_sidebars_style":"","ocean_both_sidebars_content_width":0,"ocean_both_sidebars_sidebars_width":0,"ocean_sidebar":"0","ocean_second_sidebar":"0","ocean_disable_margins":"enable","ocean_add_body_class":"","ocean_shortcode_before_top_bar":"","ocean_shortcode_after_top_bar":"","ocean_shortcode_before_header":"","ocean_shortcode_after_header":"","ocean_has_shortcode":"","ocean_shortcode_after_title":"","ocean_shortcode_before_footer_widgets":"","ocean_shortcode_after_footer_widgets":"","ocean_shortcode_before_footer_bottom":"","ocean_shortcode_after_footer_bottom":"","ocean_display_top_bar":"default","ocean_display_header":"default","ocean_header_style":"","ocean_center_header_left_menu":"0","ocean_custom_header_template":"0","ocean_custom_logo":0,"ocean_custom_retina_logo":0,"ocean_custom_logo_max_width":0,"ocean_custom_logo_tablet_max_width":0,"ocean_custom_logo_mobile_max_width":0,"ocean_custom_logo_max_height":0,"ocean_custom_logo_tablet_max_height":0,"ocean_custom_logo_mobile_max_height":0,"ocean_header_custom_menu":"0","ocean_menu_typo_font_family":"0","ocean_menu_typo_font_subset":"","ocean_menu_typo_font_size":0,"ocean_menu_typo_font_size_tablet":0,"ocean_menu_typo_font_size_mobile":0,"ocean_menu_typo_font_size_unit":"px","ocean_menu_typo_font_weight":"","ocean_menu_typo_font_weight_tablet":"","ocean_menu_typo_font_weight_mobile":"","ocean_menu_typo_transform":"","ocean_menu_typo_transform_tablet":"","ocean_menu_typo_transform_mobile":"","ocean_menu_typo_line_height":0,"ocean_menu_typo_line_height_tablet":0,"ocean_menu_typo_line_height_mobile":0,"ocean_menu_typo_line_height_unit":"","ocean_menu_typo_spacing":0,"ocean_menu_typo_spacing_tablet":0,"ocean_menu_typo_spacing_mobile":0,"ocean_menu_typo_spacing_unit":"","ocean_menu_link_color":"","ocean_menu_link_color_hover":"","ocean_menu_link_color_active":"","ocean_menu_link_background":"","ocean_menu_link_hover_background":"","ocean_menu_link_active_background":"","ocean_menu_social_links_bg":"","ocean_menu_social_hover_links_bg":"","ocean_menu_social_links_color":"","ocean_menu_social_hover_links_color":"","ocean_disable_title":"default","ocean_disable_heading":"default","ocean_post_title":"","ocean_post_subheading":"","ocean_post_title_style":"","ocean_post_title_background_color":"","ocean_post_title_background":0,"ocean_post_title_bg_image_position":"","ocean_post_title_bg_image_attachment":"","ocean_post_title_bg_image_repeat":"","ocean_post_title_bg_image_size":"","ocean_post_title_height":0,"ocean_post_title_bg_overlay":0.5,"ocean_post_title_bg_overlay_color":"","ocean_disable_breadcrumbs":"default","ocean_breadcrumbs_color":"","ocean_breadcrumbs_separator_color":"","ocean_breadcrumbs_links_color":"","ocean_breadcrumbs_links_hover_color":"","ocean_display_footer_widgets":"default","ocean_display_footer_bottom":"default","ocean_custom_footer_template":"0","footnotes":""},"class_list":["post-261","page","type-page","status-publish","hentry","entry"],"yoast_head":"<!-- This site is optimized with the Yoast SEO plugin v26.5 - https:\/\/yoast.com\/wordpress\/plugins\/seo\/ -->\n<title>Informations pratiques - Salon de la DATA<\/title>\n<meta name=\"robots\" content=\"index, follow, max-snippet:-1, max-image-preview:large, max-video-preview:-1\" \/>\n<link rel=\"canonical\" href=\"https:\/\/salondata.fr\/index.php\/informations-pratiques\/\" \/>\n<meta property=\"og:locale\" content=\"fr_FR\" \/>\n<meta property=\"og:type\" content=\"article\" \/>\n<meta property=\"og:title\" content=\"Informations pratiques - Salon de la DATA\" \/>\n<meta property=\"og:description\" content=\"&gt; Acc\u00e8s \u00e0 la Cit\u00e9 des Congr\u00e8s de Nantes&gt; Une d\u00e9marche \u00e9co-responsable&gt; La charte de bonne conduite UN SALON HYBRIDE Cette ann\u00e9e le salon se tiendra \u00e0 la fois en pr\u00e9sence physique \u00e0 la Cit\u00e9 des Congr\u00e8s de Nantes, et en version distancielle via une plateforme d\u00e9di\u00e9e. Le salon de la DATA se d\u00e9roulera de [&hellip;]\" \/>\n<meta property=\"og:url\" content=\"https:\/\/salondata.fr\/index.php\/informations-pratiques\/\" \/>\n<meta property=\"og:site_name\" content=\"Salon de la DATA\" \/>\n<meta property=\"article:modified_time\" content=\"2023-11-15T11:03:24+00:00\" \/>\n<meta name=\"twitter:card\" content=\"summary_large_image\" \/>\n<meta name=\"twitter:site\" content=\"@SalonData\" \/>\n<meta name=\"twitter:label1\" content=\"Dur\u00e9e de lecture estim\u00e9e\" \/>\n\t<meta name=\"twitter:data1\" content=\"2 minutes\" \/>\n<script type=\"application\/ld+json\" class=\"yoast-schema-graph\">{\"@context\":\"https:\/\/schema.org\",\"@graph\":[{\"@type\":\"WebPage\",\"@id\":\"https:\/\/salondata.fr\/index.php\/informations-pratiques\/\",\"url\":\"https:\/\/salondata.fr\/index.php\/informations-pratiques\/\",\"name\":\"Informations pratiques - Salon de la DATA\",\"isPartOf\":{\"@id\":\"https:\/\/salondata.fr\/#website\"},\"datePublished\":\"2019-03-26T12:28:06+00:00\",\"dateModified\":\"2023-11-15T11:03:24+00:00\",\"breadcrumb\":{\"@id\":\"https:\/\/salondata.fr\/index.php\/informations-pratiques\/#breadcrumb\"},\"inLanguage\":\"fr-FR\",\"potentialAction\":[{\"@type\":\"ReadAction\",\"target\":[\"https:\/\/salondata.fr\/index.php\/informations-pratiques\/\"]}]},{\"@type\":\"BreadcrumbList\",\"@id\":\"https:\/\/salondata.fr\/index.php\/informations-pratiques\/#breadcrumb\",\"itemListElement\":[{\"@type\":\"ListItem\",\"position\":1,\"name\":\"Accueil\",\"item\":\"https:\/\/salondata.fr\/\"},{\"@type\":\"ListItem\",\"position\":2,\"name\":\"Informations pratiques\"}]},{\"@type\":\"WebSite\",\"@id\":\"https:\/\/salondata.fr\/#website\",\"url\":\"https:\/\/salondata.fr\/\",\"name\":\"Salon de la DATA\",\"description\":\"Un salon par et pour les passionn\u00e9s de la data\",\"publisher\":{\"@id\":\"https:\/\/salondata.fr\/#organization\"},\"potentialAction\":[{\"@type\":\"SearchAction\",\"target\":{\"@type\":\"EntryPoint\",\"urlTemplate\":\"https:\/\/salondata.fr\/?s={search_term_string}\"},\"query-input\":{\"@type\":\"PropertyValueSpecification\",\"valueRequired\":true,\"valueName\":\"search_term_string\"}}],\"inLanguage\":\"fr-FR\"},{\"@type\":\"Organization\",\"@id\":\"https:\/\/salondata.fr\/#organization\",\"name\":\"Salon de la DATA\",\"url\":\"https:\/\/salondata.fr\/\",\"logo\":{\"@type\":\"ImageObject\",\"inLanguage\":\"fr-FR\",\"@id\":\"https:\/\/salondata.fr\/#\/schema\/logo\/image\/\",\"url\":\"https:\/\/salondata.fr\/wp-content\/uploads\/2019\/06\/SD_LogoMacaron_2_Positif.jpg\",\"contentUrl\":\"https:\/\/salondata.fr\/wp-content\/uploads\/2019\/06\/SD_LogoMacaron_2_Positif.jpg\",\"width\":1180,\"height\":959,\"caption\":\"Salon de la DATA\"},\"image\":{\"@id\":\"https:\/\/salondata.fr\/#\/schema\/logo\/image\/\"},\"sameAs\":[\"https:\/\/x.com\/SalonData\",\"https:\/\/www.youtube.com\/channel\/UCZdnpbTbaMrXtRcBh16UPpQ\"]}]}<\/script>\n<!-- \/ Yoast SEO plugin. -->","yoast_head_json":{"title":"Informations pratiques - Salon de la DATA","robots":{"index":"index","follow":"follow","max-snippet":"max-snippet:-1","max-image-preview":"max-image-preview:large","max-video-preview":"max-video-preview:-1"},"canonical":"https:\/\/salondata.fr\/index.php\/informations-pratiques\/","og_locale":"fr_FR","og_type":"article","og_title":"Informations pratiques - Salon de la DATA","og_description":"&gt; Acc\u00e8s \u00e0 la Cit\u00e9 des Congr\u00e8s de Nantes&gt; Une d\u00e9marche \u00e9co-responsable&gt; La charte de bonne conduite UN SALON HYBRIDE Cette ann\u00e9e le salon se tiendra \u00e0 la fois en pr\u00e9sence physique \u00e0 la Cit\u00e9 des Congr\u00e8s de Nantes, et en version distancielle via une plateforme d\u00e9di\u00e9e. Le salon de la DATA se d\u00e9roulera de [&hellip;]","og_url":"https:\/\/salondata.fr\/index.php\/informations-pratiques\/","og_site_name":"Salon de la DATA","article_modified_time":"2023-11-15T11:03:24+00:00","twitter_card":"summary_large_image","twitter_site":"@SalonData","twitter_misc":{"Dur\u00e9e de lecture estim\u00e9e":"2 minutes"},"schema":{"@context":"https:\/\/schema.org","@graph":[{"@type":"WebPage","@id":"https:\/\/salondata.fr\/index.php\/informations-pratiques\/","url":"https:\/\/salondata.fr\/index.php\/informations-pratiques\/","name":"Informations pratiques - Salon de la DATA","isPartOf":{"@id":"https:\/\/salondata.fr\/#website"},"datePublished":"2019-03-26T12:28:06+00:00","dateModified":"2023-11-15T11:03:24+00:00","breadcrumb":{"@id":"https:\/\/salondata.fr\/index.php\/informations-pratiques\/#breadcrumb"},"inLanguage":"fr-FR","potentialAction":[{"@type":"ReadAction","target":["https:\/\/salondata.fr\/index.php\/informations-pratiques\/"]}]},{"@type":"BreadcrumbList","@id":"https:\/\/salondata.fr\/index.php\/informations-pratiques\/#breadcrumb","itemListElement":[{"@type":"ListItem","position":1,"name":"Accueil","item":"https:\/\/salondata.fr\/"},{"@type":"ListItem","position":2,"name":"Informations pratiques"}]},{"@type":"WebSite","@id":"https:\/\/salondata.fr\/#website","url":"https:\/\/salondata.fr\/","name":"Salon de la DATA","description":"Un salon par et pour les passionn\u00e9s de la data","publisher":{"@id":"https:\/\/salondata.fr\/#organization"},"potentialAction":[{"@type":"SearchAction","target":{"@type":"EntryPoint","urlTemplate":"https:\/\/salondata.fr\/?s={search_term_string}"},"query-input":{"@type":"PropertyValueSpecification","valueRequired":true,"valueName":"search_term_string"}}],"inLanguage":"fr-FR"},{"@type":"Organization","@id":"https:\/\/salondata.fr\/#organization","name":"Salon de la DATA","url":"https:\/\/salondata.fr\/","logo":{"@type":"ImageObject","inLanguage":"fr-FR","@id":"https:\/\/salondata.fr\/#\/schema\/logo\/image\/","url":"https:\/\/salondata.fr\/wp-content\/uploads\/2019\/06\/SD_LogoMacaron_2_Positif.jpg","contentUrl":"https:\/\/salondata.fr\/wp-content\/uploads\/2019\/06\/SD_LogoMacaron_2_Positif.jpg","width":1180,"height":959,"caption":"Salon de la DATA"},"image":{"@id":"https:\/\/salondata.fr\/#\/schema\/logo\/image\/"},"sameAs":["https:\/\/x.com\/SalonData","https:\/\/www.youtube.com\/channel\/UCZdnpbTbaMrXtRcBh16UPpQ"]}]}},"_links":{"self":[{"href":"https:\/\/salondata.fr\/index.php\/wp-json\/wp\/v2\/pages\/261","targetHints":{"allow":["GET"]}}],"collection":[{"href":"https:\/\/salondata.fr\/index.php\/wp-json\/wp\/v2\/pages"}],"about":[{"href":"https:\/\/salondata.fr\/index.php\/wp-json\/wp\/v2\/types\/page"}],"author":[{"embeddable":true,"href":"https:\/\/salondata.fr\/index.php\/wp-json\/wp\/v2\/users\/2"}],"replies":[{"embeddable":true,"href":"https:\/\/salondata.fr\/index.php\/wp-json\/wp\/v2\/comments?post=261"}],"version-history":[{"count":18,"href":"https:\/\/salondata.fr\/index.php\/wp-json\/wp\/v2\/pages\/261\/revisions"}],"predecessor-version":[{"id":8181,"href":"https:\/\/salondata.fr\/index.php\/wp-json\/wp\/v2\/pages\/261\/revisions\/8181"}],"wp:attachment":[{"href":"https:\/\/salondata.fr\/index.php\/wp-json\/wp\/v2\/media?parent=261"}],"curies":[{"name":"wp","href":"https:\/\/api.w.org\/{rel}","templated":true}]}}