{"id":5267,"date":"2021-08-08T16:29:56","date_gmt":"2021-08-08T14:29:56","guid":{"rendered":"https:\/\/salondata.fr\/?page_id=5267"},"modified":"2024-06-04T14:26:21","modified_gmt":"2024-06-04T12:26:21","slug":"acces-cite","status":"publish","type":"page","link":"https:\/\/salondata.fr\/index.php\/acces-cite\/","title":{"rendered":"Acc\u00e8s Cit\u00e9"},"content":{"rendered":"\t\t<div data-elementor-type=\"wp-post\" data-elementor-id=\"5267\" class=\"elementor elementor-5267\" data-elementor-post-type=\"page\">\n\t\t\t\t\t\t<section class=\"elementor-section elementor-top-section elementor-element elementor-element-2b8a503 elementor-section-boxed elementor-section-height-default elementor-section-height-default\" data-id=\"2b8a503\" data-element_type=\"section\">\n\t\t\t\t\t\t<div class=\"elementor-container elementor-column-gap-default\">\n\t\t\t\t\t<div class=\"elementor-column elementor-col-50 elementor-top-column elementor-element elementor-element-6e4a8a8\" data-id=\"6e4a8a8\" data-element_type=\"column\">\n\t\t\t<div class=\"elementor-widget-wrap elementor-element-populated\">\n\t\t\t\t\t\t<div class=\"elementor-element elementor-element-51ffac1 elementor-widget elementor-widget-text-editor\" data-id=\"51ffac1\" data-element_type=\"widget\" data-widget_type=\"text-editor.default\">\n\t\t\t\t<div class=\"elementor-widget-container\">\n\t\t\t\t\t\t\t\t\t<span style=\"color: #a52c41;\"><strong>&gt; <a href=\"https:\/\/salondata.fr\/index.php\/informations-pratiques\/\">Un salon hybride<\/a><\/strong><\/span>\t\t\t\t\t\t\t\t<\/div>\n\t\t\t\t<\/div>\n\t\t\t\t\t<\/div>\n\t\t<\/div>\n\t\t\t\t<div class=\"elementor-column elementor-col-50 elementor-top-column elementor-element elementor-element-26a0ec5\" data-id=\"26a0ec5\" data-element_type=\"column\">\n\t\t\t<div class=\"elementor-widget-wrap elementor-element-populated\">\n\t\t\t\t\t\t<div class=\"elementor-element elementor-element-ba5b850 elementor-widget elementor-widget-text-editor\" data-id=\"ba5b850\" data-element_type=\"widget\" data-widget_type=\"text-editor.default\">\n\t\t\t\t<div class=\"elementor-widget-container\">\n\t\t\t\t\t\t\t\t\t<p><span style=\"color: #a52c41;\"><strong>&gt; <a href=\"https:\/\/salondata.fr\/index.php\/informations-pratiques\/\">Une d\u00e9marche \u00e9co-responsable<\/a><\/strong><\/span><\/p>\t\t\t\t\t\t\t\t<\/div>\n\t\t\t\t<\/div>\n\t\t\t\t<div class=\"elementor-element elementor-element-6592582 elementor-widget elementor-widget-text-editor\" data-id=\"6592582\" data-element_type=\"widget\" data-widget_type=\"text-editor.default\">\n\t\t\t\t<div class=\"elementor-widget-container\">\n\t\t\t\t\t\t\t\t\t<p><span style=\"color: #a52c41;\"><strong>&gt; <a href=\"https:\/\/salondata.fr\/index.php\/charte-bonne-conduite\/\">La charte de bonne conduite<\/a><\/strong><\/span><\/p>\t\t\t\t\t\t\t\t<\/div>\n\t\t\t\t<\/div>\n\t\t\t\t\t<\/div>\n\t\t<\/div>\n\t\t\t\t\t<\/div>\n\t\t<\/section>\n\t\t\t\t<section class=\"elementor-section elementor-top-section elementor-element elementor-element-9216c4b elementor-section-boxed elementor-section-height-default elementor-section-height-default\" data-id=\"9216c4b\" data-element_type=\"section\">\n\t\t\t\t\t\t<div class=\"elementor-container elementor-column-gap-default\">\n\t\t\t\t\t<div class=\"elementor-column elementor-col-100 elementor-top-column elementor-element elementor-element-a3c3027\" data-id=\"a3c3027\" data-element_type=\"column\">\n\t\t\t<div class=\"elementor-widget-wrap elementor-element-populated\">\n\t\t\t\t\t\t<div class=\"elementor-element elementor-element-bf99ad9 elementor-widget elementor-widget-heading\" data-id=\"bf99ad9\" data-element_type=\"widget\" data-widget_type=\"heading.default\">\n\t\t\t\t<div class=\"elementor-widget-container\">\n\t\t\t\t\t<h3 class=\"elementor-heading-title elementor-size-large\">ACC&Egrave;S &Agrave; LA CIT&Eacute; DES CONGR&Egrave;S<\/h3>\t\t\t\t<\/div>\n\t\t\t\t<\/div>\n\t\t\t\t\t<\/div>\n\t\t<\/div>\n\t\t\t\t\t<\/div>\n\t\t<\/section>\n\t\t\t\t<section class=\"elementor-section elementor-top-section elementor-element elementor-element-8bbb74c elementor-section-boxed elementor-section-height-default elementor-section-height-default\" data-id=\"8bbb74c\" data-element_type=\"section\">\n\t\t\t\t\t\t<div class=\"elementor-container elementor-column-gap-default\">\n\t\t\t\t\t<div class=\"elementor-column elementor-col-100 elementor-top-column elementor-element elementor-element-a551ac4\" data-id=\"a551ac4\" data-element_type=\"column\">\n\t\t\t<div class=\"elementor-widget-wrap elementor-element-populated\">\n\t\t\t\t\t\t<div class=\"elementor-element elementor-element-ab4f87e elementor-widget elementor-widget-text-editor\" data-id=\"ab4f87e\" data-element_type=\"widget\" data-widget_type=\"text-editor.default\">\n\t\t\t\t<div class=\"elementor-widget-container\">\n\t\t\t\t\t\t\t\t\t<p>Situ\u00e9e en centre-ville, face \u00e0 la gare TGV (sortie Sud) et \u00e0 20 minutes de l\u2019a\u00e9roport, La Cit\u00e9 des Congr\u00e8s de Nantes b\u00e9n\u00e9ficie d\u2019une excellente accessibilit\u00e9 :<\/p>\t\t\t\t\t\t\t\t<\/div>\n\t\t\t\t<\/div>\n\t\t\t\t\t<\/div>\n\t\t<\/div>\n\t\t\t\t\t<\/div>\n\t\t<\/section>\n\t\t\t\t<section class=\"elementor-section elementor-top-section elementor-element elementor-element-0b818a9 elementor-section-boxed elementor-section-height-default elementor-section-height-default\" data-id=\"0b818a9\" data-element_type=\"section\">\n\t\t\t\t\t\t<div class=\"elementor-container elementor-column-gap-default\">\n\t\t\t\t\t<div class=\"elementor-column elementor-col-50 elementor-top-column elementor-element elementor-element-146155b\" data-id=\"146155b\" data-element_type=\"column\">\n\t\t\t<div class=\"elementor-widget-wrap elementor-element-populated\">\n\t\t\t\t\t\t<div class=\"elementor-element elementor-element-e6a4e58 elementor-widget elementor-widget-image\" data-id=\"e6a4e58\" data-element_type=\"widget\" data-widget_type=\"image.default\">\n\t\t\t\t<div class=\"elementor-widget-container\">\n\t\t\t\t\t\t\t\t\t\t\t\t\t\t\t<img decoding=\"async\" width=\"150\" height=\"150\" src=\"https:\/\/salondata.fr\/wp-content\/uploads\/2021\/08\/tram_sd.png\" class=\"attachment-large size-large wp-image-5269\" alt=\"\" \/>\t\t\t\t\t\t\t\t\t\t\t\t\t\t\t<\/div>\n\t\t\t\t<\/div>\n\t\t\t\t\t<\/div>\n\t\t<\/div>\n\t\t\t\t<div class=\"elementor-column elementor-col-50 elementor-top-column elementor-element elementor-element-56206fd\" data-id=\"56206fd\" data-element_type=\"column\">\n\t\t\t<div class=\"elementor-widget-wrap elementor-element-populated\">\n\t\t\t\t\t\t<div class=\"elementor-element elementor-element-a5dfedf elementor-widget elementor-widget-text-editor\" data-id=\"a5dfedf\" data-element_type=\"widget\" data-widget_type=\"text-editor.default\">\n\t\t\t\t<div class=\"elementor-widget-container\">\n\t\t\t\t\t\t\t\t\t<p><strong>Tramway\u00a0<\/strong>ligne 1 \u2013 station \u00ab Duchesse Anne \u2013 Ch\u00e2teau des Ducs de Bretagne \u00bb, \u00e0 une station de la gare TGV (sortie Nord).<br \/><strong>Plus d\u2019infos :<\/strong> <a href=\"http:\/\/www.naolib.fr\">www.naolib.fr<\/a><\/p>\t\t\t\t\t\t\t\t<\/div>\n\t\t\t\t<\/div>\n\t\t\t\t\t<\/div>\n\t\t<\/div>\n\t\t\t\t\t<\/div>\n\t\t<\/section>\n\t\t\t\t<section class=\"elementor-section elementor-top-section elementor-element elementor-element-b85018f elementor-section-boxed elementor-section-height-default elementor-section-height-default\" data-id=\"b85018f\" data-element_type=\"section\">\n\t\t\t\t\t\t<div class=\"elementor-container elementor-column-gap-default\">\n\t\t\t\t\t<div class=\"elementor-column elementor-col-33 elementor-top-column elementor-element elementor-element-8c9105f\" data-id=\"8c9105f\" data-element_type=\"column\">\n\t\t\t<div class=\"elementor-widget-wrap elementor-element-populated\">\n\t\t\t\t\t\t<div class=\"elementor-element elementor-element-0d6e516 elementor-widget elementor-widget-image\" data-id=\"0d6e516\" data-element_type=\"widget\" data-widget_type=\"image.default\">\n\t\t\t\t<div class=\"elementor-widget-container\">\n\t\t\t\t\t\t\t\t\t\t\t\t\t\t\t<img decoding=\"async\" width=\"150\" height=\"150\" src=\"https:\/\/salondata.fr\/wp-content\/uploads\/2021\/08\/avion_sd.png\" class=\"attachment-large size-large wp-image-5271\" alt=\"\" \/>\t\t\t\t\t\t\t\t\t\t\t\t\t\t\t<\/div>\n\t\t\t\t<\/div>\n\t\t\t\t\t<\/div>\n\t\t<\/div>\n\t\t\t\t<div class=\"elementor-column elementor-col-66 elementor-top-column elementor-element elementor-element-4e4ac3c\" data-id=\"4e4ac3c\" data-element_type=\"column\">\n\t\t\t<div class=\"elementor-widget-wrap elementor-element-populated\">\n\t\t\t\t\t\t<div class=\"elementor-element elementor-element-fb97421 elementor-widget elementor-widget-text-editor\" data-id=\"fb97421\" data-element_type=\"widget\" data-widget_type=\"text-editor.default\">\n\t\t\t\t<div class=\"elementor-widget-container\">\n\t\t\t\t\t\t\t\t\t<p><strong>Navette a\u00e9roport \/ centre-ville\u00a0<\/strong>arr\u00eat \u00ab Lieu Unique \u00bb, d\u00e9part toutes les 20 minutes.<br \/><strong>Plus d\u2019infos :<\/strong> <a href=\"https:\/\/www.nantes.aeroport.fr\/fr\/acces-et-transports\/navette-aeroport\">https:\/\/www.nantes.aeroport.fr\/fr\/acces-et-transports\/navette-aeroport<\/a><\/p>\t\t\t\t\t\t\t\t<\/div>\n\t\t\t\t<\/div>\n\t\t\t\t\t<\/div>\n\t\t<\/div>\n\t\t\t\t\t<\/div>\n\t\t<\/section>\n\t\t\t\t<section class=\"elementor-section elementor-top-section elementor-element elementor-element-a590515 elementor-section-boxed elementor-section-height-default elementor-section-height-default\" data-id=\"a590515\" data-element_type=\"section\">\n\t\t\t\t\t\t<div class=\"elementor-container elementor-column-gap-default\">\n\t\t\t\t\t<div class=\"elementor-column elementor-col-33 elementor-top-column elementor-element elementor-element-49c0021\" data-id=\"49c0021\" data-element_type=\"column\">\n\t\t\t<div class=\"elementor-widget-wrap elementor-element-populated\">\n\t\t\t\t\t\t<div class=\"elementor-element elementor-element-d9a07d4 elementor-widget elementor-widget-image\" data-id=\"d9a07d4\" data-element_type=\"widget\" data-widget_type=\"image.default\">\n\t\t\t\t<div class=\"elementor-widget-container\">\n\t\t\t\t\t\t\t\t\t\t\t\t\t\t\t<img decoding=\"async\" width=\"150\" height=\"151\" src=\"https:\/\/salondata.fr\/wp-content\/uploads\/2021\/08\/bus1_sd-1.png\" class=\"attachment-large size-large wp-image-5279\" alt=\"\" \/>\t\t\t\t\t\t\t\t\t\t\t\t\t\t\t<\/div>\n\t\t\t\t<\/div>\n\t\t\t\t\t<\/div>\n\t\t<\/div>\n\t\t\t\t<div class=\"elementor-column elementor-col-66 elementor-top-column elementor-element elementor-element-47f04fe\" data-id=\"47f04fe\" data-element_type=\"column\">\n\t\t\t<div class=\"elementor-widget-wrap elementor-element-populated\">\n\t\t\t\t\t\t<div class=\"elementor-element elementor-element-302e41a elementor-widget elementor-widget-text-editor\" data-id=\"302e41a\" data-element_type=\"widget\" data-widget_type=\"text-editor.default\">\n\t\t\t\t<div class=\"elementor-widget-container\">\n\t\t\t\t\t\t\t\t\t<p><strong>Busway\u00a0<\/strong>ligne 4 \u2013 arr\u00eat \u00ab Cit\u00e9 Internationale des Congr\u00e8s \u00bb.\u00a0<br \/><strong>Plus d\u2019infos : <\/strong><a href=\"http:\/\/www.naolib.fr\">www.naolib.fr<\/a><\/p>\t\t\t\t\t\t\t\t<\/div>\n\t\t\t\t<\/div>\n\t\t\t\t\t<\/div>\n\t\t<\/div>\n\t\t\t\t\t<\/div>\n\t\t<\/section>\n\t\t\t\t<section class=\"elementor-section elementor-top-section elementor-element elementor-element-86e05b5 elementor-section-boxed elementor-section-height-default elementor-section-height-default\" data-id=\"86e05b5\" data-element_type=\"section\">\n\t\t\t\t\t\t<div class=\"elementor-container elementor-column-gap-default\">\n\t\t\t\t\t<div class=\"elementor-column elementor-col-33 elementor-top-column elementor-element elementor-element-50dbaf8\" data-id=\"50dbaf8\" data-element_type=\"column\">\n\t\t\t<div class=\"elementor-widget-wrap elementor-element-populated\">\n\t\t\t\t\t\t<div class=\"elementor-element elementor-element-3998643 elementor-widget elementor-widget-image\" data-id=\"3998643\" data-element_type=\"widget\" data-widget_type=\"image.default\">\n\t\t\t\t<div class=\"elementor-widget-container\">\n\t\t\t\t\t\t\t\t\t\t\t\t\t\t\t<img loading=\"lazy\" decoding=\"async\" width=\"150\" height=\"151\" src=\"https:\/\/salondata.fr\/wp-content\/uploads\/2021\/08\/velo1_sd.png\" class=\"attachment-large size-large wp-image-5275\" alt=\"\" \/>\t\t\t\t\t\t\t\t\t\t\t\t\t\t\t<\/div>\n\t\t\t\t<\/div>\n\t\t\t\t\t<\/div>\n\t\t<\/div>\n\t\t\t\t<div class=\"elementor-column elementor-col-66 elementor-top-column elementor-element elementor-element-7c29e03\" data-id=\"7c29e03\" data-element_type=\"column\">\n\t\t\t<div class=\"elementor-widget-wrap elementor-element-populated\">\n\t\t\t\t\t\t<div class=\"elementor-element elementor-element-48cb51d elementor-widget elementor-widget-text-editor\" data-id=\"48cb51d\" data-element_type=\"widget\" data-widget_type=\"text-editor.default\">\n\t\t\t\t<div class=\"elementor-widget-container\">\n\t\t\t\t\t\t\t\t\t<p><strong>V\u00e9los Bicloo et voitures Marguerite en libre-service\u00a0<\/strong>stations au pied de La Cit\u00e9.\u00a0<br \/><strong>Plus d\u2019infos : <\/strong><a href=\"https:\/\/velo.naolib.fr\/fr\/home\">https:\/\/velo.naolib.fr\/fr\/home<\/a> et <a href=\"http:\/\/www.imarguerite.com\/\" target=\"_blank\" rel=\"noopener\">www.imarguerite.com<\/a><\/p>\t\t\t\t\t\t\t\t<\/div>\n\t\t\t\t<\/div>\n\t\t\t\t\t<\/div>\n\t\t<\/div>\n\t\t\t\t\t<\/div>\n\t\t<\/section>\n\t\t\t\t<section class=\"elementor-section elementor-top-section elementor-element elementor-element-6103a13 elementor-section-boxed elementor-section-height-default elementor-section-height-default\" data-id=\"6103a13\" data-element_type=\"section\">\n\t\t\t\t\t\t<div class=\"elementor-container elementor-column-gap-default\">\n\t\t\t\t\t<div class=\"elementor-column elementor-col-33 elementor-top-column elementor-element elementor-element-3f24fb8\" data-id=\"3f24fb8\" data-element_type=\"column\">\n\t\t\t<div class=\"elementor-widget-wrap elementor-element-populated\">\n\t\t\t\t\t\t<div class=\"elementor-element elementor-element-07f71c6 elementor-widget elementor-widget-image\" data-id=\"07f71c6\" data-element_type=\"widget\" data-widget_type=\"image.default\">\n\t\t\t\t<div class=\"elementor-widget-container\">\n\t\t\t\t\t\t\t\t\t\t\t\t\t\t\t<img loading=\"lazy\" decoding=\"async\" width=\"150\" height=\"151\" src=\"https:\/\/salondata.fr\/wp-content\/uploads\/2021\/08\/voiture1_sd.png\" class=\"attachment-large size-large wp-image-5281\" alt=\"\" \/>\t\t\t\t\t\t\t\t\t\t\t\t\t\t\t<\/div>\n\t\t\t\t<\/div>\n\t\t\t\t\t<\/div>\n\t\t<\/div>\n\t\t\t\t<div class=\"elementor-column elementor-col-66 elementor-top-column elementor-element elementor-element-c040d0f\" data-id=\"c040d0f\" data-element_type=\"column\">\n\t\t\t<div class=\"elementor-widget-wrap elementor-element-populated\">\n\t\t\t\t\t\t<div class=\"elementor-element elementor-element-ba5c0d2 elementor-widget elementor-widget-text-editor\" data-id=\"ba5c0d2\" data-element_type=\"widget\" data-widget_type=\"text-editor.default\">\n\t\t\t\t<div class=\"elementor-widget-container\">\n\t\t\t\t\t\t\t\t\t<strong>Parking\u00a0<\/strong>420 places de parking sur site auxquelles s\u2019ajoutent plus de 2000 places dans les parkings environnants. Pour les exposants : zone de stationnement temporaire avec acc\u00e8s direct aux espaces d\u2019exposition de La Cit\u00e9.\u00a0<br><strong>Plus d\u2019infos :<\/strong><a href=\"https:\/\/www.effia.com\/parking\/parking-nantes-cite-des-congres-effia?entry=2021-02-19T13:30&amp;exit=2021-02-19T14:30&amp;vehicle=AUTO&amp;qty=1&amp;premium=FALSE&amp;electric=FALSE&amp;orderType=default\" target=\"_blank\" rel=\"noopener\">\u00a0www.parkings-nantes.fr<\/a>\t\t\t\t\t\t\t\t<\/div>\n\t\t\t\t<\/div>\n\t\t\t\t\t<\/div>\n\t\t<\/div>\n\t\t\t\t\t<\/div>\n\t\t<\/section>\n\t\t\t\t<section class=\"elementor-section elementor-top-section elementor-element elementor-element-29dc023 elementor-section-boxed elementor-section-height-default elementor-section-height-default\" data-id=\"29dc023\" data-element_type=\"section\">\n\t\t\t\t\t\t<div class=\"elementor-container elementor-column-gap-default\">\n\t\t\t\t\t<div class=\"elementor-column elementor-col-100 elementor-top-column elementor-element elementor-element-50daf17\" data-id=\"50daf17\" data-element_type=\"column\">\n\t\t\t<div class=\"elementor-widget-wrap elementor-element-populated\">\n\t\t\t\t\t\t<div class=\"elementor-element elementor-element-d103a75 elementor-widget elementor-widget-google_maps\" data-id=\"d103a75\" data-element_type=\"widget\" data-widget_type=\"google_maps.default\">\n\t\t\t\t<div class=\"elementor-widget-container\">\n\t\t\t\t\t\t\t<div class=\"elementor-custom-embed\">\n\t\t\t<iframe loading=\"lazy\"\n\t\t\t\t\tsrc=\"https:\/\/maps.google.com\/maps?q=Cit%C3%A9%20des%20congr%C3%A8s%20de%20Nantes&#038;t=m&#038;z=15&#038;output=embed&#038;iwloc=near\"\n\t\t\t\t\ttitle=\"Cit\u00e9 des congr\u00e8s de Nantes\"\n\t\t\t\t\taria-label=\"Cit\u00e9 des congr\u00e8s de Nantes\"\n\t\t\t><\/iframe>\n\t\t<\/div>\n\t\t\t\t\t\t<\/div>\n\t\t\t\t<\/div>\n\t\t\t\t\t<\/div>\n\t\t<\/div>\n\t\t\t\t\t<\/div>\n\t\t<\/section>\n\t\t\t\t<\/div>\n\t\t","protected":false},"excerpt":{"rendered":"<p>&gt; Un salon hybride &gt; Une d\u00e9marche \u00e9co-responsable &gt; La charte de bonne conduite ACC&Egrave;S &Agrave; LA CIT&Eacute; DES CONGR&Egrave;S Situ\u00e9e en centre-ville, face \u00e0 la gare TGV (sortie Sud) et \u00e0 20 minutes de l\u2019a\u00e9roport, La Cit\u00e9 des Congr\u00e8s de Nantes b\u00e9n\u00e9ficie d\u2019une excellente accessibilit\u00e9 : Tramway\u00a0ligne 1 \u2013 station \u00ab Duchesse Anne \u2013 [&hellip;]<\/p>\n","protected":false},"author":12,"featured_media":0,"parent":0,"menu_order":0,"comment_status":"closed","ping_status":"closed","template":"","meta":{"ocean_post_layout":"","ocean_both_sidebars_style":"","ocean_both_sidebars_content_width":0,"ocean_both_sidebars_sidebars_width":0,"ocean_sidebar":"0","ocean_second_sidebar":"0","ocean_disable_margins":"enable","ocean_add_body_class":"","ocean_shortcode_before_top_bar":"","ocean_shortcode_after_top_bar":"","ocean_shortcode_before_header":"","ocean_shortcode_after_header":"","ocean_has_shortcode":"","ocean_shortcode_after_title":"","ocean_shortcode_before_footer_widgets":"","ocean_shortcode_after_footer_widgets":"","ocean_shortcode_before_footer_bottom":"","ocean_shortcode_after_footer_bottom":"","ocean_display_top_bar":"default","ocean_display_header":"default","ocean_header_style":"","ocean_center_header_left_menu":"0","ocean_custom_header_template":"0","ocean_custom_logo":0,"ocean_custom_retina_logo":0,"ocean_custom_logo_max_width":0,"ocean_custom_logo_tablet_max_width":0,"ocean_custom_logo_mobile_max_width":0,"ocean_custom_logo_max_height":0,"ocean_custom_logo_tablet_max_height":0,"ocean_custom_logo_mobile_max_height":0,"ocean_header_custom_menu":"0","ocean_menu_typo_font_family":"0","ocean_menu_typo_font_subset":"","ocean_menu_typo_font_size":0,"ocean_menu_typo_font_size_tablet":0,"ocean_menu_typo_font_size_mobile":0,"ocean_menu_typo_font_size_unit":"px","ocean_menu_typo_font_weight":"","ocean_menu_typo_font_weight_tablet":"","ocean_menu_typo_font_weight_mobile":"","ocean_menu_typo_transform":"","ocean_menu_typo_transform_tablet":"","ocean_menu_typo_transform_mobile":"","ocean_menu_typo_line_height":0,"ocean_menu_typo_line_height_tablet":0,"ocean_menu_typo_line_height_mobile":0,"ocean_menu_typo_line_height_unit":"","ocean_menu_typo_spacing":0,"ocean_menu_typo_spacing_tablet":0,"ocean_menu_typo_spacing_mobile":0,"ocean_menu_typo_spacing_unit":"","ocean_menu_link_color":"","ocean_menu_link_color_hover":"","ocean_menu_link_color_active":"","ocean_menu_link_background":"","ocean_menu_link_hover_background":"","ocean_menu_link_active_background":"","ocean_menu_social_links_bg":"","ocean_menu_social_hover_links_bg":"","ocean_menu_social_links_color":"","ocean_menu_social_hover_links_color":"","ocean_disable_title":"default","ocean_disable_heading":"default","ocean_post_title":"","ocean_post_subheading":"","ocean_post_title_style":"","ocean_post_title_background_color":"","ocean_post_title_background":0,"ocean_post_title_bg_image_position":"","ocean_post_title_bg_image_attachment":"","ocean_post_title_bg_image_repeat":"","ocean_post_title_bg_image_size":"","ocean_post_title_height":0,"ocean_post_title_bg_overlay":0.5,"ocean_post_title_bg_overlay_color":"","ocean_disable_breadcrumbs":"default","ocean_breadcrumbs_color":"","ocean_breadcrumbs_separator_color":"","ocean_breadcrumbs_links_color":"","ocean_breadcrumbs_links_hover_color":"","ocean_display_footer_widgets":"default","ocean_display_footer_bottom":"default","ocean_custom_footer_template":"0","footnotes":""},"class_list":["post-5267","page","type-page","status-publish","hentry","entry"],"yoast_head":"<!-- This site is optimized with the Yoast SEO plugin v26.5 - https:\/\/yoast.com\/wordpress\/plugins\/seo\/ -->\n<title>Acc\u00e8s Cit\u00e9 - Salon de la DATA<\/title>\n<meta name=\"robots\" content=\"index, follow, max-snippet:-1, max-image-preview:large, max-video-preview:-1\" \/>\n<link rel=\"canonical\" href=\"https:\/\/salondata.fr\/index.php\/acces-cite\/\" \/>\n<meta property=\"og:locale\" content=\"fr_FR\" \/>\n<meta property=\"og:type\" content=\"article\" \/>\n<meta property=\"og:title\" content=\"Acc\u00e8s Cit\u00e9 - Salon de la DATA\" \/>\n<meta property=\"og:description\" content=\"&gt; Un salon hybride &gt; Une d\u00e9marche \u00e9co-responsable &gt; La charte de bonne conduite ACC&Egrave;S &Agrave; LA CIT&Eacute; DES CONGR&Egrave;S Situ\u00e9e en centre-ville, face \u00e0 la gare TGV (sortie Sud) et \u00e0 20 minutes de l\u2019a\u00e9roport, La Cit\u00e9 des Congr\u00e8s de Nantes b\u00e9n\u00e9ficie d\u2019une excellente accessibilit\u00e9 : Tramway\u00a0ligne 1 \u2013 station \u00ab Duchesse Anne \u2013 [&hellip;]\" \/>\n<meta property=\"og:url\" content=\"https:\/\/salondata.fr\/index.php\/acces-cite\/\" \/>\n<meta property=\"og:site_name\" content=\"Salon de la DATA\" \/>\n<meta property=\"article:modified_time\" content=\"2024-06-04T12:26:21+00:00\" \/>\n<meta property=\"og:image\" content=\"https:\/\/salondata.fr\/wp-content\/uploads\/2021\/08\/tram_sd.png\" \/>\n<meta name=\"twitter:card\" content=\"summary_large_image\" \/>\n<meta name=\"twitter:site\" content=\"@SalonData\" \/>\n<meta name=\"twitter:label1\" content=\"Dur\u00e9e de lecture estim\u00e9e\" \/>\n\t<meta name=\"twitter:data1\" content=\"2 minutes\" \/>\n<script type=\"application\/ld+json\" class=\"yoast-schema-graph\">{\"@context\":\"https:\/\/schema.org\",\"@graph\":[{\"@type\":\"WebPage\",\"@id\":\"https:\/\/salondata.fr\/index.php\/acces-cite\/\",\"url\":\"https:\/\/salondata.fr\/index.php\/acces-cite\/\",\"name\":\"Acc\u00e8s Cit\u00e9 - Salon de la DATA\",\"isPartOf\":{\"@id\":\"https:\/\/salondata.fr\/#website\"},\"primaryImageOfPage\":{\"@id\":\"https:\/\/salondata.fr\/index.php\/acces-cite\/#primaryimage\"},\"image\":{\"@id\":\"https:\/\/salondata.fr\/index.php\/acces-cite\/#primaryimage\"},\"thumbnailUrl\":\"https:\/\/salondata.fr\/wp-content\/uploads\/2021\/08\/tram_sd.png\",\"datePublished\":\"2021-08-08T14:29:56+00:00\",\"dateModified\":\"2024-06-04T12:26:21+00:00\",\"breadcrumb\":{\"@id\":\"https:\/\/salondata.fr\/index.php\/acces-cite\/#breadcrumb\"},\"inLanguage\":\"fr-FR\",\"potentialAction\":[{\"@type\":\"ReadAction\",\"target\":[\"https:\/\/salondata.fr\/index.php\/acces-cite\/\"]}]},{\"@type\":\"ImageObject\",\"inLanguage\":\"fr-FR\",\"@id\":\"https:\/\/salondata.fr\/index.php\/acces-cite\/#primaryimage\",\"url\":\"https:\/\/salondata.fr\/wp-content\/uploads\/2021\/08\/tram_sd.png\",\"contentUrl\":\"https:\/\/salondata.fr\/wp-content\/uploads\/2021\/08\/tram_sd.png\",\"width\":150,\"height\":150},{\"@type\":\"BreadcrumbList\",\"@id\":\"https:\/\/salondata.fr\/index.php\/acces-cite\/#breadcrumb\",\"itemListElement\":[{\"@type\":\"ListItem\",\"position\":1,\"name\":\"Accueil\",\"item\":\"https:\/\/salondata.fr\/\"},{\"@type\":\"ListItem\",\"position\":2,\"name\":\"Acc\u00e8s Cit\u00e9\"}]},{\"@type\":\"WebSite\",\"@id\":\"https:\/\/salondata.fr\/#website\",\"url\":\"https:\/\/salondata.fr\/\",\"name\":\"Salon de la DATA\",\"description\":\"Un salon par et pour les passionn\u00e9s de la data\",\"publisher\":{\"@id\":\"https:\/\/salondata.fr\/#organization\"},\"potentialAction\":[{\"@type\":\"SearchAction\",\"target\":{\"@type\":\"EntryPoint\",\"urlTemplate\":\"https:\/\/salondata.fr\/?s={search_term_string}\"},\"query-input\":{\"@type\":\"PropertyValueSpecification\",\"valueRequired\":true,\"valueName\":\"search_term_string\"}}],\"inLanguage\":\"fr-FR\"},{\"@type\":\"Organization\",\"@id\":\"https:\/\/salondata.fr\/#organization\",\"name\":\"Salon de la DATA\",\"url\":\"https:\/\/salondata.fr\/\",\"logo\":{\"@type\":\"ImageObject\",\"inLanguage\":\"fr-FR\",\"@id\":\"https:\/\/salondata.fr\/#\/schema\/logo\/image\/\",\"url\":\"https:\/\/salondata.fr\/wp-content\/uploads\/2019\/06\/SD_LogoMacaron_2_Positif.jpg\",\"contentUrl\":\"https:\/\/salondata.fr\/wp-content\/uploads\/2019\/06\/SD_LogoMacaron_2_Positif.jpg\",\"width\":1180,\"height\":959,\"caption\":\"Salon de la DATA\"},\"image\":{\"@id\":\"https:\/\/salondata.fr\/#\/schema\/logo\/image\/\"},\"sameAs\":[\"https:\/\/x.com\/SalonData\",\"https:\/\/www.youtube.com\/channel\/UCZdnpbTbaMrXtRcBh16UPpQ\"]}]}<\/script>\n<!-- \/ Yoast SEO plugin. -->","yoast_head_json":{"title":"Acc\u00e8s Cit\u00e9 - Salon de la DATA","robots":{"index":"index","follow":"follow","max-snippet":"max-snippet:-1","max-image-preview":"max-image-preview:large","max-video-preview":"max-video-preview:-1"},"canonical":"https:\/\/salondata.fr\/index.php\/acces-cite\/","og_locale":"fr_FR","og_type":"article","og_title":"Acc\u00e8s Cit\u00e9 - Salon de la DATA","og_description":"&gt; Un salon hybride &gt; Une d\u00e9marche \u00e9co-responsable &gt; La charte de bonne conduite ACC&Egrave;S &Agrave; LA CIT&Eacute; DES CONGR&Egrave;S Situ\u00e9e en centre-ville, face \u00e0 la gare TGV (sortie Sud) et \u00e0 20 minutes de l\u2019a\u00e9roport, La Cit\u00e9 des Congr\u00e8s de Nantes b\u00e9n\u00e9ficie d\u2019une excellente accessibilit\u00e9 : Tramway\u00a0ligne 1 \u2013 station \u00ab Duchesse Anne \u2013 [&hellip;]","og_url":"https:\/\/salondata.fr\/index.php\/acces-cite\/","og_site_name":"Salon de la DATA","article_modified_time":"2024-06-04T12:26:21+00:00","og_image":[{"url":"https:\/\/salondata.fr\/wp-content\/uploads\/2021\/08\/tram_sd.png","type":"","width":"","height":""}],"twitter_card":"summary_large_image","twitter_site":"@SalonData","twitter_misc":{"Dur\u00e9e de lecture estim\u00e9e":"2 minutes"},"schema":{"@context":"https:\/\/schema.org","@graph":[{"@type":"WebPage","@id":"https:\/\/salondata.fr\/index.php\/acces-cite\/","url":"https:\/\/salondata.fr\/index.php\/acces-cite\/","name":"Acc\u00e8s Cit\u00e9 - Salon de la DATA","isPartOf":{"@id":"https:\/\/salondata.fr\/#website"},"primaryImageOfPage":{"@id":"https:\/\/salondata.fr\/index.php\/acces-cite\/#primaryimage"},"image":{"@id":"https:\/\/salondata.fr\/index.php\/acces-cite\/#primaryimage"},"thumbnailUrl":"https:\/\/salondata.fr\/wp-content\/uploads\/2021\/08\/tram_sd.png","datePublished":"2021-08-08T14:29:56+00:00","dateModified":"2024-06-04T12:26:21+00:00","breadcrumb":{"@id":"https:\/\/salondata.fr\/index.php\/acces-cite\/#breadcrumb"},"inLanguage":"fr-FR","potentialAction":[{"@type":"ReadAction","target":["https:\/\/salondata.fr\/index.php\/acces-cite\/"]}]},{"@type":"ImageObject","inLanguage":"fr-FR","@id":"https:\/\/salondata.fr\/index.php\/acces-cite\/#primaryimage","url":"https:\/\/salondata.fr\/wp-content\/uploads\/2021\/08\/tram_sd.png","contentUrl":"https:\/\/salondata.fr\/wp-content\/uploads\/2021\/08\/tram_sd.png","width":150,"height":150},{"@type":"BreadcrumbList","@id":"https:\/\/salondata.fr\/index.php\/acces-cite\/#breadcrumb","itemListElement":[{"@type":"ListItem","position":1,"name":"Accueil","item":"https:\/\/salondata.fr\/"},{"@type":"ListItem","position":2,"name":"Acc\u00e8s Cit\u00e9"}]},{"@type":"WebSite","@id":"https:\/\/salondata.fr\/#website","url":"https:\/\/salondata.fr\/","name":"Salon de la DATA","description":"Un salon par et pour les passionn\u00e9s de la data","publisher":{"@id":"https:\/\/salondata.fr\/#organization"},"potentialAction":[{"@type":"SearchAction","target":{"@type":"EntryPoint","urlTemplate":"https:\/\/salondata.fr\/?s={search_term_string}"},"query-input":{"@type":"PropertyValueSpecification","valueRequired":true,"valueName":"search_term_string"}}],"inLanguage":"fr-FR"},{"@type":"Organization","@id":"https:\/\/salondata.fr\/#organization","name":"Salon de la DATA","url":"https:\/\/salondata.fr\/","logo":{"@type":"ImageObject","inLanguage":"fr-FR","@id":"https:\/\/salondata.fr\/#\/schema\/logo\/image\/","url":"https:\/\/salondata.fr\/wp-content\/uploads\/2019\/06\/SD_LogoMacaron_2_Positif.jpg","contentUrl":"https:\/\/salondata.fr\/wp-content\/uploads\/2019\/06\/SD_LogoMacaron_2_Positif.jpg","width":1180,"height":959,"caption":"Salon de la DATA"},"image":{"@id":"https:\/\/salondata.fr\/#\/schema\/logo\/image\/"},"sameAs":["https:\/\/x.com\/SalonData","https:\/\/www.youtube.com\/channel\/UCZdnpbTbaMrXtRcBh16UPpQ"]}]}},"_links":{"self":[{"href":"https:\/\/salondata.fr\/index.php\/wp-json\/wp\/v2\/pages\/5267","targetHints":{"allow":["GET"]}}],"collection":[{"href":"https:\/\/salondata.fr\/index.php\/wp-json\/wp\/v2\/pages"}],"about":[{"href":"https:\/\/salondata.fr\/index.php\/wp-json\/wp\/v2\/types\/page"}],"author":[{"embeddable":true,"href":"https:\/\/salondata.fr\/index.php\/wp-json\/wp\/v2\/users\/12"}],"replies":[{"embeddable":true,"href":"https:\/\/salondata.fr\/index.php\/wp-json\/wp\/v2\/comments?post=5267"}],"version-history":[{"count":4,"href":"https:\/\/salondata.fr\/index.php\/wp-json\/wp\/v2\/pages\/5267\/revisions"}],"predecessor-version":[{"id":10542,"href":"https:\/\/salondata.fr\/index.php\/wp-json\/wp\/v2\/pages\/5267\/revisions\/10542"}],"wp:attachment":[{"href":"https:\/\/salondata.fr\/index.php\/wp-json\/wp\/v2\/media?parent=5267"}],"curies":[{"name":"wp","href":"https:\/\/api.w.org\/{rel}","templated":true}]}}