{"id":6673,"date":"2022-09-11T18:44:09","date_gmt":"2022-09-11T16:44:09","guid":{"rendered":"https:\/\/salondata.fr\/?page_id=6673"},"modified":"2023-07-09T20:09:11","modified_gmt":"2023-07-09T18:09:11","slug":"demarche-eco-respondable","status":"publish","type":"page","link":"https:\/\/salondata.fr\/index.php\/demarche-eco-respondable\/","title":{"rendered":"Une d\u00e9marche \u00e9co-responsable"},"content":{"rendered":"\t\t<div data-elementor-type=\"wp-post\" data-elementor-id=\"6673\" class=\"elementor elementor-6673\" data-elementor-post-type=\"page\">\n\t\t\t\t\t\t<section class=\"elementor-section elementor-top-section elementor-element elementor-element-99ecbe5 elementor-section-boxed elementor-section-height-default elementor-section-height-default\" data-id=\"99ecbe5\" data-element_type=\"section\">\n\t\t\t\t\t\t<div class=\"elementor-container elementor-column-gap-default\">\n\t\t\t\t\t<div class=\"elementor-column elementor-col-50 elementor-top-column elementor-element elementor-element-f63a8cc\" data-id=\"f63a8cc\" data-element_type=\"column\">\n\t\t\t<div class=\"elementor-widget-wrap elementor-element-populated\">\n\t\t\t\t\t\t<div class=\"elementor-element elementor-element-e2e3c44 elementor-widget elementor-widget-text-editor\" data-id=\"e2e3c44\" data-element_type=\"widget\" data-widget_type=\"text-editor.default\">\n\t\t\t\t<div class=\"elementor-widget-container\">\n\t\t\t\t\t\t\t\t\t<p><span style=\"color: #a52c41;\"><strong>&gt; <a href=\"https:\/\/salondata.fr\/index.php\/acces-cite\/\">Acc\u00e8s aux informations pratiques<\/a><\/strong><\/span><\/p>\t\t\t\t\t\t\t\t<\/div>\n\t\t\t\t<\/div>\n\t\t\t\t<div class=\"elementor-element elementor-element-6068767 elementor-widget elementor-widget-text-editor\" data-id=\"6068767\" data-element_type=\"widget\" data-widget_type=\"text-editor.default\">\n\t\t\t\t<div class=\"elementor-widget-container\">\n\t\t\t\t\t\t\t\t\t<p><span style=\"color: #a52c41;\"><strong>&gt; <a href=\"https:\/\/salondata.fr\/index.php\/charte-bonne-conduite\/\">La charte de bonne conduite<\/a><\/strong><\/span><\/p>\t\t\t\t\t\t\t\t<\/div>\n\t\t\t\t<\/div>\n\t\t\t\t\t<\/div>\n\t\t<\/div>\n\t\t\t\t<div class=\"elementor-column elementor-col-50 elementor-top-column elementor-element elementor-element-436215b\" data-id=\"436215b\" data-element_type=\"column\">\n\t\t\t<div class=\"elementor-widget-wrap elementor-element-populated\">\n\t\t\t\t\t\t<div class=\"elementor-element elementor-element-4486df1 elementor-widget elementor-widget-text-editor\" data-id=\"4486df1\" data-element_type=\"widget\" data-widget_type=\"text-editor.default\">\n\t\t\t\t<div class=\"elementor-widget-container\">\n\t\t\t\t\t\t\t\t\t<p style=\"text-align: left;\"><span style=\"color: #a52c41;\"><strong>&gt; <a href=\"https:\/\/salondata.fr\/index.php\/acces-cite\/\">Acc\u00e8s \u00e0 la Cit\u00e9 des Congr\u00e8s de Nantes<\/a><\/strong><\/span><\/p>\t\t\t\t\t\t\t\t<\/div>\n\t\t\t\t<\/div>\n\t\t\t\t\t<\/div>\n\t\t<\/div>\n\t\t\t\t\t<\/div>\n\t\t<\/section>\n\t\t\t\t<section class=\"elementor-section elementor-top-section elementor-element elementor-element-aa58deb elementor-section-boxed elementor-section-height-default elementor-section-height-default\" data-id=\"aa58deb\" data-element_type=\"section\">\n\t\t\t\t\t\t<div class=\"elementor-container elementor-column-gap-default\">\n\t\t\t\t\t<div class=\"elementor-column elementor-col-33 elementor-top-column elementor-element elementor-element-12c2381\" data-id=\"12c2381\" data-element_type=\"column\">\n\t\t\t<div class=\"elementor-widget-wrap elementor-element-populated\">\n\t\t\t\t\t\t<div class=\"elementor-element elementor-element-9e6c81e elementor-widget elementor-widget-image\" data-id=\"9e6c81e\" data-element_type=\"widget\" data-widget_type=\"image.default\">\n\t\t\t\t<div class=\"elementor-widget-container\">\n\t\t\t\t\t\t\t\t\t\t\t\t\t\t\t<img decoding=\"async\" width=\"96\" height=\"96\" src=\"https:\/\/salondata.fr\/wp-content\/uploads\/2022\/09\/logo_eco-engage2.png\" class=\"attachment-large size-large wp-image-6682\" alt=\"\" \/>\t\t\t\t\t\t\t\t\t\t\t\t\t\t\t<\/div>\n\t\t\t\t<\/div>\n\t\t\t\t\t<\/div>\n\t\t<\/div>\n\t\t\t\t<div class=\"elementor-column elementor-col-66 elementor-top-column elementor-element elementor-element-d50b54d\" data-id=\"d50b54d\" data-element_type=\"column\">\n\t\t\t<div class=\"elementor-widget-wrap elementor-element-populated\">\n\t\t\t\t\t\t<div class=\"elementor-element elementor-element-8d84d77 elementor-widget elementor-widget-heading\" data-id=\"8d84d77\" data-element_type=\"widget\" data-widget_type=\"heading.default\">\n\t\t\t\t<div class=\"elementor-widget-container\">\n\t\t\t\t\t<h3 class=\"elementor-heading-title elementor-size-large\">UNE D&Eacute;MARCHE &Eacute;CO-RESPONSABLE<\/h3>\t\t\t\t<\/div>\n\t\t\t\t<\/div>\n\t\t\t\t\t<\/div>\n\t\t<\/div>\n\t\t\t\t\t<\/div>\n\t\t<\/section>\n\t\t\t\t<section class=\"elementor-section elementor-top-section elementor-element elementor-element-0df3b4c elementor-section-boxed elementor-section-height-default elementor-section-height-default\" data-id=\"0df3b4c\" data-element_type=\"section\">\n\t\t\t\t\t\t<div class=\"elementor-container elementor-column-gap-default\">\n\t\t\t\t\t<div class=\"elementor-column elementor-col-100 elementor-top-column elementor-element elementor-element-b5f9ddf\" data-id=\"b5f9ddf\" data-element_type=\"column\">\n\t\t\t<div class=\"elementor-widget-wrap elementor-element-populated\">\n\t\t\t\t\t\t<div class=\"elementor-element elementor-element-fe63336 elementor-widget elementor-widget-text-editor\" data-id=\"fe63336\" data-element_type=\"widget\" data-widget_type=\"text-editor.default\">\n\t\t\t\t<div class=\"elementor-widget-container\">\n\t\t\t\t\t\t\t\t\t<p>Cette ann\u00e9e le salon de la DATA rentre dans une d\u00e9marche \u00e9co-responsable.<\/p><p>Concilier \u00e9v\u00e9nementiel et \u00e9co-responsabilit\u00e9, c&rsquo;est l&rsquo;objectif de la\u00a0<strong><a href=\"https:\/\/nantesdigitalweek.com\" target=\"_blank\" rel=\"noopener\">Nantes Digital Week<\/a><\/strong>, et par cons\u00e9quent, c&rsquo;est aussi l&rsquo;objectif du Salon de la DATA.<\/p><p>L&rsquo;\u00e9quipe organisatrice a choisi de faire labelliser l&rsquo;\u00e9v\u00e9nement sur 33 engagements, dont vous trouverez le d\u00e9tail plus bas.<\/p><p>Par ces engagements, et dans un lieu d\u00e9j\u00e0 \u00e9co-responsable (eh oui, c&rsquo;est \u00e0 la <strong><a href=\"https:\/\/lacite-nantes.fr\/public.html\" target=\"_blank\" rel=\"noopener\">Cit\u00e9 des Congr\u00e8s de Nantes<\/a><\/strong> \ud83d\ude09), nous mettons l&rsquo;accent sur quelques bonnes pratiques :<\/p><ul><li style=\"list-style-type: none;\"><ul><li style=\"list-style-type: none;\"><ul><li>Privil\u00e9giez les transports en commun : consultez le site de la <span style=\"text-decoration: underline;\"><strong><a href=\"https:\/\/www.tan.fr\/\" target=\"_blank\" rel=\"noopener\">TAN<\/a><\/strong><\/span>.\u00a0<\/li><li>Utilisez les pistes cyclables si vous venez en v\u00e9lo ou en trotinette : des<span style=\"text-decoration: underline;\"><strong><a href=\"https:\/\/www.bicloo.nantesmetropole.fr\/fr\/mapping\" target=\"_blank\" rel=\"noopener\"> parkings \u00e0 v\u00e9lo<\/a><\/strong><\/span> sont \u00e0 proximit\u00e9 de la cit\u00e9 des Congr\u00e8s.<\/li><li>Ou bien pensez \u00e0 faire du covoiturage pour vous rendre au salon de la DATA&#8230;<\/li><li>&#8230;<\/li><li>Et si vous vous rendez au salon en avion, pensez \u00e0 compenser vos \u00e9missions carbones en consultant les sites suivants<ul><li><a href=\"https:\/\/co2.myclimate.org\/fr\/flight_calculators\/new\" target=\"_blank\" rel=\"noopener\">https:\/\/co2.myclimate.org\/fr\/flight_calculators\/new<\/a><\/li><li><a href=\"https:\/\/www.greentripper.org\/fr?CalculatorOnly=1\" target=\"_blank\" rel=\"noopener\">https:\/\/www.greentripper.org\/fr?CalculatorOnly=1<\/a><\/li><li><a href=\"https:\/\/www.goodplanet.org\/fr\/agir-a-nos-cotes\/calculer-contribuer-a-la-neutralite-carbone\/je-contribue-a-la-lutte-contre-le-changement-climatique\/\" target=\"_blank\" rel=\"noopener\">https:\/\/www.goodplanet.org\/fr\/agir-a-nos-cotes\/calculer-contribuer-a-la-neutralite-carbone\/je-contribue-a-la-lutte-contre-le-changement-climatique\/<\/a><\/li><li><a href=\"https:\/\/ecotree.green\/calculer-co2-vol\" target=\"_blank\" rel=\"noopener\">https:\/\/ecotree.green\/calculer-co2-vol<\/a><\/li><\/ul><\/li><\/ul><\/li><\/ul><\/li><\/ul><p>En s&rsquo;engageant dans cette d\u00e9marche, le salon proposera une pause d\u00e9jeunatoire \u00e0 partir de vaisselle r\u00e9utilisable, avec possibilit\u00e9 de menu v\u00e9g\u00e9tarien et sans gluten. Le Salon de la DATA s&rsquo;engage \u00e9galement \u00e0 vous proposer une restauration avec des produits locaux autant que possible !<\/p><p>Et bien s\u00fbr, il y aura certainement des restes, alors le salon de la DATA s&rsquo;engage \u00e0 redistribuer le non consomm\u00e9 !<\/p>\t\t\t\t\t\t\t\t<\/div>\n\t\t\t\t<\/div>\n\t\t\t\t\t<\/div>\n\t\t<\/div>\n\t\t\t\t\t<\/div>\n\t\t<\/section>\n\t\t\t\t<section class=\"elementor-section elementor-top-section elementor-element elementor-element-5f35447 elementor-section-boxed elementor-section-height-default elementor-section-height-default\" data-id=\"5f35447\" data-element_type=\"section\">\n\t\t\t\t\t\t<div class=\"elementor-container elementor-column-gap-default\">\n\t\t\t\t\t<div class=\"elementor-column elementor-col-100 elementor-top-column elementor-element elementor-element-c3349e4\" data-id=\"c3349e4\" data-element_type=\"column\">\n\t\t\t<div class=\"elementor-widget-wrap elementor-element-populated\">\n\t\t\t\t\t\t<div class=\"elementor-element elementor-element-4982556 elementor-widget elementor-widget-text-editor\" data-id=\"4982556\" data-element_type=\"widget\" data-widget_type=\"text-editor.default\">\n\t\t\t\t<div class=\"elementor-widget-container\">\n\t\t\t\t\t\t\t\t\t<h2>Les 33 engagements<\/h2>\t\t\t\t\t\t\t\t<\/div>\n\t\t\t\t<\/div>\n\t\t\t\t\t<\/div>\n\t\t<\/div>\n\t\t\t\t\t<\/div>\n\t\t<\/section>\n\t\t\t\t<section class=\"elementor-section elementor-top-section elementor-element elementor-element-6ed0df5 elementor-section-boxed elementor-section-height-default elementor-section-height-default\" data-id=\"6ed0df5\" data-element_type=\"section\">\n\t\t\t\t\t\t<div class=\"elementor-container elementor-column-gap-default\">\n\t\t\t\t\t<div class=\"elementor-column elementor-col-100 elementor-top-column elementor-element elementor-element-0821a3c\" data-id=\"0821a3c\" data-element_type=\"column\">\n\t\t\t<div class=\"elementor-widget-wrap elementor-element-populated\">\n\t\t\t\t\t\t<div class=\"elementor-element elementor-element-dd475c3 elementor-widget elementor-widget-text-editor\" data-id=\"dd475c3\" data-element_type=\"widget\" data-widget_type=\"text-editor.default\">\n\t\t\t\t<div class=\"elementor-widget-container\">\n\t\t\t\t\t\t\t\t\t<ol>\n<li>Inciter le public \u00e0 faire du covoiturage et lui proposer un outil pour ce faire<\/li>\n<li>Informer le public sur les acc\u00e8s aux pistes cyclables et les dispositifs mis en place sur l&rsquo;\u00e9v\u00e9nement<\/li>\n<li>Informer le public sur les acc\u00e8s en transport en commun et leurs horaires<\/li>\n<li>Pr\u00e9voir une enqu\u00eate relative aux transports aupr\u00e8s du public (origine des visiteurs, moyen de transport utilis\u00e9&#8230;)<\/li>\n<li>Proposer syst\u00e9matiquement \u00e0 ses participants a\u00e9riens de compenser leurs \u00e9missions<\/li>\n<li>Proposer une retransmission\/ enregistrement de mon \u00e9v\u00e9nement en ligne<\/li>\n<li>Mettre en place un plan d&rsquo;actions de lutte contre le gaspillage alimentaire<\/li>\n<li>Avoir mis en place un syst\u00e8me de redistribution\/don des non consomm\u00e9s\/invendus alimentaires.<\/li>\n<li>Les plats sont fait maison \u00e0 base de produits frais<\/li>\n<li>Proposer un menu bas carbone dont les \u00e9missions GES sont inf\u00e9rieures \u00e0 2500g<\/li>\n<li>R\u00e9aliser et communiquer un bilan avec des crit\u00e8res environnementaux de la manifestation<\/li>\n<li>Faire le choix d\u2019une banque solidaire<\/li>\n<li>Nommer un r\u00e9f\u00e9rent d\u00e9veloppement durable<\/li>\n<li>D\u00e9dier une enveloppe aux actions transition \u00e9cologique dans le budget de l&rsquo;\u00e9v\u00e9nement<\/li>\n<li>Une action significative en faveur du bien-\u00eatre des \u00e9quipes (salari\u00e9s \/ b\u00e9n\u00e9voles\/ stagiaires)<\/li>\n<li>Minimiser l\u2019usage de groupes \u00e9lectrog\u00e8nes \u00e0 \u00e9nergie fossile exclusive<\/li>\n<li>Limiter et optimiser au maximum les impressions (recto\/verso, peu d&rsquo;encrage, format standard pour \u00e9viter les pertes de d\u00e9coupe&#8230;)<\/li>\n<li>Utiliser des supports et moyens d&rsquo;impressions \u00e9co-con\u00e7us<\/li>\n<li>Avoir une sc\u00e9nographie d\u00e9montable et r\u00e9utilisable<\/li>\n<li>V\u00e9rifier si le site fait l&rsquo;objet d&rsquo;une protection particuli\u00e8re<\/li>\n<li>S&rsquo;assurer de la remise en l&rsquo;\u00e9tat du lieu \u00e0 l&rsquo;issue de l&rsquo;\u00e9v\u00e9nement (il n&rsquo;y a plus de d\u00e9chets sur le site, pas d&rsquo;am\u00e9nagements en dur\u2026)<\/li>\n<li>Une signal\u00e9tique informe et sensibilise le public sur les dispositifs (tri, v\u00e9lo, accessibilit\u00e9&#8230;) mis en place<\/li>\n<li>Mes campagnes en ligne comportent un volet de sensibilisation environnementale<\/li>\n<li>Proposer au public un moyen de me faire des propositions d&rsquo;am\u00e9liorations sur la d\u00e9marche \u00e9co \u00e9v\u00e9nement<\/li>\n<li>Nommer \/ former un r\u00e9f\u00e9rent accessibilit\u00e9<\/li>\n<li>V\u00e9rifier \/ diagnostiquer l&rsquo;accessibilit\u00e9 effective du site<\/li>\n<li>Mettre en place une tarification li\u00e9e aux ressources<\/li>\n<li>Mettre en place 1 action (au moins) favorisant l&rsquo;accessibilit\u00e9 aux personnes \u00e2g\u00e9es<\/li>\n<li>Une action significative de parit\u00e9 sur la sc\u00e8ne \/ missions de repr\u00e9sentation<\/li>\n<li>Z\u00e9ro gobelet plastique jetable (PLA y compris)<\/li>\n<li>Proposer un tri des d\u00e9chets recyclables et verre en zone publique<\/li>\n<li>Trier les biod\u00e9chets en zone publique<\/li>\n<li>Remplacer la vaisselle jetable (contenants, couverts, pailles) par de la vaisselle r\u00e9utilisable ou compostable&nbsp;<\/li>\n<\/ol>\t\t\t\t\t\t\t\t<\/div>\n\t\t\t\t<\/div>\n\t\t\t\t\t<\/div>\n\t\t<\/div>\n\t\t\t\t\t<\/div>\n\t\t<\/section>\n\t\t\t\t<section class=\"elementor-section elementor-top-section elementor-element elementor-element-be2659b elementor-section-boxed elementor-section-height-default elementor-section-height-default\" data-id=\"be2659b\" data-element_type=\"section\">\n\t\t\t\t\t\t<div class=\"elementor-container elementor-column-gap-default\">\n\t\t\t\t\t<div class=\"elementor-column elementor-col-100 elementor-top-column elementor-element elementor-element-7bbf739\" data-id=\"7bbf739\" data-element_type=\"column\">\n\t\t\t<div class=\"elementor-widget-wrap elementor-element-populated\">\n\t\t\t\t\t\t<div class=\"elementor-element elementor-element-d25ea85 elementor-widget elementor-widget-text-editor\" data-id=\"d25ea85\" data-element_type=\"widget\" data-widget_type=\"text-editor.default\">\n\t\t\t\t<div class=\"elementor-widget-container\">\n\t\t\t\t\t\t\t\t\t<h2 id=\"FAQ_ECO-RESPONSABLE\" style=\"text-align: center;\">Foire aux questions<\/h2>\t\t\t\t\t\t\t\t<\/div>\n\t\t\t\t<\/div>\n\t\t\t\t\t<\/div>\n\t\t<\/div>\n\t\t\t\t\t<\/div>\n\t\t<\/section>\n\t\t\t\t<section class=\"elementor-section elementor-top-section elementor-element elementor-element-dd965c8 elementor-section-boxed elementor-section-height-default elementor-section-height-default\" data-id=\"dd965c8\" data-element_type=\"section\">\n\t\t\t\t\t\t<div class=\"elementor-container elementor-column-gap-default\">\n\t\t\t\t\t<div class=\"elementor-column elementor-col-100 elementor-top-column elementor-element elementor-element-4e3d8f3\" data-id=\"4e3d8f3\" data-element_type=\"column\">\n\t\t\t<div class=\"elementor-widget-wrap elementor-element-populated\">\n\t\t\t\t\t\t<div class=\"elementor-element elementor-element-cd58587 elementor-widget elementor-widget-text-editor\" data-id=\"cd58587\" data-element_type=\"widget\" data-widget_type=\"text-editor.default\">\n\t\t\t\t<div class=\"elementor-widget-container\">\n\t\t\t\t\t\t\t\t\t<p><strong><span style=\"color: #0d1c4f;\">Je suis v\u00e9g\u00e9tarien, des repas adapt\u00e9s sont-ils pr\u00e9vus ?<\/span><\/strong><br \/>Oui, dans le cadre de la labellisation, le Salon de la DATA proposera des repas \u00e9labor\u00e9s par des traiteurs sp\u00e9cialis\u00e9s dans le bio. 3 types de menus vous seront propos\u00e9s respectivement \u00e0 base de poulet, porc et v\u00e9g\u00e9tarien.<\/p><p><strong><span style=\"color: #0d1c4f;\">Je souhaiterai venir \u00e0 v\u00e9lo, y a-t-il des parkings \u00e0 proximit\u00e9 pour le garer ?<\/span><\/strong><br \/>Un parking de 18 places de v\u00e9lo se situe juste devant la cit\u00e9 des Congr\u00e9s. Pour le localiser, vous pouvez consulter la <strong>carte des stationnements v\u00e9lo<\/strong> sur Nantes en cliquant sur ce <strong><a href=\"https:\/\/www.bicloo.nantesmetropole.fr\/fr\/mapping\" target=\"_blank\" rel=\"noopener\">lien<\/a><\/strong>.<\/p><p><strong><span style=\"color: #0d1c4f;\">Puis-je me rendre au salon en transport en commun ?<\/span><\/strong><br \/>Oui, un arr\u00eat de bus se situe a proximit\u00e9 de la Cit\u00e9 des Congr\u00e9s. Pour en savoir plus, consultez le <strong>site des transports de l&rsquo;agglom\u00e9ration nantaise<\/strong> par ce <strong><a href=\"https:\/\/www.tan.fr\/\" target=\"_blank\" rel=\"noopener\">lien<\/a><\/strong>.<\/p><p><strong><span style=\"color: #0d1c4f;\">Quels sont les modalit\u00e9s d&rsquo;acc\u00e8s mises en place\u00a0 pour des personnes \u00e0 mobilit\u00e9 r\u00e9duite ?<\/span><\/strong><br \/><span style=\"color: #0d1c4f;\">Le salon se situe, cette ann\u00e9e, au rez de chauss\u00e9e, accessible sans escalier, et via une rampe. Les portes peuvent \u00eatre difficiles \u00e0 ouvrir, mais les personnes \u00e0 l&rsquo;entr\u00e9e se feront un plaisir de vous aider.<\/span><\/p>\t\t\t\t\t\t\t\t<\/div>\n\t\t\t\t<\/div>\n\t\t\t\t\t<\/div>\n\t\t<\/div>\n\t\t\t\t\t<\/div>\n\t\t<\/section>\n\t\t\t\t<\/div>\n\t\t","protected":false},"excerpt":{"rendered":"<p>&gt; Acc\u00e8s aux informations pratiques &gt; La charte de bonne conduite &gt; Acc\u00e8s \u00e0 la Cit\u00e9 des Congr\u00e8s de Nantes UNE D&Eacute;MARCHE &Eacute;CO-RESPONSABLE Cette ann\u00e9e le salon de la DATA rentre dans une d\u00e9marche \u00e9co-responsable. Concilier \u00e9v\u00e9nementiel et \u00e9co-responsabilit\u00e9, c&rsquo;est l&rsquo;objectif de la\u00a0Nantes Digital Week, et par cons\u00e9quent, c&rsquo;est aussi l&rsquo;objectif du Salon de la [&hellip;]<\/p>\n","protected":false},"author":12,"featured_media":0,"parent":0,"menu_order":0,"comment_status":"closed","ping_status":"closed","template":"","meta":{"ocean_post_layout":"","ocean_both_sidebars_style":"","ocean_both_sidebars_content_width":0,"ocean_both_sidebars_sidebars_width":0,"ocean_sidebar":"0","ocean_second_sidebar":"0","ocean_disable_margins":"enable","ocean_add_body_class":"","ocean_shortcode_before_top_bar":"","ocean_shortcode_after_top_bar":"","ocean_shortcode_before_header":"","ocean_shortcode_after_header":"","ocean_has_shortcode":"","ocean_shortcode_after_title":"","ocean_shortcode_before_footer_widgets":"","ocean_shortcode_after_footer_widgets":"","ocean_shortcode_before_footer_bottom":"","ocean_shortcode_after_footer_bottom":"","ocean_display_top_bar":"default","ocean_display_header":"default","ocean_header_style":"","ocean_center_header_left_menu":"0","ocean_custom_header_template":"0","ocean_custom_logo":0,"ocean_custom_retina_logo":0,"ocean_custom_logo_max_width":0,"ocean_custom_logo_tablet_max_width":0,"ocean_custom_logo_mobile_max_width":0,"ocean_custom_logo_max_height":0,"ocean_custom_logo_tablet_max_height":0,"ocean_custom_logo_mobile_max_height":0,"ocean_header_custom_menu":"0","ocean_menu_typo_font_family":"0","ocean_menu_typo_font_subset":"","ocean_menu_typo_font_size":0,"ocean_menu_typo_font_size_tablet":0,"ocean_menu_typo_font_size_mobile":0,"ocean_menu_typo_font_size_unit":"px","ocean_menu_typo_font_weight":"","ocean_menu_typo_font_weight_tablet":"","ocean_menu_typo_font_weight_mobile":"","ocean_menu_typo_transform":"","ocean_menu_typo_transform_tablet":"","ocean_menu_typo_transform_mobile":"","ocean_menu_typo_line_height":0,"ocean_menu_typo_line_height_tablet":0,"ocean_menu_typo_line_height_mobile":0,"ocean_menu_typo_line_height_unit":"","ocean_menu_typo_spacing":0,"ocean_menu_typo_spacing_tablet":0,"ocean_menu_typo_spacing_mobile":0,"ocean_menu_typo_spacing_unit":"","ocean_menu_link_color":"","ocean_menu_link_color_hover":"","ocean_menu_link_color_active":"","ocean_menu_link_background":"","ocean_menu_link_hover_background":"","ocean_menu_link_active_background":"","ocean_menu_social_links_bg":"","ocean_menu_social_hover_links_bg":"","ocean_menu_social_links_color":"","ocean_menu_social_hover_links_color":"","ocean_disable_title":"default","ocean_disable_heading":"default","ocean_post_title":"","ocean_post_subheading":"","ocean_post_title_style":"","ocean_post_title_background_color":"","ocean_post_title_background":0,"ocean_post_title_bg_image_position":"","ocean_post_title_bg_image_attachment":"","ocean_post_title_bg_image_repeat":"","ocean_post_title_bg_image_size":"","ocean_post_title_height":0,"ocean_post_title_bg_overlay":0.5,"ocean_post_title_bg_overlay_color":"","ocean_disable_breadcrumbs":"default","ocean_breadcrumbs_color":"","ocean_breadcrumbs_separator_color":"","ocean_breadcrumbs_links_color":"","ocean_breadcrumbs_links_hover_color":"","ocean_display_footer_widgets":"default","ocean_display_footer_bottom":"default","ocean_custom_footer_template":"0","footnotes":""},"class_list":["post-6673","page","type-page","status-publish","hentry","entry"],"yoast_head":"<!-- This site is optimized with the Yoast SEO plugin v26.5 - https:\/\/yoast.com\/wordpress\/plugins\/seo\/ -->\n<title>Une d\u00e9marche \u00e9co-responsable - Salon de la DATA<\/title>\n<meta name=\"robots\" content=\"index, follow, max-snippet:-1, max-image-preview:large, max-video-preview:-1\" \/>\n<link rel=\"canonical\" href=\"https:\/\/salondata.fr\/index.php\/demarche-eco-respondable\/\" \/>\n<meta property=\"og:locale\" content=\"fr_FR\" \/>\n<meta property=\"og:type\" content=\"article\" \/>\n<meta property=\"og:title\" content=\"Une d\u00e9marche \u00e9co-responsable - Salon de la DATA\" \/>\n<meta property=\"og:description\" content=\"&gt; Acc\u00e8s aux informations pratiques &gt; La charte de bonne conduite &gt; Acc\u00e8s \u00e0 la Cit\u00e9 des Congr\u00e8s de Nantes UNE D&Eacute;MARCHE &Eacute;CO-RESPONSABLE Cette ann\u00e9e le salon de la DATA rentre dans une d\u00e9marche \u00e9co-responsable. Concilier \u00e9v\u00e9nementiel et \u00e9co-responsabilit\u00e9, c&rsquo;est l&rsquo;objectif de la\u00a0Nantes Digital Week, et par cons\u00e9quent, c&rsquo;est aussi l&rsquo;objectif du Salon de la [&hellip;]\" \/>\n<meta property=\"og:url\" content=\"https:\/\/salondata.fr\/index.php\/demarche-eco-respondable\/\" \/>\n<meta property=\"og:site_name\" content=\"Salon de la DATA\" \/>\n<meta property=\"article:modified_time\" content=\"2023-07-09T18:09:11+00:00\" \/>\n<meta property=\"og:image\" content=\"https:\/\/salondata.fr\/wp-content\/uploads\/2022\/09\/logo_eco-engage2.png\" \/>\n<meta name=\"twitter:card\" content=\"summary_large_image\" \/>\n<meta name=\"twitter:site\" content=\"@SalonData\" \/>\n<meta name=\"twitter:label1\" content=\"Dur\u00e9e de lecture estim\u00e9e\" \/>\n\t<meta name=\"twitter:data1\" content=\"4 minutes\" \/>\n<script type=\"application\/ld+json\" class=\"yoast-schema-graph\">{\"@context\":\"https:\/\/schema.org\",\"@graph\":[{\"@type\":\"WebPage\",\"@id\":\"https:\/\/salondata.fr\/index.php\/demarche-eco-respondable\/\",\"url\":\"https:\/\/salondata.fr\/index.php\/demarche-eco-respondable\/\",\"name\":\"Une d\u00e9marche \u00e9co-responsable - Salon de la DATA\",\"isPartOf\":{\"@id\":\"https:\/\/salondata.fr\/#website\"},\"primaryImageOfPage\":{\"@id\":\"https:\/\/salondata.fr\/index.php\/demarche-eco-respondable\/#primaryimage\"},\"image\":{\"@id\":\"https:\/\/salondata.fr\/index.php\/demarche-eco-respondable\/#primaryimage\"},\"thumbnailUrl\":\"https:\/\/salondata.fr\/wp-content\/uploads\/2022\/09\/logo_eco-engage2.png\",\"datePublished\":\"2022-09-11T16:44:09+00:00\",\"dateModified\":\"2023-07-09T18:09:11+00:00\",\"breadcrumb\":{\"@id\":\"https:\/\/salondata.fr\/index.php\/demarche-eco-respondable\/#breadcrumb\"},\"inLanguage\":\"fr-FR\",\"potentialAction\":[{\"@type\":\"ReadAction\",\"target\":[\"https:\/\/salondata.fr\/index.php\/demarche-eco-respondable\/\"]}]},{\"@type\":\"ImageObject\",\"inLanguage\":\"fr-FR\",\"@id\":\"https:\/\/salondata.fr\/index.php\/demarche-eco-respondable\/#primaryimage\",\"url\":\"https:\/\/salondata.fr\/wp-content\/uploads\/2022\/09\/logo_eco-engage2.png\",\"contentUrl\":\"https:\/\/salondata.fr\/wp-content\/uploads\/2022\/09\/logo_eco-engage2.png\",\"width\":96,\"height\":96},{\"@type\":\"BreadcrumbList\",\"@id\":\"https:\/\/salondata.fr\/index.php\/demarche-eco-respondable\/#breadcrumb\",\"itemListElement\":[{\"@type\":\"ListItem\",\"position\":1,\"name\":\"Accueil\",\"item\":\"https:\/\/salondata.fr\/\"},{\"@type\":\"ListItem\",\"position\":2,\"name\":\"Une d\u00e9marche \u00e9co-responsable\"}]},{\"@type\":\"WebSite\",\"@id\":\"https:\/\/salondata.fr\/#website\",\"url\":\"https:\/\/salondata.fr\/\",\"name\":\"Salon de la DATA\",\"description\":\"Un salon par et pour les passionn\u00e9s de la data\",\"publisher\":{\"@id\":\"https:\/\/salondata.fr\/#organization\"},\"potentialAction\":[{\"@type\":\"SearchAction\",\"target\":{\"@type\":\"EntryPoint\",\"urlTemplate\":\"https:\/\/salondata.fr\/?s={search_term_string}\"},\"query-input\":{\"@type\":\"PropertyValueSpecification\",\"valueRequired\":true,\"valueName\":\"search_term_string\"}}],\"inLanguage\":\"fr-FR\"},{\"@type\":\"Organization\",\"@id\":\"https:\/\/salondata.fr\/#organization\",\"name\":\"Salon de la DATA\",\"url\":\"https:\/\/salondata.fr\/\",\"logo\":{\"@type\":\"ImageObject\",\"inLanguage\":\"fr-FR\",\"@id\":\"https:\/\/salondata.fr\/#\/schema\/logo\/image\/\",\"url\":\"https:\/\/salondata.fr\/wp-content\/uploads\/2019\/06\/SD_LogoMacaron_2_Positif.jpg\",\"contentUrl\":\"https:\/\/salondata.fr\/wp-content\/uploads\/2019\/06\/SD_LogoMacaron_2_Positif.jpg\",\"width\":1180,\"height\":959,\"caption\":\"Salon de la DATA\"},\"image\":{\"@id\":\"https:\/\/salondata.fr\/#\/schema\/logo\/image\/\"},\"sameAs\":[\"https:\/\/x.com\/SalonData\",\"https:\/\/www.youtube.com\/channel\/UCZdnpbTbaMrXtRcBh16UPpQ\"]}]}<\/script>\n<!-- \/ Yoast SEO plugin. -->","yoast_head_json":{"title":"Une d\u00e9marche \u00e9co-responsable - Salon de la DATA","robots":{"index":"index","follow":"follow","max-snippet":"max-snippet:-1","max-image-preview":"max-image-preview:large","max-video-preview":"max-video-preview:-1"},"canonical":"https:\/\/salondata.fr\/index.php\/demarche-eco-respondable\/","og_locale":"fr_FR","og_type":"article","og_title":"Une d\u00e9marche \u00e9co-responsable - Salon de la DATA","og_description":"&gt; Acc\u00e8s aux informations pratiques &gt; La charte de bonne conduite &gt; Acc\u00e8s \u00e0 la Cit\u00e9 des Congr\u00e8s de Nantes UNE D&Eacute;MARCHE &Eacute;CO-RESPONSABLE Cette ann\u00e9e le salon de la DATA rentre dans une d\u00e9marche \u00e9co-responsable. Concilier \u00e9v\u00e9nementiel et \u00e9co-responsabilit\u00e9, c&rsquo;est l&rsquo;objectif de la\u00a0Nantes Digital Week, et par cons\u00e9quent, c&rsquo;est aussi l&rsquo;objectif du Salon de la [&hellip;]","og_url":"https:\/\/salondata.fr\/index.php\/demarche-eco-respondable\/","og_site_name":"Salon de la DATA","article_modified_time":"2023-07-09T18:09:11+00:00","og_image":[{"url":"https:\/\/salondata.fr\/wp-content\/uploads\/2022\/09\/logo_eco-engage2.png","type":"","width":"","height":""}],"twitter_card":"summary_large_image","twitter_site":"@SalonData","twitter_misc":{"Dur\u00e9e de lecture estim\u00e9e":"4 minutes"},"schema":{"@context":"https:\/\/schema.org","@graph":[{"@type":"WebPage","@id":"https:\/\/salondata.fr\/index.php\/demarche-eco-respondable\/","url":"https:\/\/salondata.fr\/index.php\/demarche-eco-respondable\/","name":"Une d\u00e9marche \u00e9co-responsable - Salon de la DATA","isPartOf":{"@id":"https:\/\/salondata.fr\/#website"},"primaryImageOfPage":{"@id":"https:\/\/salondata.fr\/index.php\/demarche-eco-respondable\/#primaryimage"},"image":{"@id":"https:\/\/salondata.fr\/index.php\/demarche-eco-respondable\/#primaryimage"},"thumbnailUrl":"https:\/\/salondata.fr\/wp-content\/uploads\/2022\/09\/logo_eco-engage2.png","datePublished":"2022-09-11T16:44:09+00:00","dateModified":"2023-07-09T18:09:11+00:00","breadcrumb":{"@id":"https:\/\/salondata.fr\/index.php\/demarche-eco-respondable\/#breadcrumb"},"inLanguage":"fr-FR","potentialAction":[{"@type":"ReadAction","target":["https:\/\/salondata.fr\/index.php\/demarche-eco-respondable\/"]}]},{"@type":"ImageObject","inLanguage":"fr-FR","@id":"https:\/\/salondata.fr\/index.php\/demarche-eco-respondable\/#primaryimage","url":"https:\/\/salondata.fr\/wp-content\/uploads\/2022\/09\/logo_eco-engage2.png","contentUrl":"https:\/\/salondata.fr\/wp-content\/uploads\/2022\/09\/logo_eco-engage2.png","width":96,"height":96},{"@type":"BreadcrumbList","@id":"https:\/\/salondata.fr\/index.php\/demarche-eco-respondable\/#breadcrumb","itemListElement":[{"@type":"ListItem","position":1,"name":"Accueil","item":"https:\/\/salondata.fr\/"},{"@type":"ListItem","position":2,"name":"Une d\u00e9marche \u00e9co-responsable"}]},{"@type":"WebSite","@id":"https:\/\/salondata.fr\/#website","url":"https:\/\/salondata.fr\/","name":"Salon de la DATA","description":"Un salon par et pour les passionn\u00e9s de la data","publisher":{"@id":"https:\/\/salondata.fr\/#organization"},"potentialAction":[{"@type":"SearchAction","target":{"@type":"EntryPoint","urlTemplate":"https:\/\/salondata.fr\/?s={search_term_string}"},"query-input":{"@type":"PropertyValueSpecification","valueRequired":true,"valueName":"search_term_string"}}],"inLanguage":"fr-FR"},{"@type":"Organization","@id":"https:\/\/salondata.fr\/#organization","name":"Salon de la DATA","url":"https:\/\/salondata.fr\/","logo":{"@type":"ImageObject","inLanguage":"fr-FR","@id":"https:\/\/salondata.fr\/#\/schema\/logo\/image\/","url":"https:\/\/salondata.fr\/wp-content\/uploads\/2019\/06\/SD_LogoMacaron_2_Positif.jpg","contentUrl":"https:\/\/salondata.fr\/wp-content\/uploads\/2019\/06\/SD_LogoMacaron_2_Positif.jpg","width":1180,"height":959,"caption":"Salon de la DATA"},"image":{"@id":"https:\/\/salondata.fr\/#\/schema\/logo\/image\/"},"sameAs":["https:\/\/x.com\/SalonData","https:\/\/www.youtube.com\/channel\/UCZdnpbTbaMrXtRcBh16UPpQ"]}]}},"_links":{"self":[{"href":"https:\/\/salondata.fr\/index.php\/wp-json\/wp\/v2\/pages\/6673","targetHints":{"allow":["GET"]}}],"collection":[{"href":"https:\/\/salondata.fr\/index.php\/wp-json\/wp\/v2\/pages"}],"about":[{"href":"https:\/\/salondata.fr\/index.php\/wp-json\/wp\/v2\/types\/page"}],"author":[{"embeddable":true,"href":"https:\/\/salondata.fr\/index.php\/wp-json\/wp\/v2\/users\/12"}],"replies":[{"embeddable":true,"href":"https:\/\/salondata.fr\/index.php\/wp-json\/wp\/v2\/comments?post=6673"}],"version-history":[{"count":6,"href":"https:\/\/salondata.fr\/index.php\/wp-json\/wp\/v2\/pages\/6673\/revisions"}],"predecessor-version":[{"id":7316,"href":"https:\/\/salondata.fr\/index.php\/wp-json\/wp\/v2\/pages\/6673\/revisions\/7316"}],"wp:attachment":[{"href":"https:\/\/salondata.fr\/index.php\/wp-json\/wp\/v2\/media?parent=6673"}],"curies":[{"name":"wp","href":"https:\/\/api.w.org\/{rel}","templated":true}]}}